{"id":19096,"date":"2015-04-10T09:57:53","date_gmt":"2015-04-10T09:57:53","guid":{"rendered":"http:\/\/www.senderosdelapalma.es\/?page_id=19096"},"modified":"2025-05-19T13:13:42","modified_gmt":"2025-05-19T13:13:42","slug":"pr-lp-10-la-traviesa-la-mata-mirador-de-hoya-grande","status":"publish","type":"page","link":"https:\/\/www.senderosdelapalma.es\/fr\/reseau-de-sentiers\/sentier-de-petit-parcours\/pr-lp-10-la-traviesa-la-mata-mirador-de-hoya-grande\/","title":{"rendered":"PR LP 10. La Traviesa: La Mata &#8211; Mirador de Hoya Grande"},"content":{"rendered":"<section class=\"wpb-content-wrapper\"><p>[vc_row row_type=\u00a0\u00bbrow\u00a0\u00bb type=\u00a0\u00bbgrid\u00a0\u00bb text_align=\u00a0\u00bbcenter\u00a0\u00bb background_image_as_pattern=\u00a0\u00bbwithout_pattern\u00a0\u00bb padding_top=\u00a0\u00bb48&Prime; padding_bottom=\u00a0\u00bb48&Prime;][vc_column width=\u00a0\u00bb1\/1&Prime;][vc_column_text]<\/p>\n<h3 style=\"text-align: center;\">PR LP 10. LA TRAVIESA: LA MATA &#8211; MIRADOR DE HOYA GRANDE<\/h3>\n<p>[\/vc_column_text][\/vc_column][\/vc_row][vc_row type=\u00a0\u00bbgrid\u00a0\u00bb][vc_column width=\u00a0\u00bb1\/2&Prime;][vc_separator type=\u00a0\u00bbtransparent\u00a0\u00bb up=\u00a0\u00bb10&Prime; down=\u00a0\u00bb10&Prime;][vc_single_image image=\u00a0\u00bb354&Prime; img_size=\u00a0\u00bbfull\u00a0\u00bb alignment=\u00a0\u00bbcenter\u00a0\u00bb img_link_large=\u00a0\u00bbyes\u00a0\u00bb][vc_separator type=\u00a0\u00bbtransparent\u00a0\u00bb up=\u00a0\u00bb10&Prime; down=\u00a0\u00bb20&Prime;][vc_gmaps link=\u00a0\u00bb#E-8_JTNDaWZyYW1lJTIwc3JjJTNEJTIyaHR0cHMlM0ElMkYlMkZ3d3cuZ29vZ2xlLmNvbSUyRm1hcHMlMkZkJTJGZW1iZWQlM0ZtaWQlM0QxcHFkYlhKOW95aFpoSElJNkZiWEt4WHB0TkUtaGN0NCUyNmhsJTNEZXMlMjZlaGJjJTNEMkUzMTJGJTIyJTIwd2lkdGglM0QlMjIxMDAlMjUlMjIlMjBoZWlnaHQlM0QlMjIzNjElMjIlM0UlM0MlMkZpZnJhbWUlM0U=\u00a0\u00bb][vc_separator type=\u00a0\u00bbtransparent\u00a0\u00bb up=\u00a0\u00bb10&Prime; down=\u00a0\u00bb20&Prime;]<a href=\"http:\/\/www.senderosdelapalma.es\/wp-content\/uploads\/gpx\/PRLP1000.zip\" target=\"_blank\" data-hover-background-color=#4aa946 data-hover-border-color=#4aa946 data-hover-color=#ffffff class=\"qbutton  small center\" style=\"color: #ffffff; border-color: #000000; font-style: normal; font-weight: 500; margin: 3px 5px 3px 5px; background-color: #000000;\">D\u00e9charge<i class=\"fa fa-download\" style=\"color: #ffffff;\"><\/i><\/a><a href=\"https:\/\/www.senderosdelapalma.es\/mapa-visor-senderos\/\" target=\"_blank\" data-hover-background-color=#4aa946 data-hover-border-color=#4aa946 data-hover-color=#ffffff class=\"qbutton  small center\" style=\"color: #ffffff; border-color: #000000; font-style: normal; font-weight: 500; margin: 3px 5px 3px 5px; background-color: #000000;\">Carte des sentiers<i class=\"fa fa-download\" style=\"color: #ffffff;\"><\/i><\/a><a href=\"https:\/\/www.google.com\/maps\/d\/edit?mid=1pqdbXJ9oyhZhHII6FbXKxXptNE-hct4&amp;usp=sharing\" target=\"_blank\" data-hover-background-color=#4aa946 data-hover-border-color=#4aa946 data-hover-color=#ffffff class=\"qbutton  small center\" style=\"color: #ffffff; border-color: #000000; font-style: normal; font-weight: 500; margin: 3px 5px 3px 5px; background-color: #000000;\">Google map<i class=\"fa fa-download\" style=\"color: #ffffff;\"><\/i><\/a>[vc_separator type=\u00a0\u00bbtransparent\u00a0\u00bb up=\u00a0\u00bb20&Prime; down=\u00a0\u00bb20&Prime;][\/vc_column][vc_column width=\u00a0\u00bb1\/2&Prime;][vc_separator type=\u00a0\u00bbtransparent\u00a0\u00bb up=\u00a0\u00bb10&Prime; down=\u00a0\u00bb10&Prime;][vc_column_text]<\/p>\n<ul>\n<li style=\"text-align: justify;\"><strong>Point de d\u00e9part:<\/strong>\u00a0La Mata, Garaf\u00eda<\/li>\n<li style=\"text-align: justify;\"><strong>Point d&rsquo;arriv\u00e9e:<\/strong>\u00a0Hoya Grande viewpoint or Torre del Time (GR 131)<\/li>\n<li style=\"text-align: justify;\"><strong>Niveau de difficult\u00e9:<\/strong> Moyen.\u00a0The length of the path and the lack of inhabited areas along the route are the main difficulty. The path makes for easy going, a large part of it is on tracks but, despite staying roughly at the same height, the constant uphill and downhill sections amount to a large height difference overall and thus make the walk strenuous.<\/li>\n<li style=\"text-align: justify;\"><strong>Distance totale: <\/strong>31.3\u00a0kms.<\/li>\n<li style=\"text-align: justify;\"><strong>D\u00e9nivel\u00e9e positive: <\/strong>750\u00a0mt.<\/li>\n<li style=\"text-align: justify;\"><strong>D\u00e9nivel\u00e9e n\u00e9gative: <\/strong>790\u00a0mt.<\/li>\n<li style=\"text-align: justify;\"><strong>Dur\u00e9e pr\u00e9vue (aller): <\/strong>08:00 hrs.<\/li>\n<li style=\"text-align: justify;\"><strong>Dur\u00e9e pr\u00e9vue (retour): <\/strong>&#8211; hrs.<\/li>\n<li style=\"text-align: justify;\"><strong>P\u00e9riode Recommend\u00e9e:<\/strong>\u00a0All year round.<\/li>\n<li style=\"text-align: justify;\"><strong><strong><strong>Comment arriver au d\u00e9part?:\u00a0<\/strong><\/strong><\/strong>There is a bus service with a fairly complicated timetable which may fail to meet the requirements of walkers.<\/li>\n<li style=\"text-align: justify;\"><strong>Recommandations:<\/strong>\u00a0Habitual precautions common to hiking in general are listed below. At the risk of sounding obvious, here are some of the most important:\n<ul>\n<li style=\"text-align: justify;\">Check weather forecasts before setting off to hike.<\/li>\n<li style=\"text-align: justify;\">Don\u00b4t go alone<\/li>\n<li style=\"text-align: justify;\">Tell someone your intended destination and expected time of arrival<\/li>\n<li style=\"text-align: justify;\">Carry a small rucksack with warm clothing, waterproofs, food and plenty of water.<\/li>\n<li style=\"text-align: justify;\">Don\u00b4t forget such simple items as: sun hat, protective cream and sun glasses.<\/li>\n<li style=\"text-align: justify;\">Carry a mobile phone with fully-charged battery, a map and, if possible, a compass. They will probably never be used but, when required, are of vital importance.<\/li>\n<li style=\"text-align: justify;\">Wear suitable gear, especially footwear: trekking boots or similar are essential, trainers or pumps are to be avoided.<\/li>\n<\/ul>\n<\/li>\n<li style=\"text-align: justify;\"><strong><strong><strong>Autres remarques:\u00a0<\/strong><\/strong><\/strong>The route should be carefully studied beforehand, to adapt it to the physical fitness of each group and thus be in a position to abandon La Traviesa via any of its various descent routes towards nearby settlements, should the need arise.\n<ul>\n<li style=\"text-align: justify;\">1.- La Mata \u2013 Monta\u00f1a de Las Tricias (2h 15min) \u2013 Las Tricias via the SL VG 55 path (3h 30min)<\/li>\n<li style=\"text-align: justify;\">2.- La Mata \u2013 junction with the PR LP 11 path (3h 30min) \u2013 Puntagorda (4h 45min)<\/li>\n<li style=\"text-align: justify;\">3.- La Mata \u2013 Tinizara refuge hut (4h 00min) \u2013 Tinizara via the PR LP 12.1 path (5h 15min)<\/li>\n<li style=\"text-align: justify;\">4.- La Mata \u2013 junction with the PR LP 12 (5h 30min) \u2013 Tijarafe (6h 30min)<\/li>\n<li style=\"text-align: justify;\">5.- La Mata \u2013 Cruz del Llano (7h 15min) \u2013 Tijarafe via the SL TJ 71 path (8h 15min)<\/li>\n<li style=\"text-align: justify;\">6.- La Mata \u2013 Mirador de Hoya Grande (8h 00min) \u2013 Mirador del Time via the GR 131 path (9h 30min), which would be the full length of La Traviesa.<\/li>\n<\/ul>\n<\/li>\n<\/ul>\n<p>[\/vc_column_text][\/vc_column][\/vc_row][vc_row][vc_column width=\u00a0\u00bb1\/1&Prime;][vc_separator type=\u00a0\u00bbtransparent\u00a0\u00bb position=\u00a0\u00bbcenter\u00a0\u00bb up=\u00a0\u00bb20&Prime; down=\u00a0\u00bb20&Prime;]<a href=\"http:\/\/www.senderosdelapalma.es\/fr\/reseau-de-sentiers\/sentier-de-petit-parcours\" target=\"_self\"  class=\"qbutton \" style=\"\"><i class=\"fa fa-arrow-left\" style=\"\"><\/i><\/a>[vc_separator type=\u00a0\u00bbtransparent\u00a0\u00bb position=\u00a0\u00bbcenter\u00a0\u00bb up=\u00a0\u00bb20&Prime; down=\u00a0\u00bb20&Prime;][\/vc_column][\/vc_row]<\/p>\n<\/section>","protected":false},"excerpt":{"rendered":"<p>[vc_row row_type=\u00a0\u00bbrow\u00a0\u00bb type=\u00a0\u00bbgrid\u00a0\u00bb text_align=\u00a0\u00bbcenter\u00a0\u00bb background_image_as_pattern=\u00a0\u00bbwithout_pattern\u00a0\u00bb padding_top=\u00a0\u00bb48&Prime; padding_bottom=\u00a0\u00bb48&Prime;][vc_column width=\u00a0\u00bb1\/1&Prime;][vc_column_text] PR LP 10. LA TRAVIESA: LA MATA &#8211; MIRADOR DE HOYA GRANDE [\/vc_column_text][\/vc_column][\/vc_row][vc_row type=\u00a0\u00bbgrid\u00a0\u00bb][vc_column width=\u00a0\u00bb1\/2&Prime;][vc_separator type=\u00a0\u00bbtransparent\u00a0\u00bb up=\u00a0\u00bb10&Prime; down=\u00a0\u00bb10&Prime;][vc_single_image image=\u00a0\u00bb354&Prime; img_size=\u00a0\u00bbfull\u00a0\u00bb alignment=\u00a0\u00bbcenter\u00a0\u00bb img_link_large=\u00a0\u00bbyes\u00a0\u00bb][vc_separator type=\u00a0\u00bbtransparent\u00a0\u00bb up=\u00a0\u00bb10&Prime; down=\u00a0\u00bb20&Prime;][vc_gmaps link=\u00a0\u00bb#E-8_JTNDaWZyYW1lJTIwc3JjJTNEJTIyaHR0cHMlM0ElMkYlMkZ3d3cuZ29vZ2xlLmNvbSUyRm1hcHMlMkZkJTJGZW1iZWQlM0ZtaWQlM0QxcHFkYlhKOW95aFpoSElJNkZiWEt4WHB0TkUtaGN0NCUyNmhsJTNEZXMlMjZlaGJjJTNEMkUzMTJGJTIyJTIwd2lkdGglM0QlMjIxMDAlMjUlMjIlMjBoZWlnaHQlM0QlMjIzNjElMjIlM0UlM0MlMkZpZnJhbWUlM0U=\u00a0\u00bb][vc_separator type=\u00a0\u00bbtransparent\u00a0\u00bb up=\u00a0\u00bb10&Prime; down=\u00a0\u00bb20&Prime;][vc_separator type=\u00a0\u00bbtransparent\u00a0\u00bb up=\u00a0\u00bb20&Prime; down=\u00a0\u00bb20&Prime;][\/vc_column][vc_column width=\u00a0\u00bb1\/2&Prime;][vc_separator type=\u00a0\u00bbtransparent\u00a0\u00bb up=\u00a0\u00bb10&Prime; down=\u00a0\u00bb10&Prime;][vc_column_text] Point&#8230;<\/p>\n","protected":false},"author":1,"featured_media":0,"parent":18038,"menu_order":0,"comment_status":"open","ping_status":"open","template":"","meta":[],"yoast_head":"<!-- This site is optimized with the Yoast SEO plugin v21.0 - https:\/\/yoast.com\/wordpress\/plugins\/seo\/ -->\n<title>PR LP 10. La Traviesa: La Mata - Mirador de Hoya Grande - Red de Senderos de La Palma<\/title>\n<meta name=\"robots\" content=\"index, follow, max-snippet:-1, max-image-preview:large, max-video-preview:-1\" \/>\n<link rel=\"canonical\" href=\"https:\/\/www.senderosdelapalma.es\/fr\/reseau-de-sentiers\/sentier-de-petit-parcours\/pr-lp-10-la-traviesa-la-mata-mirador-de-hoya-grande\/\" \/>\n<meta property=\"og:locale\" content=\"fr_FR\" \/>\n<meta property=\"og:type\" content=\"article\" \/>\n<meta property=\"og:title\" content=\"PR LP 10. La Traviesa: La Mata - Mirador de Hoya Grande - Red de Senderos de La Palma\" \/>\n<meta property=\"og:description\" content=\"[vc_row row_type=\u00a0\u00bbrow\u00a0\u00bb type=\u00a0\u00bbgrid\u00a0\u00bb text_align=\u00a0\u00bbcenter\u00a0\u00bb background_image_as_pattern=\u00a0\u00bbwithout_pattern\u00a0\u00bb padding_top=\u00a0\u00bb48&Prime; padding_bottom=\u00a0\u00bb48&Prime;][vc_column width=\u00a0\u00bb1\/1&Prime;][vc_column_text] PR LP 10. LA TRAVIESA: LA MATA &#8211; MIRADOR DE HOYA GRANDE [\/vc_column_text][\/vc_column][\/vc_row][vc_row type=\u00a0\u00bbgrid\u00a0\u00bb][vc_column width=\u00a0\u00bb1\/2&Prime;][vc_separator type=\u00a0\u00bbtransparent\u00a0\u00bb up=\u00a0\u00bb10&Prime; down=\u00a0\u00bb10&Prime;][vc_single_image image=\u00a0\u00bb354&Prime; img_size=\u00a0\u00bbfull\u00a0\u00bb alignment=\u00a0\u00bbcenter\u00a0\u00bb img_link_large=\u00a0\u00bbyes\u00a0\u00bb][vc_separator type=\u00a0\u00bbtransparent\u00a0\u00bb up=\u00a0\u00bb10&Prime; down=\u00a0\u00bb20&Prime;][vc_gmaps link=\u00a0\u00bb#E-8_JTNDaWZyYW1lJTIwc3JjJTNEJTIyaHR0cHMlM0ElMkYlMkZ3d3cuZ29vZ2xlLmNvbSUyRm1hcHMlMkZkJTJGZW1iZWQlM0ZtaWQlM0QxcHFkYlhKOW95aFpoSElJNkZiWEt4WHB0TkUtaGN0NCUyNmhsJTNEZXMlMjZlaGJjJTNEMkUzMTJGJTIyJTIwd2lkdGglM0QlMjIxMDAlMjUlMjIlMjBoZWlnaHQlM0QlMjIzNjElMjIlM0UlM0MlMkZpZnJhbWUlM0U=\u00a0\u00bb][vc_separator type=\u00a0\u00bbtransparent\u00a0\u00bb up=\u00a0\u00bb10&Prime; down=\u00a0\u00bb20&Prime;][vc_separator type=\u00a0\u00bbtransparent\u00a0\u00bb up=\u00a0\u00bb20&Prime; down=\u00a0\u00bb20&Prime;][\/vc_column][vc_column width=\u00a0\u00bb1\/2&Prime;][vc_separator type=\u00a0\u00bbtransparent\u00a0\u00bb up=\u00a0\u00bb10&Prime; down=\u00a0\u00bb10&Prime;][vc_column_text] Point...\" \/>\n<meta property=\"og:url\" content=\"https:\/\/www.senderosdelapalma.es\/fr\/reseau-de-sentiers\/sentier-de-petit-parcours\/pr-lp-10-la-traviesa-la-mata-mirador-de-hoya-grande\/\" \/>\n<meta property=\"og:site_name\" content=\"Red de Senderos de La Palma\" \/>\n<meta property=\"article:publisher\" content=\"https:\/\/www.facebook.com\/senderoslapalma\" \/>\n<meta property=\"article:modified_time\" content=\"2025-05-19T13:13:42+00:00\" \/>\n<meta property=\"og:image\" content=\"https:\/\/www.senderosdelapalma.es\/wp-content\/uploads\/2014\/12\/redsenderosdelapalma_01.jpg\" \/>\n\t<meta property=\"og:image:width\" content=\"1920\" \/>\n\t<meta property=\"og:image:height\" content=\"1084\" \/>\n\t<meta property=\"og:image:type\" content=\"image\/jpeg\" \/>\n<meta name=\"twitter:card\" content=\"summary_large_image\" \/>\n<meta name=\"twitter:site\" content=\"@SenderosdeLaPal\" \/>\n<meta name=\"twitter:label1\" content=\"Dur\u00e9e de lecture estim\u00e9e\" \/>\n\t<meta name=\"twitter:data1\" content=\"3 minutes\" \/>\n<script type=\"application\/ld+json\" class=\"yoast-schema-graph\">{\"@context\":\"https:\/\/schema.org\",\"@graph\":[{\"@type\":\"WebPage\",\"@id\":\"https:\/\/www.senderosdelapalma.es\/fr\/reseau-de-sentiers\/sentier-de-petit-parcours\/pr-lp-10-la-traviesa-la-mata-mirador-de-hoya-grande\/\",\"url\":\"https:\/\/www.senderosdelapalma.es\/fr\/reseau-de-sentiers\/sentier-de-petit-parcours\/pr-lp-10-la-traviesa-la-mata-mirador-de-hoya-grande\/\",\"name\":\"PR LP 10. La Traviesa: La Mata - Mirador de Hoya Grande - Red de Senderos de La Palma\",\"isPartOf\":{\"@id\":\"https:\/\/www.senderosdelapalma.es\/#website\"},\"datePublished\":\"2015-04-10T09:57:53+00:00\",\"dateModified\":\"2025-05-19T13:13:42+00:00\",\"breadcrumb\":{\"@id\":\"https:\/\/www.senderosdelapalma.es\/fr\/reseau-de-sentiers\/sentier-de-petit-parcours\/pr-lp-10-la-traviesa-la-mata-mirador-de-hoya-grande\/#breadcrumb\"},\"inLanguage\":\"fr-FR\",\"potentialAction\":[{\"@type\":\"ReadAction\",\"target\":[\"https:\/\/www.senderosdelapalma.es\/fr\/reseau-de-sentiers\/sentier-de-petit-parcours\/pr-lp-10-la-traviesa-la-mata-mirador-de-hoya-grande\/\"]}]},{\"@type\":\"BreadcrumbList\",\"@id\":\"https:\/\/www.senderosdelapalma.es\/fr\/reseau-de-sentiers\/sentier-de-petit-parcours\/pr-lp-10-la-traviesa-la-mata-mirador-de-hoya-grande\/#breadcrumb\",\"itemListElement\":[{\"@type\":\"ListItem\",\"position\":1,\"name\":\"Portada\",\"item\":\"https:\/\/www.senderosdelapalma.es\/fr\/\"},{\"@type\":\"ListItem\",\"position\":2,\"name\":\"Reseau de sentiers\",\"item\":\"https:\/\/www.senderosdelapalma.es\/fr\/reseau-de-sentiers\/\"},{\"@type\":\"ListItem\",\"position\":3,\"name\":\"Sentier de Petit Parcours\",\"item\":\"https:\/\/www.senderosdelapalma.es\/fr\/reseau-de-sentiers\/sentier-de-petit-parcours\/\"},{\"@type\":\"ListItem\",\"position\":4,\"name\":\"PR LP 10. La Traviesa: La Mata &#8211; Mirador de Hoya Grande\"}]},{\"@type\":\"WebSite\",\"@id\":\"https:\/\/www.senderosdelapalma.es\/#website\",\"url\":\"https:\/\/www.senderosdelapalma.es\/\",\"name\":\"Red de Senderos de La Palma\",\"description\":\"La Palma, la isla de los senderistas. Una enorme variedad de climas, relieves y paisajes te est\u00e1n esperando.  \",\"publisher\":{\"@id\":\"https:\/\/www.senderosdelapalma.es\/#organization\"},\"potentialAction\":[{\"@type\":\"SearchAction\",\"target\":{\"@type\":\"EntryPoint\",\"urlTemplate\":\"https:\/\/www.senderosdelapalma.es\/?s={search_term_string}\"},\"query-input\":\"required name=search_term_string\"}],\"inLanguage\":\"fr-FR\"},{\"@type\":\"Organization\",\"@id\":\"https:\/\/www.senderosdelapalma.es\/#organization\",\"name\":\"Red de Senderos de La Palma\",\"url\":\"https:\/\/www.senderosdelapalma.es\/\",\"logo\":{\"@type\":\"ImageObject\",\"inLanguage\":\"fr-FR\",\"@id\":\"https:\/\/www.senderosdelapalma.es\/#\/schema\/logo\/image\/\",\"url\":\"https:\/\/www.senderosdelapalma.es\/wp-content\/uploads\/2015\/06\/cabildo_la_palma-01.png\",\"contentUrl\":\"https:\/\/www.senderosdelapalma.es\/wp-content\/uploads\/2015\/06\/cabildo_la_palma-01.png\",\"width\":3508,\"height\":2479,\"caption\":\"Red de Senderos de La Palma\"},\"image\":{\"@id\":\"https:\/\/www.senderosdelapalma.es\/#\/schema\/logo\/image\/\"},\"sameAs\":[\"https:\/\/www.facebook.com\/senderoslapalma\",\"https:\/\/twitter.com\/SenderosdeLaPal\",\"https:\/\/www.instagram.com\/senderosdelapalma\/\",\"https:\/\/www.pinterest.es\/senderoslp\/\"]}]}<\/script>\n<!-- \/ Yoast SEO plugin. -->","yoast_head_json":{"title":"PR LP 10. La Traviesa: La Mata - Mirador de Hoya Grande - Red de Senderos de La Palma","robots":{"index":"index","follow":"follow","max-snippet":"max-snippet:-1","max-image-preview":"max-image-preview:large","max-video-preview":"max-video-preview:-1"},"canonical":"https:\/\/www.senderosdelapalma.es\/fr\/reseau-de-sentiers\/sentier-de-petit-parcours\/pr-lp-10-la-traviesa-la-mata-mirador-de-hoya-grande\/","og_locale":"fr_FR","og_type":"article","og_title":"PR LP 10. La Traviesa: La Mata - Mirador de Hoya Grande - Red de Senderos de La Palma","og_description":"[vc_row row_type=\u00a0\u00bbrow\u00a0\u00bb type=\u00a0\u00bbgrid\u00a0\u00bb text_align=\u00a0\u00bbcenter\u00a0\u00bb background_image_as_pattern=\u00a0\u00bbwithout_pattern\u00a0\u00bb padding_top=\u00a0\u00bb48&Prime; padding_bottom=\u00a0\u00bb48&Prime;][vc_column width=\u00a0\u00bb1\/1&Prime;][vc_column_text] PR LP 10. LA TRAVIESA: LA MATA &#8211; MIRADOR DE HOYA GRANDE [\/vc_column_text][\/vc_column][\/vc_row][vc_row type=\u00a0\u00bbgrid\u00a0\u00bb][vc_column width=\u00a0\u00bb1\/2&Prime;][vc_separator type=\u00a0\u00bbtransparent\u00a0\u00bb up=\u00a0\u00bb10&Prime; down=\u00a0\u00bb10&Prime;][vc_single_image image=\u00a0\u00bb354&Prime; img_size=\u00a0\u00bbfull\u00a0\u00bb alignment=\u00a0\u00bbcenter\u00a0\u00bb img_link_large=\u00a0\u00bbyes\u00a0\u00bb][vc_separator type=\u00a0\u00bbtransparent\u00a0\u00bb up=\u00a0\u00bb10&Prime; down=\u00a0\u00bb20&Prime;][vc_gmaps link=\u00a0\u00bb#E-8_JTNDaWZyYW1lJTIwc3JjJTNEJTIyaHR0cHMlM0ElMkYlMkZ3d3cuZ29vZ2xlLmNvbSUyRm1hcHMlMkZkJTJGZW1iZWQlM0ZtaWQlM0QxcHFkYlhKOW95aFpoSElJNkZiWEt4WHB0TkUtaGN0NCUyNmhsJTNEZXMlMjZlaGJjJTNEMkUzMTJGJTIyJTIwd2lkdGglM0QlMjIxMDAlMjUlMjIlMjBoZWlnaHQlM0QlMjIzNjElMjIlM0UlM0MlMkZpZnJhbWUlM0U=\u00a0\u00bb][vc_separator type=\u00a0\u00bbtransparent\u00a0\u00bb up=\u00a0\u00bb10&Prime; down=\u00a0\u00bb20&Prime;][vc_separator type=\u00a0\u00bbtransparent\u00a0\u00bb up=\u00a0\u00bb20&Prime; down=\u00a0\u00bb20&Prime;][\/vc_column][vc_column width=\u00a0\u00bb1\/2&Prime;][vc_separator type=\u00a0\u00bbtransparent\u00a0\u00bb up=\u00a0\u00bb10&Prime; down=\u00a0\u00bb10&Prime;][vc_column_text] Point...","og_url":"https:\/\/www.senderosdelapalma.es\/fr\/reseau-de-sentiers\/sentier-de-petit-parcours\/pr-lp-10-la-traviesa-la-mata-mirador-de-hoya-grande\/","og_site_name":"Red de Senderos de La Palma","article_publisher":"https:\/\/www.facebook.com\/senderoslapalma","article_modified_time":"2025-05-19T13:13:42+00:00","og_image":[{"width":1920,"height":1084,"url":"https:\/\/www.senderosdelapalma.es\/wp-content\/uploads\/2014\/12\/redsenderosdelapalma_01.jpg","type":"image\/jpeg"}],"twitter_card":"summary_large_image","twitter_site":"@SenderosdeLaPal","twitter_misc":{"Dur\u00e9e de lecture estim\u00e9e":"3 minutes"},"schema":{"@context":"https:\/\/schema.org","@graph":[{"@type":"WebPage","@id":"https:\/\/www.senderosdelapalma.es\/fr\/reseau-de-sentiers\/sentier-de-petit-parcours\/pr-lp-10-la-traviesa-la-mata-mirador-de-hoya-grande\/","url":"https:\/\/www.senderosdelapalma.es\/fr\/reseau-de-sentiers\/sentier-de-petit-parcours\/pr-lp-10-la-traviesa-la-mata-mirador-de-hoya-grande\/","name":"PR LP 10. La Traviesa: La Mata - Mirador de Hoya Grande - Red de Senderos de La Palma","isPartOf":{"@id":"https:\/\/www.senderosdelapalma.es\/#website"},"datePublished":"2015-04-10T09:57:53+00:00","dateModified":"2025-05-19T13:13:42+00:00","breadcrumb":{"@id":"https:\/\/www.senderosdelapalma.es\/fr\/reseau-de-sentiers\/sentier-de-petit-parcours\/pr-lp-10-la-traviesa-la-mata-mirador-de-hoya-grande\/#breadcrumb"},"inLanguage":"fr-FR","potentialAction":[{"@type":"ReadAction","target":["https:\/\/www.senderosdelapalma.es\/fr\/reseau-de-sentiers\/sentier-de-petit-parcours\/pr-lp-10-la-traviesa-la-mata-mirador-de-hoya-grande\/"]}]},{"@type":"BreadcrumbList","@id":"https:\/\/www.senderosdelapalma.es\/fr\/reseau-de-sentiers\/sentier-de-petit-parcours\/pr-lp-10-la-traviesa-la-mata-mirador-de-hoya-grande\/#breadcrumb","itemListElement":[{"@type":"ListItem","position":1,"name":"Portada","item":"https:\/\/www.senderosdelapalma.es\/fr\/"},{"@type":"ListItem","position":2,"name":"Reseau de sentiers","item":"https:\/\/www.senderosdelapalma.es\/fr\/reseau-de-sentiers\/"},{"@type":"ListItem","position":3,"name":"Sentier de Petit Parcours","item":"https:\/\/www.senderosdelapalma.es\/fr\/reseau-de-sentiers\/sentier-de-petit-parcours\/"},{"@type":"ListItem","position":4,"name":"PR LP 10. La Traviesa: La Mata &#8211; Mirador de Hoya Grande"}]},{"@type":"WebSite","@id":"https:\/\/www.senderosdelapalma.es\/#website","url":"https:\/\/www.senderosdelapalma.es\/","name":"Red de Senderos de La Palma","description":"La Palma, la isla de los senderistas. Una enorme variedad de climas, relieves y paisajes te est\u00e1n esperando.  ","publisher":{"@id":"https:\/\/www.senderosdelapalma.es\/#organization"},"potentialAction":[{"@type":"SearchAction","target":{"@type":"EntryPoint","urlTemplate":"https:\/\/www.senderosdelapalma.es\/?s={search_term_string}"},"query-input":"required name=search_term_string"}],"inLanguage":"fr-FR"},{"@type":"Organization","@id":"https:\/\/www.senderosdelapalma.es\/#organization","name":"Red de Senderos de La Palma","url":"https:\/\/www.senderosdelapalma.es\/","logo":{"@type":"ImageObject","inLanguage":"fr-FR","@id":"https:\/\/www.senderosdelapalma.es\/#\/schema\/logo\/image\/","url":"https:\/\/www.senderosdelapalma.es\/wp-content\/uploads\/2015\/06\/cabildo_la_palma-01.png","contentUrl":"https:\/\/www.senderosdelapalma.es\/wp-content\/uploads\/2015\/06\/cabildo_la_palma-01.png","width":3508,"height":2479,"caption":"Red de Senderos de La Palma"},"image":{"@id":"https:\/\/www.senderosdelapalma.es\/#\/schema\/logo\/image\/"},"sameAs":["https:\/\/www.facebook.com\/senderoslapalma","https:\/\/twitter.com\/SenderosdeLaPal","https:\/\/www.instagram.com\/senderosdelapalma\/","https:\/\/www.pinterest.es\/senderoslp\/"]}]}},"_links":{"self":[{"href":"https:\/\/www.senderosdelapalma.es\/fr\/wp-json\/wp\/v2\/pages\/19096\/"}],"collection":[{"href":"https:\/\/www.senderosdelapalma.es\/fr\/wp-json\/wp\/v2\/pages\/"}],"about":[{"href":"https:\/\/www.senderosdelapalma.es\/fr\/wp-json\/wp\/v2\/types\/page\/"}],"author":[{"embeddable":true,"href":"https:\/\/www.senderosdelapalma.es\/fr\/wp-json\/wp\/v2\/users\/1\/"}],"replies":[{"embeddable":true,"href":"https:\/\/www.senderosdelapalma.es\/fr\/wp-json\/wp\/v2\/comments\/?post=19096"}],"version-history":[{"count":1,"href":"https:\/\/www.senderosdelapalma.es\/fr\/wp-json\/wp\/v2\/pages\/19096\/revisions\/"}],"predecessor-version":[{"id":27023,"href":"https:\/\/www.senderosdelapalma.es\/fr\/wp-json\/wp\/v2\/pages\/19096\/revisions\/27023\/"}],"up":[{"embeddable":true,"href":"https:\/\/www.senderosdelapalma.es\/fr\/wp-json\/wp\/v2\/pages\/18038\/"}],"wp:attachment":[{"href":"https:\/\/www.senderosdelapalma.es\/fr\/wp-json\/wp\/v2\/media\/?parent=19096"}],"curies":[{"name":"wp","href":"https:\/\/api.w.org\/{rel}","templated":true}]}}