{"id":18667,"date":"2015-04-08T05:19:26","date_gmt":"2015-04-08T05:19:26","guid":{"rendered":"http:\/\/www.senderosdelapalma.es\/?page_id=18667"},"modified":"2025-03-12T15:05:26","modified_gmt":"2025-03-12T15:05:26","slug":"gr-130-etape-6","status":"publish","type":"page","link":"https:\/\/www.senderosdelapalma.es\/fr\/reseau-de-sentiers\/sentiers-de-grand-parcours\/gr-130-etape-6\/","title":{"rendered":"GR 130 \u00c9tape 6. Los Llanos de Aridane &#8211; Fuencaliente"},"content":{"rendered":"<section class=\"wpb-content-wrapper\"><p>[vc_row type=\u00a0\u00bbgrid\u00a0\u00bb padding_top=\u00a0\u00bb48&Prime; padding_bottom=\u00a0\u00bb48&Prime;][vc_column][vc_raw_html]JTNDaDMlMjBzdHlsZSUzRCUyMnRleHQtYWxpZ24lM0FjZW50ZXIlMjIlM0VHUiUyMDEzMCUyMCVDMyU4OXRhcGUlMjA2LiUyMExvcyUyMExsYW5vcyUyMGRlJTIwQXJpZGFuZSUyMC0lMjBGdWVuY2FsaWVudGUlM0MlMkZoMyUzRQ==[\/vc_raw_html][\/vc_column][\/vc_row][vc_row type=\u00a0\u00bbgrid\u00a0\u00bb][vc_column width=\u00a0\u00bb1\/2&Prime;][vc_separator type=\u00a0\u00bbtransparent\u00a0\u00bb up=\u00a0\u00bb10&Prime; down=\u00a0\u00bb10&Prime;][vc_single_image image=\u00a0\u00bb265&Prime; img_size=\u00a0\u00bbfull\u00a0\u00bb alignment=\u00a0\u00bbcenter\u00a0\u00bb img_link_large=\u00a0\u00bbyes\u00a0\u00bb][vc_separator type=\u00a0\u00bbtransparent\u00a0\u00bb up=\u00a0\u00bb10&Prime; down=\u00a0\u00bb20&Prime;][vc_column_text]<iframe loading=\"lazy\" src=\"https:\/\/www.google.com\/maps\/d\/embed?mid=10OgxBUMs63gOAlsNV9eAhTBsvx9XuvY&amp;hl=es&amp;ehbc=2E312F\" width=\"100%\" height=\"361\"><\/iframe>[\/vc_column_text][vc_separator type=\u00a0\u00bbtransparent\u00a0\u00bb up=\u00a0\u00bb10&Prime; down=\u00a0\u00bb20&Prime;][vc_separator type=\u00a0\u00bbtransparent\u00a0\u00bb up=\u00a0\u00bb10&Prime; down=\u00a0\u00bb20&Prime;]<a href=\"http:\/\/www.senderosdelapalma.es\/wp-content\/uploads\/gpx\/GR1306.zip\" target=\"_blank\" data-hover-background-color=#4aa946 data-hover-border-color=#4aa946 data-hover-color=#ffffff class=\"qbutton  small center\" style=\"color: #ffffff; border-color: #000000; font-style: normal; font-weight: 500; margin: 3px 5px 3px 5px; background-color: #000000;\">D\u00e9charge<i class=\"fa fa-download\" style=\"color: #ffffff;\"><\/i><\/a><a href=\"https:\/\/www.senderosdelapalma.es\/mapa-visor-senderos\/\" target=\"_blank\" data-hover-background-color=#4aa946 data-hover-border-color=#4aa946 data-hover-color=#ffffff class=\"qbutton  small center\" style=\"color: #ffffff; border-color: #000000; font-style: normal; font-weight: 500; margin: 3px 5px 3px 5px; background-color: #000000;\">Carte des sentiers<i class=\"fa fa-download\" style=\"color: #ffffff;\"><\/i><\/a><a href=\"https:\/\/www.google.com\/maps\/d\/edit?mid=10OgxBUMs63gOAlsNV9eAhTBsvx9XuvY&amp;usp=sharing\" target=\"_blank\" data-hover-background-color=#4aa946 data-hover-border-color=#4aa946 data-hover-color=#ffffff class=\"qbutton  small center\" style=\"color: #ffffff; border-color: #000000; font-style: normal; font-weight: 500; margin: 3px 5px 3px 5px; background-color: #000000;\">Google Map<i class=\"fa fa-download\" style=\"color: #ffffff;\"><\/i><\/a>[vc_separator][\/vc_column][vc_column width=\u00a0\u00bb1\/2&Prime;][vc_separator type=\u00a0\u00bbtransparent\u00a0\u00bb up=\u00a0\u00bb10&Prime; down=\u00a0\u00bb10&Prime;][vc_column_text]<strong><span style=\"color: #ff0000;\">ATTENTION: Ce sentier a une section ferm\u00e9e (de La Cruz Chica \u00e0 Jedey) affect\u00e9e par le volcan.<\/span><\/strong>[\/vc_column_text][vc_empty_space][vc_column_text]<strong><span style=\"color: #ff0000;\">AVIS: Ce sentier a une section ferm\u00e9e (entre Tamanca et Casa de Camineros del Charco) en raison de la construction de l&rsquo;autoroute LP-2. L&rsquo;alternative pour sauver cette section est l&rsquo;utilisation des transports en commun (<a href=\"https:\/\/www.senderosdelapalma.es\/wp-content\/uploads\/2020\/01\/Linea-210.pdf\" target=\"_blank\" rel=\"noopener noreferrer\">Ligne 201 Los Llanos &#8211; Fuencaliente<\/a>). Ne marchez pas sur la route.\u00a0<\/span><\/strong>[\/vc_column_text][vc_empty_space][vc_single_image image=\u00a0\u00bb22433&Prime; img_size=\u00a0\u00bbfull\u00a0\u00bb alignment=\u00a0\u00bbcenter\u00a0\u00bb onclick=\u00a0\u00bbcustom_link\u00a0\u00bb img_link_target=\u00a0\u00bb_blank\u00a0\u00bb title=\u00a0\u00bbpartie ferm\u00e9e\u00a0\u00bb link=\u00a0\u00bbhttps:\/\/www.senderosdelapalma.es\/wp-content\/uploads\/2022\/04\/TRAMO-GR-130-CERRADO-lp.jpg\u00a0\u00bb][vc_empty_space][vc_column_text]<\/p>\n<ul>\n<li><strong>DISTANCE TOTALES:<\/strong>\u00a021.8 kms.<\/li>\n<li><strong>D\u00c9NIVEL\u00c9E POSITIVE:<\/strong>\u00a0850 mt.<\/li>\n<li><strong>D\u00c9NIVEL\u00c9E N\u00c9GATIVE:<\/strong>\u00a0470 mt.<\/li>\n<li><strong>DUR\u00c9E PR\u00c9VUE (ALLER):<\/strong>\u00a006:20 hrs.<\/li>\n<li><strong>DUR\u00c9E PR\u00c9VUE\u00a0(RETOUR):<\/strong>\u00a005:45 hrs<\/li>\n<li><strong>DIFFICULT\u00c9S PRINCIPALES:\u00a0<\/strong>Moyen.<\/li>\n<li><strong>R\u00c9SERVES NATURELLES DANS LE RANDONN\u00c9E:\u00a0<\/strong>Paisaje Protegido de Tamanca. Parque Natural de Cumbre Vieja.<\/li>\n<li><strong>P\u00c9RIODE RECOMMAND\u00c9E:\u00a0<\/strong>All year round.<\/li>\n<li><strong>COMMENT ARRIVER AU D\u00c9PART?:\u00a0<\/strong>There is a bus service in both directions.<\/li>\n<li><strong>RECOMMANDATIONS:\u00a0<\/strong>Habitual precautions common to hiking in general are listed below. At the risk of sounding obvious, here are some of the most important:\n<ul>\n<li>Check weather forecasts before setting off to hike.<\/li>\n<li>Don\u00b4t go alone<\/li>\n<li>Tell someone your intended destination and expected time of arrival<\/li>\n<li>Carry a small rucksack with warm clothing, waterproofs, food and plenty of water.<\/li>\n<li>Don\u00b4t forget such simple items as: sun hat, protective cream and sun glasses.<\/li>\n<li>Carry a mobile phone with fully-charged battery, a map and, if possible, a compass. They will probably never be used but, when required, are of vital importance.<\/li>\n<li>Wear suitable gear, especially footwear: trekking boots or similar are essential, trainers or pumps are to be avoided.<\/li>\n<\/ul>\n<\/li>\n<li><strong>AUTRES REMARQUES:\u00a0<\/strong>Although the first part of the route goes through inhabited areas with all kinds of facilities, from Jedey onwards the path enters much more solitary surroundings where the necessary precautions regarding food and water must be taken. It must also be borne in mind that the path\u00b4s overall trend is uphill.<\/li>\n<\/ul>\n<p>[\/vc_column_text][vc_separator type=\u00a0\u00bbtransparent\u00a0\u00bb up=\u00a0\u00bb20&Prime; down=\u00a0\u00bb20&Prime;][\/vc_column][\/vc_row][vc_row][vc_column][vc_separator type=\u00a0\u00bbtransparent\u00a0\u00bb up=\u00a0\u00bb20&Prime; down=\u00a0\u00bb20&Prime;]<a href=\"http:\/\/www.senderosdelapalma.es\/fr\/reseau-de-sentiers\/sentiers-de-grand-parcours\" target=\"_self\"  class=\"qbutton \" style=\"\"><i class=\"fa fa-angle-left\" style=\"\"><\/i><\/a>[vc_separator type=\u00a0\u00bbtransparent\u00a0\u00bb up=\u00a0\u00bb20&Prime; down=\u00a0\u00bb20&Prime;][\/vc_column][\/vc_row]<\/p>\n<\/section>","protected":false},"excerpt":{"rendered":"<p>[vc_row type=\u00a0\u00bbgrid\u00a0\u00bb padding_top=\u00a0\u00bb48&Prime; padding_bottom=\u00a0\u00bb48&Prime;][vc_column][vc_raw_html]JTNDaDMlMjBzdHlsZSUzRCUyMnRleHQtYWxpZ24lM0FjZW50ZXIlMjIlM0VHUiUyMDEzMCUyMCVDMyU4OXRhcGUlMjA2LiUyMExvcyUyMExsYW5vcyUyMGRlJTIwQXJpZGFuZSUyMC0lMjBGdWVuY2FsaWVudGUlM0MlMkZoMyUzRQ==[\/vc_raw_html][\/vc_column][\/vc_row][vc_row type=\u00a0\u00bbgrid\u00a0\u00bb][vc_column width=\u00a0\u00bb1\/2&Prime;][vc_separator type=\u00a0\u00bbtransparent\u00a0\u00bb up=\u00a0\u00bb10&Prime; down=\u00a0\u00bb10&Prime;][vc_single_image image=\u00a0\u00bb265&Prime; img_size=\u00a0\u00bbfull\u00a0\u00bb alignment=\u00a0\u00bbcenter\u00a0\u00bb img_link_large=\u00a0\u00bbyes\u00a0\u00bb][vc_separator type=\u00a0\u00bbtransparent\u00a0\u00bb up=\u00a0\u00bb10&Prime; down=\u00a0\u00bb20&Prime;][vc_column_text][\/vc_column_text][vc_separator type=\u00a0\u00bbtransparent\u00a0\u00bb up=\u00a0\u00bb10&Prime; down=\u00a0\u00bb20&Prime;][vc_separator type=\u00a0\u00bbtransparent\u00a0\u00bb up=\u00a0\u00bb10&Prime; down=\u00a0\u00bb20&Prime;][vc_separator][\/vc_column][vc_column width=\u00a0\u00bb1\/2&Prime;][vc_separator type=\u00a0\u00bbtransparent\u00a0\u00bb up=\u00a0\u00bb10&Prime; down=\u00a0\u00bb10&Prime;][vc_column_text]ATTENTION: Ce sentier a une section ferm\u00e9e (de La Cruz Chica \u00e0 Jedey) affect\u00e9e par le volcan.[\/vc_column_text][vc_empty_space][vc_column_text]AVIS: Ce sentier a&#8230;<\/p>\n","protected":false},"author":1,"featured_media":0,"parent":18036,"menu_order":0,"comment_status":"open","ping_status":"open","template":"","meta":[],"yoast_head":"<!-- This site is optimized with the Yoast SEO plugin v21.0 - https:\/\/yoast.com\/wordpress\/plugins\/seo\/ -->\n<title>GR 130 \u00c9tape 6. Los Llanos de Aridane - Fuencaliente - Red de Senderos de La Palma<\/title>\n<meta name=\"robots\" content=\"index, follow, max-snippet:-1, max-image-preview:large, max-video-preview:-1\" \/>\n<link rel=\"canonical\" href=\"https:\/\/www.senderosdelapalma.es\/fr\/reseau-de-sentiers\/sentiers-de-grand-parcours\/gr-130-etape-6\/\" \/>\n<meta property=\"og:locale\" content=\"fr_FR\" \/>\n<meta property=\"og:type\" content=\"article\" \/>\n<meta property=\"og:title\" content=\"GR 130 \u00c9tape 6. Los Llanos de Aridane - Fuencaliente - Red de Senderos de La Palma\" \/>\n<meta property=\"og:description\" content=\"[vc_row type=\u00a0\u00bbgrid\u00a0\u00bb padding_top=\u00a0\u00bb48&Prime; padding_bottom=\u00a0\u00bb48&Prime;][vc_column][vc_raw_html]JTNDaDMlMjBzdHlsZSUzRCUyMnRleHQtYWxpZ24lM0FjZW50ZXIlMjIlM0VHUiUyMDEzMCUyMCVDMyU4OXRhcGUlMjA2LiUyMExvcyUyMExsYW5vcyUyMGRlJTIwQXJpZGFuZSUyMC0lMjBGdWVuY2FsaWVudGUlM0MlMkZoMyUzRQ==[\/vc_raw_html][\/vc_column][\/vc_row][vc_row type=\u00a0\u00bbgrid\u00a0\u00bb][vc_column width=\u00a0\u00bb1\/2&Prime;][vc_separator type=\u00a0\u00bbtransparent\u00a0\u00bb up=\u00a0\u00bb10&Prime; down=\u00a0\u00bb10&Prime;][vc_single_image image=\u00a0\u00bb265&Prime; img_size=\u00a0\u00bbfull\u00a0\u00bb alignment=\u00a0\u00bbcenter\u00a0\u00bb img_link_large=\u00a0\u00bbyes\u00a0\u00bb][vc_separator type=\u00a0\u00bbtransparent\u00a0\u00bb up=\u00a0\u00bb10&Prime; down=\u00a0\u00bb20&Prime;][vc_column_text][\/vc_column_text][vc_separator type=\u00a0\u00bbtransparent\u00a0\u00bb up=\u00a0\u00bb10&Prime; down=\u00a0\u00bb20&Prime;][vc_separator type=\u00a0\u00bbtransparent\u00a0\u00bb up=\u00a0\u00bb10&Prime; down=\u00a0\u00bb20&Prime;][vc_separator][\/vc_column][vc_column width=\u00a0\u00bb1\/2&Prime;][vc_separator type=\u00a0\u00bbtransparent\u00a0\u00bb up=\u00a0\u00bb10&Prime; down=\u00a0\u00bb10&Prime;][vc_column_text]ATTENTION: Ce sentier a une section ferm\u00e9e (de La Cruz Chica \u00e0 Jedey) affect\u00e9e par le volcan.[\/vc_column_text][vc_empty_space][vc_column_text]AVIS: Ce sentier a...\" \/>\n<meta property=\"og:url\" content=\"https:\/\/www.senderosdelapalma.es\/fr\/reseau-de-sentiers\/sentiers-de-grand-parcours\/gr-130-etape-6\/\" \/>\n<meta property=\"og:site_name\" content=\"Red de Senderos de La Palma\" \/>\n<meta property=\"article:publisher\" content=\"https:\/\/www.facebook.com\/senderoslapalma\" \/>\n<meta property=\"article:modified_time\" content=\"2025-03-12T15:05:26+00:00\" \/>\n<meta property=\"og:image\" content=\"https:\/\/www.senderosdelapalma.es\/wp-content\/uploads\/2014\/12\/redsenderosdelapalma_01.jpg\" \/>\n\t<meta property=\"og:image:width\" content=\"1920\" \/>\n\t<meta property=\"og:image:height\" content=\"1084\" \/>\n\t<meta property=\"og:image:type\" content=\"image\/jpeg\" \/>\n<meta name=\"twitter:card\" content=\"summary_large_image\" \/>\n<meta name=\"twitter:site\" content=\"@SenderosdeLaPal\" \/>\n<meta name=\"twitter:label1\" content=\"Dur\u00e9e de lecture estim\u00e9e\" \/>\n\t<meta name=\"twitter:data1\" content=\"2 minutes\" \/>\n<script type=\"application\/ld+json\" class=\"yoast-schema-graph\">{\"@context\":\"https:\/\/schema.org\",\"@graph\":[{\"@type\":\"WebPage\",\"@id\":\"https:\/\/www.senderosdelapalma.es\/fr\/reseau-de-sentiers\/sentiers-de-grand-parcours\/gr-130-etape-6\/\",\"url\":\"https:\/\/www.senderosdelapalma.es\/fr\/reseau-de-sentiers\/sentiers-de-grand-parcours\/gr-130-etape-6\/\",\"name\":\"GR 130 \u00c9tape 6. Los Llanos de Aridane - Fuencaliente - Red de Senderos de La Palma\",\"isPartOf\":{\"@id\":\"https:\/\/www.senderosdelapalma.es\/#website\"},\"datePublished\":\"2015-04-08T05:19:26+00:00\",\"dateModified\":\"2025-03-12T15:05:26+00:00\",\"breadcrumb\":{\"@id\":\"https:\/\/www.senderosdelapalma.es\/fr\/reseau-de-sentiers\/sentiers-de-grand-parcours\/gr-130-etape-6\/#breadcrumb\"},\"inLanguage\":\"fr-FR\",\"potentialAction\":[{\"@type\":\"ReadAction\",\"target\":[\"https:\/\/www.senderosdelapalma.es\/fr\/reseau-de-sentiers\/sentiers-de-grand-parcours\/gr-130-etape-6\/\"]}]},{\"@type\":\"BreadcrumbList\",\"@id\":\"https:\/\/www.senderosdelapalma.es\/fr\/reseau-de-sentiers\/sentiers-de-grand-parcours\/gr-130-etape-6\/#breadcrumb\",\"itemListElement\":[{\"@type\":\"ListItem\",\"position\":1,\"name\":\"Portada\",\"item\":\"https:\/\/www.senderosdelapalma.es\/fr\/\"},{\"@type\":\"ListItem\",\"position\":2,\"name\":\"Reseau de sentiers\",\"item\":\"https:\/\/www.senderosdelapalma.es\/fr\/reseau-de-sentiers\/\"},{\"@type\":\"ListItem\",\"position\":3,\"name\":\"Sentiers de Grand Parcours\",\"item\":\"https:\/\/www.senderosdelapalma.es\/fr\/reseau-de-sentiers\/sentiers-de-grand-parcours\/\"},{\"@type\":\"ListItem\",\"position\":4,\"name\":\"GR 130 \u00c9tape 6. Los Llanos de Aridane &#8211; Fuencaliente\"}]},{\"@type\":\"WebSite\",\"@id\":\"https:\/\/www.senderosdelapalma.es\/#website\",\"url\":\"https:\/\/www.senderosdelapalma.es\/\",\"name\":\"Red de Senderos de La Palma\",\"description\":\"La Palma, la isla de los senderistas. Una enorme variedad de climas, relieves y paisajes te est\u00e1n esperando.  \",\"publisher\":{\"@id\":\"https:\/\/www.senderosdelapalma.es\/#organization\"},\"potentialAction\":[{\"@type\":\"SearchAction\",\"target\":{\"@type\":\"EntryPoint\",\"urlTemplate\":\"https:\/\/www.senderosdelapalma.es\/?s={search_term_string}\"},\"query-input\":\"required name=search_term_string\"}],\"inLanguage\":\"fr-FR\"},{\"@type\":\"Organization\",\"@id\":\"https:\/\/www.senderosdelapalma.es\/#organization\",\"name\":\"Red de Senderos de La Palma\",\"url\":\"https:\/\/www.senderosdelapalma.es\/\",\"logo\":{\"@type\":\"ImageObject\",\"inLanguage\":\"fr-FR\",\"@id\":\"https:\/\/www.senderosdelapalma.es\/#\/schema\/logo\/image\/\",\"url\":\"https:\/\/www.senderosdelapalma.es\/wp-content\/uploads\/2015\/06\/cabildo_la_palma-01.png\",\"contentUrl\":\"https:\/\/www.senderosdelapalma.es\/wp-content\/uploads\/2015\/06\/cabildo_la_palma-01.png\",\"width\":3508,\"height\":2479,\"caption\":\"Red de Senderos de La Palma\"},\"image\":{\"@id\":\"https:\/\/www.senderosdelapalma.es\/#\/schema\/logo\/image\/\"},\"sameAs\":[\"https:\/\/www.facebook.com\/senderoslapalma\",\"https:\/\/twitter.com\/SenderosdeLaPal\",\"https:\/\/www.instagram.com\/senderosdelapalma\/\",\"https:\/\/www.pinterest.es\/senderoslp\/\"]}]}<\/script>\n<!-- \/ Yoast SEO plugin. -->","yoast_head_json":{"title":"GR 130 \u00c9tape 6. Los Llanos de Aridane - Fuencaliente - Red de Senderos de La Palma","robots":{"index":"index","follow":"follow","max-snippet":"max-snippet:-1","max-image-preview":"max-image-preview:large","max-video-preview":"max-video-preview:-1"},"canonical":"https:\/\/www.senderosdelapalma.es\/fr\/reseau-de-sentiers\/sentiers-de-grand-parcours\/gr-130-etape-6\/","og_locale":"fr_FR","og_type":"article","og_title":"GR 130 \u00c9tape 6. Los Llanos de Aridane - Fuencaliente - Red de Senderos de La Palma","og_description":"[vc_row type=\u00a0\u00bbgrid\u00a0\u00bb padding_top=\u00a0\u00bb48&Prime; padding_bottom=\u00a0\u00bb48&Prime;][vc_column][vc_raw_html]JTNDaDMlMjBzdHlsZSUzRCUyMnRleHQtYWxpZ24lM0FjZW50ZXIlMjIlM0VHUiUyMDEzMCUyMCVDMyU4OXRhcGUlMjA2LiUyMExvcyUyMExsYW5vcyUyMGRlJTIwQXJpZGFuZSUyMC0lMjBGdWVuY2FsaWVudGUlM0MlMkZoMyUzRQ==[\/vc_raw_html][\/vc_column][\/vc_row][vc_row type=\u00a0\u00bbgrid\u00a0\u00bb][vc_column width=\u00a0\u00bb1\/2&Prime;][vc_separator type=\u00a0\u00bbtransparent\u00a0\u00bb up=\u00a0\u00bb10&Prime; down=\u00a0\u00bb10&Prime;][vc_single_image image=\u00a0\u00bb265&Prime; img_size=\u00a0\u00bbfull\u00a0\u00bb alignment=\u00a0\u00bbcenter\u00a0\u00bb img_link_large=\u00a0\u00bbyes\u00a0\u00bb][vc_separator type=\u00a0\u00bbtransparent\u00a0\u00bb up=\u00a0\u00bb10&Prime; down=\u00a0\u00bb20&Prime;][vc_column_text][\/vc_column_text][vc_separator type=\u00a0\u00bbtransparent\u00a0\u00bb up=\u00a0\u00bb10&Prime; down=\u00a0\u00bb20&Prime;][vc_separator type=\u00a0\u00bbtransparent\u00a0\u00bb up=\u00a0\u00bb10&Prime; down=\u00a0\u00bb20&Prime;][vc_separator][\/vc_column][vc_column width=\u00a0\u00bb1\/2&Prime;][vc_separator type=\u00a0\u00bbtransparent\u00a0\u00bb up=\u00a0\u00bb10&Prime; down=\u00a0\u00bb10&Prime;][vc_column_text]ATTENTION: Ce sentier a une section ferm\u00e9e (de La Cruz Chica \u00e0 Jedey) affect\u00e9e par le volcan.[\/vc_column_text][vc_empty_space][vc_column_text]AVIS: Ce sentier a...","og_url":"https:\/\/www.senderosdelapalma.es\/fr\/reseau-de-sentiers\/sentiers-de-grand-parcours\/gr-130-etape-6\/","og_site_name":"Red de Senderos de La Palma","article_publisher":"https:\/\/www.facebook.com\/senderoslapalma","article_modified_time":"2025-03-12T15:05:26+00:00","og_image":[{"width":1920,"height":1084,"url":"https:\/\/www.senderosdelapalma.es\/wp-content\/uploads\/2014\/12\/redsenderosdelapalma_01.jpg","type":"image\/jpeg"}],"twitter_card":"summary_large_image","twitter_site":"@SenderosdeLaPal","twitter_misc":{"Dur\u00e9e de lecture estim\u00e9e":"2 minutes"},"schema":{"@context":"https:\/\/schema.org","@graph":[{"@type":"WebPage","@id":"https:\/\/www.senderosdelapalma.es\/fr\/reseau-de-sentiers\/sentiers-de-grand-parcours\/gr-130-etape-6\/","url":"https:\/\/www.senderosdelapalma.es\/fr\/reseau-de-sentiers\/sentiers-de-grand-parcours\/gr-130-etape-6\/","name":"GR 130 \u00c9tape 6. Los Llanos de Aridane - Fuencaliente - Red de Senderos de La Palma","isPartOf":{"@id":"https:\/\/www.senderosdelapalma.es\/#website"},"datePublished":"2015-04-08T05:19:26+00:00","dateModified":"2025-03-12T15:05:26+00:00","breadcrumb":{"@id":"https:\/\/www.senderosdelapalma.es\/fr\/reseau-de-sentiers\/sentiers-de-grand-parcours\/gr-130-etape-6\/#breadcrumb"},"inLanguage":"fr-FR","potentialAction":[{"@type":"ReadAction","target":["https:\/\/www.senderosdelapalma.es\/fr\/reseau-de-sentiers\/sentiers-de-grand-parcours\/gr-130-etape-6\/"]}]},{"@type":"BreadcrumbList","@id":"https:\/\/www.senderosdelapalma.es\/fr\/reseau-de-sentiers\/sentiers-de-grand-parcours\/gr-130-etape-6\/#breadcrumb","itemListElement":[{"@type":"ListItem","position":1,"name":"Portada","item":"https:\/\/www.senderosdelapalma.es\/fr\/"},{"@type":"ListItem","position":2,"name":"Reseau de sentiers","item":"https:\/\/www.senderosdelapalma.es\/fr\/reseau-de-sentiers\/"},{"@type":"ListItem","position":3,"name":"Sentiers de Grand Parcours","item":"https:\/\/www.senderosdelapalma.es\/fr\/reseau-de-sentiers\/sentiers-de-grand-parcours\/"},{"@type":"ListItem","position":4,"name":"GR 130 \u00c9tape 6. Los Llanos de Aridane &#8211; Fuencaliente"}]},{"@type":"WebSite","@id":"https:\/\/www.senderosdelapalma.es\/#website","url":"https:\/\/www.senderosdelapalma.es\/","name":"Red de Senderos de La Palma","description":"La Palma, la isla de los senderistas. Una enorme variedad de climas, relieves y paisajes te est\u00e1n esperando.  ","publisher":{"@id":"https:\/\/www.senderosdelapalma.es\/#organization"},"potentialAction":[{"@type":"SearchAction","target":{"@type":"EntryPoint","urlTemplate":"https:\/\/www.senderosdelapalma.es\/?s={search_term_string}"},"query-input":"required name=search_term_string"}],"inLanguage":"fr-FR"},{"@type":"Organization","@id":"https:\/\/www.senderosdelapalma.es\/#organization","name":"Red de Senderos de La Palma","url":"https:\/\/www.senderosdelapalma.es\/","logo":{"@type":"ImageObject","inLanguage":"fr-FR","@id":"https:\/\/www.senderosdelapalma.es\/#\/schema\/logo\/image\/","url":"https:\/\/www.senderosdelapalma.es\/wp-content\/uploads\/2015\/06\/cabildo_la_palma-01.png","contentUrl":"https:\/\/www.senderosdelapalma.es\/wp-content\/uploads\/2015\/06\/cabildo_la_palma-01.png","width":3508,"height":2479,"caption":"Red de Senderos de La Palma"},"image":{"@id":"https:\/\/www.senderosdelapalma.es\/#\/schema\/logo\/image\/"},"sameAs":["https:\/\/www.facebook.com\/senderoslapalma","https:\/\/twitter.com\/SenderosdeLaPal","https:\/\/www.instagram.com\/senderosdelapalma\/","https:\/\/www.pinterest.es\/senderoslp\/"]}]}},"_links":{"self":[{"href":"https:\/\/www.senderosdelapalma.es\/fr\/wp-json\/wp\/v2\/pages\/18667\/"}],"collection":[{"href":"https:\/\/www.senderosdelapalma.es\/fr\/wp-json\/wp\/v2\/pages\/"}],"about":[{"href":"https:\/\/www.senderosdelapalma.es\/fr\/wp-json\/wp\/v2\/types\/page\/"}],"author":[{"embeddable":true,"href":"https:\/\/www.senderosdelapalma.es\/fr\/wp-json\/wp\/v2\/users\/1\/"}],"replies":[{"embeddable":true,"href":"https:\/\/www.senderosdelapalma.es\/fr\/wp-json\/wp\/v2\/comments\/?post=18667"}],"version-history":[{"count":3,"href":"https:\/\/www.senderosdelapalma.es\/fr\/wp-json\/wp\/v2\/pages\/18667\/revisions\/"}],"predecessor-version":[{"id":26659,"href":"https:\/\/www.senderosdelapalma.es\/fr\/wp-json\/wp\/v2\/pages\/18667\/revisions\/26659\/"}],"up":[{"embeddable":true,"href":"https:\/\/www.senderosdelapalma.es\/fr\/wp-json\/wp\/v2\/pages\/18036\/"}],"wp:attachment":[{"href":"https:\/\/www.senderosdelapalma.es\/fr\/wp-json\/wp\/v2\/media\/?parent=18667"}],"curies":[{"name":"wp","href":"https:\/\/api.w.org\/{rel}","templated":true}]}}