{"id":18015,"date":"2015-04-01T09:44:48","date_gmt":"2015-04-01T09:44:48","guid":{"rendered":"http:\/\/www.senderosdelapalma.es\/?page_id=18015"},"modified":"2026-04-02T23:59:01","modified_gmt":"2026-04-02T23:59:01","slug":"situation-des-sentiers","status":"publish","type":"page","link":"https:\/\/www.senderosdelapalma.es\/fr\/situation-des-sentiers\/","title":{"rendered":"Situation des sentiers"},"content":{"rendered":"<section class=\"wpb-content-wrapper\"><p>[vc_row type=\u00a0\u00bbgrid\u00a0\u00bb css=\u00a0\u00bb.vc_custom_1705486350609{margin-top: 80px !important;}\u00a0\u00bb][vc_column][vc_empty_space][vc_column_text]<\/p>\n<h2 style=\"text-align: center;\"><span style=\"color: #ff0000;\"><strong>Derni\u00e8res informations sur l&rsquo;\u00e9tat du R\u00e9seau Insulaire de Sentiers et des Espaces d&rsquo;Usage Public<\/strong><\/span><\/h2>\n<p>[\/vc_column_text][vc_empty_space][vc_column_text]<\/p>\n<div class=\"kvgmc6g5 cxmmr5t8 oygrvhab hcukyx3x c1et5uql ii04i59q\">\n<div dir=\"auto\" style=\"text-align: center;\">\n<h4 style=\"text-align: left;\"><strong><span style=\"color: #ff0000;\">\u00c0 la suite des r\u00e9cents \u00e9pisodes de fortes pluies et de vents violents enregistr\u00e9s sur l\u2019\u00eele de La Palma, des \u00e9boulements, des chutes d\u2019arbres et d\u2019autres dommages se sont produits sur diff\u00e9rents tron\u00e7ons du r\u00e9seau de sentiers.<\/span><\/strong><\/h4>\n<p>&nbsp;<\/p>\n<h4 style=\"text-align: left;\"><strong><span style=\"color: #ff0000;\">Le Cabildo Insulaire a entam\u00e9 des travaux d\u2019inspection, de nettoyage et de remise en \u00e9tat, bien qu\u2019il ne soit pas possible de garantir \u00e0 ce jour une s\u00e9curit\u00e9 totale sur l\u2019ensemble des itin\u00e9raires.<\/span><\/strong><\/h4>\n<p>&nbsp;<\/p>\n<h4 style=\"text-align: left;\"><span style=\"color: #000000;\">Par cons\u00e9quent, il est port\u00e9 \u00e0 votre connaissance que le r\u00e9seau de sentiers rouvre partiellement dans les conditions suivantes :<\/span><br \/>\n<span style=\"color: #000000;\">\u2022 Il est recommand\u00e9 de faire preuve d\u2019une extr\u00eame prudence lors de la circulation. Dans les zones les plus difficiles, l\u2019acc\u00e8s doit \u00eatre r\u00e9serv\u00e9 aux randonneurs exp\u00e9riment\u00e9s.<\/span><br \/>\n<span style=\"color: #000000;\">\u2022 \u00c9viter les sentiers pr\u00e9sentant de fortes pentes, des zones instables ou des signes \u00e9vidents de d\u00e9t\u00e9rioration.<\/span><br \/>\n<span style=\"color: #000000;\">\u2022 Sur les tron\u00e7ons pr\u00e9sentant un risque d\u2019\u00e9boulement ou une forte pente, le port du casque de protection est obligatoire.<\/span><br \/>\n<span style=\"color: #000000;\">\u2022 Ne pas s\u2019appuyer sur les garde-corps, mains courantes ou autres \u00e9l\u00e9ments de protection, ni s\u2019approcher du bord du sentier dans les zones expos\u00e9es.<\/span><br \/>\n<span style=\"color: #000000;\">\u2022 En cas de sentier bloqu\u00e9, ne pas tenter de passer, mais faire demi-tour et pr\u00e9venir les services d\u2019urgence.<\/span><br \/>\n<span style=\"color: #000000;\">\u2022 Respecter \u00e0 tout moment la signalisation en place et les \u00e9ventuelles restrictions ponctuelles.<\/span><br \/>\n<span style=\"color: #000000;\">\u2022 Il est conseill\u00e9 de planifier l\u2019activit\u00e9, d\u2019informer de l\u2019itin\u00e9raire pr\u00e9vu et de se munir d\u2019un \u00e9quipement adapt\u00e9.<\/span><\/h4>\n<p>&nbsp;<\/p>\n<h4 style=\"text-align: left;\"><span style=\"color: #000000;\">La circulation sur les sentiers s\u2019effectue <strong>sous la responsabilit\u00e9 de chaque usager<\/strong>, qui assume les risques d\u00e9coulant de leur \u00e9tat actuel.<\/span><\/h4>\n<p>&nbsp;<\/p>\n<h4 style=\"text-align: left;\"><span style=\"color: #000000;\">Le Cabildo Insulaire de La Palma continuera \u00e0 travailler pour r\u00e9tablir au plus vite les conditions de s\u00e9curit\u00e9 sur le r\u00e9seau, en informant de toute mise \u00e0 jour pertinente._<\/span><\/h4>\n<h4><\/h4>\n<\/div>\n<\/div>\n<p>[\/vc_column_text][vc_empty_space][vc_column_text]<\/p>\n<p>Recherchez dans le tableau l&rsquo;itin\u00e9raire que vous allez parcourir et v\u00e9rifiez son statut. Chaque sentier peut avoir trois statuts:<\/p>\n<div class=\"kvgmc6g5 cxmmr5t8 oygrvhab hcukyx3x c1et5uql ii04i59q\">\n<div dir=\"auto\" style=\"text-align: center;\">\n<p style=\"text-align: left;\"><b><span style=\"color: green;\">Abierto \/ Open \/ Ge\u00f6ffnet<\/span>: sentier compl\u00e8tement ouvert.<\/b><br \/>\n<b><span style=\"color: orange;\">Abierto \/ Open \/ Ge\u00f6ffnet<\/span>: sentier partiellement ouvert.<\/b><br \/>\n<b><span style=\"color: red;\">Cerrado \/ Closed \/ Gesperrt<\/span>: Sentier compl\u00e8tement ferm\u00e9.<\/b><\/p>\n<\/div>\n<\/div>\n<p>[\/vc_column_text][vc_empty_space][vc_column_text]\n<table id=\"tablepress-14\" class=\"tablepress tablepress-id-14\">\n<thead>\n<tr class=\"row-1 odd\">\n\t<th class=\"column-1\">Nombre \/ Name \/ Nom<\/th><th class=\"column-2\">Municipio \/ Municipality \/ Stadt \/ Ville<\/th><th class=\"column-3\">POR SU SEGURIDAD CONSULTE EL ESTADO DE LOS SENDEROS | TRAIL CLOSURES | WEGESPERRUNGEN | SITUATION DES SENTIERS<\/th>\n<\/tr>\n<\/thead>\n<tbody class=\"row-hover\">\n<tr class=\"row-2 even\">\n\t<td class=\"column-1\"><a href=\"https:\/\/www.senderosdelapalma.es\/senderos\/lista-de-senderos\/senderos-gran-recorrido\/gr-130-etapa-1-sc-de-la-palma-puntallana-canarias-la-palma\/\" rel=\"noopener noreferrer\" target=\"_blank\">GR 130 Etapa 1. S\/C de La Palma - Puntallana<\/a><\/td><td class=\"column-2\">Santa Cruz de La Palma - Puntallana<\/td><td class=\"column-3\"><b><font COLOR=\"Green\">Abierto \/ Open \/ Ge\u00f6ffnet<\/font><\/b><\/td>\n<\/tr>\n<tr class=\"row-3 odd\">\n\t<td class=\"column-1\"><a href=\"https:\/\/www.senderosdelapalma.es\/senderos\/lista-de-senderos\/senderos-gran-recorrido\/gr-130-etapa-2-puntallana-barlovento\/\" rel=\"noopener noreferrer\" target=\"_blank\">GR 130 Etapa 2. Puntallana - Barlovento<\/a><\/td><td class=\"column-2\">Puntallana -  San Andr\u00e9s y Sauces - Barlovento<\/td><td class=\"column-3\"><b><font COLOR=\"Orange\">Abierto \/ Open \/ Ge\u00f6ffnet<\/font><\/b><p><b>[ES]<\/b> Corte del sendero a la altura del Barranco de Nogales (Puntallana) por derrumbre de muro de mamposter\u00eda posterior a las lluvias<\/p><br \/>\n<p><b>[EN]<\/b> Trail closure at Barranco de Nogales (Puntallana) due to the collapse of a masonry wall following heavy rains.<\/p><br \/>\n<p><b>[DE]<\/b> Wegsperrung im Bereich Barranco de Nogales (Puntallana) aufgrund eines eingest\u00fcrzten Mauerwerks nach starken Regenf\u00e4llen.<\/p><br \/>\n<a href=\"https:\/\/www.senderosdelapalma.es\/wp-content\/uploads\/2026\/04\/ALTERNATIVA_GR130_PUNTALLANA.jpg\"><img src=\"https:\/\/www.senderosdelapalma.es\/wp-content\/uploads\/2026\/04\/ALTERNATIVA_GR130_PUNTALLANA-212x300.jpg\" alt=\"\" width=\"212\" height=\"300\" class=\"alignnone size-medium wp-image-27760\" \/><\/a><\/td>\n<\/tr>\n<tr class=\"row-4 even\">\n\t<td class=\"column-1\"><a href=\"https:\/\/www.senderosdelapalma.es\/senderos\/lista-de-senderos\/senderos-gran-recorrido\/gr-130-etapa-3-barlovento-garafia\" rel=\"noopener noreferrer\" target=\"_blank\">GR 130 Etapa 3. Barlovento - Garaf\u00eda<\/a><\/td><td class=\"column-2\">Barlovento - Villa de Garaf\u00eda<\/td><td class=\"column-3\"><b><font COLOR=\"orange\">Abierto \/ Open \/ Ge\u00f6ffnet<\/font><\/b><p><b>[ES] <\/b>Cerrado el sendero entre El Tablado y Don Pedro por desprendimientos.<\/p><br \/>\n<p><b>[EN]<\/b> Trail closed between El Tablado and Don Pedro due to rockfalls.<\/p><br \/>\n<p><b>[DE]<\/b>Weg zwischen El Tablado und Don Pedro wegen Steinschlags gesperrt.<\/p><\/td>\n<\/tr>\n<tr class=\"row-5 odd\">\n\t<td class=\"column-1\"><a href=\"https:\/\/www.senderosdelapalma.es\/senderos\/lista-de-senderos\/senderos-gran-recorrido\/gr-130-etapa-4-garafia-tijarafe\" rel=\"noopener noreferrer\" target=\"_blank\">GR 130 Etapa 4. Garaf\u00eda - Tijarafe<\/a><\/td><td class=\"column-2\">Villa de Garaf\u00eda - Puntagorda - Tijarafe<\/td><td class=\"column-3\"><b><font COLOR=\"green\">Abierto \/ Open \/ Ge\u00f6ffnet<\/font><\/b>.<\/td>\n<\/tr>\n<tr class=\"row-6 even\">\n\t<td class=\"column-1\"><a href=\"https:\/\/www.senderosdelapalma.es\/gr-130-etapa-5-tijarafe-los-llanos-de-aridane\" rel=\"noopener noreferrer\" target=\"_blank\">GR 130 Etapa 5. Tijarafe - Los Llanos de Aridane<\/a><\/td><td class=\"column-2\">Tijarafe - Los Llanos de Aridane<\/td><td class=\"column-3\"><b><font COLOR=\"Orange\">Abierto \/ Open \/ Ge\u00f6ffnet<\/font><\/b>.<br \/>\n<p><b>[ES]<\/b> Corte del sendero a la altura del Barranco de Los Gomeros (Tijarafe) por derrumbre de muro de mamposter\u00eda posterior a las lluvias.<br>Cierre del tramo entre el Camino de La Quinta y la Ermita del Jes\u00fas hasta el \u00e1rea recreativa de la Fuente del Toro y afectar\u00e1 de manera directa tambi\u00e9n a todos aquellos senderos de peque\u00f1o recorrido que utilicen este tramo del GR en su desarrollo.<\/p><br \/>\n<p><b>[EN]<\/b> Trail closure at Barranco de Los Gomeros (Tijarafe) due to the collapse of a masonry wall following heavy rains.<br>Closure of the section between the Camino de La Quinta and the Ermita del Jes\u00fas up to the recreational area of \u200b\u200bFuente del Toro and will also directly affect all those short-distance trails that use this section of the GR in their development.<\/p><br \/>\n<p><b>[DE]<\/b> Wegsperrung im Bereich Barranco de Los Gomeros (Tijarafe) aufgrund eines eingest\u00fcrzten Mauerwerks nach starken Regenf\u00e4llen.<br>Schlie\u00dfung des Abschnitts zwischen dem Camino de La Quinta und der Ermita del Jes\u00fas bis zum Erholungsgebiet Fuente del Toro und wird Erhebliche Auswirkungen haben sie auch direkt auf all jene Kurzstreckenwanderwege, die diesen Abschnitt des GR in ihrer Erschlie\u00dfung nutzen.<\/p><\/td>\n<\/tr>\n<tr class=\"row-7 odd\">\n\t<td class=\"column-1\"><a href=\"https:\/\/www.senderosdelapalma.es\/senderos\/lista-de-senderos\/senderos-gran-recorrido\/gr-130-etapa-6-los-llanos-de-aridane-fuencaliente\" rel=\"noopener noreferrer\" target=\"_blank\">GR 130 Etapa 6. Los Llanos de Aridane - Fuencaliente<\/a><\/td><td class=\"column-2\">Los Llanos de Aridane - Tazacorte - Fuencaliente<\/td><td class=\"column-3\"><b><font COLOR=\"orange\">Abierto \/ Open \/ Ge\u00f6ffnet<\/font><\/b><p><b>[ES] <\/b>Cortado por las lavas del volc\u00e1n de Tagogaite entre La Laguna y el campo de lucha de Las Manchas.<\/p><br \/>\n<p><b>[EN]<\/b> Cut off by the lava of the Tagogaite volcano between La Laguna and the wrestling field of Las Manchas.<\/p><br \/>\n<p><b>[DE]<\/b>Abgeschnitten von den Lavastr\u00f6men des Vulkans Tagogaite zwischen La Laguna und dem Ringplatz von Las Manchas.<\/p><\/td>\n<\/tr>\n<tr class=\"row-8 even\">\n\t<td class=\"column-1\"><a href=\"https:\/\/www.senderosdelapalma.es\/senderos\/lista-de-senderos\/senderos-gran-recorrido\/gr-130-etapa-7-fuencaliente-villa-de-mazo\" rel=\"noopener noreferrer\" target=\"_blank\">GR 130 Etapa 7. Fuencaliente - Villa de Mazo<\/a><\/td><td class=\"column-2\">Fuencaliente - Villa de Mazo<\/td><td class=\"column-3\"><b><font COLOR=\"green\">Abierto \/ Open \/ Ge\u00f6ffnet<\/font><\/b><\/td>\n<\/tr>\n<tr class=\"row-9 odd\">\n\t<td class=\"column-1\"><a href=\"https:\/\/www.senderosdelapalma.es\/senderos\/lista-de-senderos\/senderos-gran-recorrido\/gr-130-etapa-8-villa-de-mazo-santa-cruz-de-la-palma\" rel=\"noopener noreferrer\" target=\"_blank\">GR 130 Etapa 8. Villa de Mazo - Santa Cruz de La Palma<\/a><\/td><td class=\"column-2\">Villa de Mazo - Bre\u00f1a Baja - Bre\u00f1a Alta - Santa Cruz de La Palma<\/td><td class=\"column-3\"><b><font COLOR=\"green\">Abierto \/ Open \/ Ge\u00f6ffnet<\/font><\/b><\/td>\n<\/tr>\n<tr class=\"row-10 even\">\n\t<td class=\"column-1\"><a href=\"https:\/\/www.senderosdelapalma.es\/senderos\/lista-de-senderos\/senderos-gran-recorrido\/gr-131-etapa-1-puerto-de-tazacorte-roque-de-los-muchachos-canarias-la-palma\" rel=\"noopener noreferrer\" target=\"_blank\">GR 131 Etapa 1. Puerto de Tazacorte - Roque de Los Muchachos<\/a><\/td><td class=\"column-2\">Tazacorte - Tijarafe - Roque de Los Muchachos<\/td><td class=\"column-3\"><b><font COLOR=\"orange\">Abierto \/ Open \/ Ge\u00f6ffnet<\/font><\/b><br \/>\n<p><b>[ES] <\/b>Tramo cerrado por obras desde el Puerto hasta el Mirador del Almac\u00e9n de Pl\u00e1tanos. Desv\u00edo alternativo por el GR 130 <a href=\"https:\/\/www.senderosdelapalma.es\/wp-content\/uploads\/2025\/03\/CIERRE_GR131_EL-TIME.jpg\" target=\"_blank\" rel=\"noopener noreferrer\">Consultar Mapa<br \/>\n    <\/a>.<b>[EN]<\/b>Section closed for construction from the Port to the 'Almac\u00e9n de Pl\u00e1tanos' Viewpoint. Please follow the detour via GR 130 <a href=\"https:\/\/www.senderosdelapalma.es\/wp-content\/uploads\/2025\/03\/CIERRE_GR131_EL-TIME.jpg\" target=\"_blank\" rel=\"noopener noreferrer\">See map<br \/>\n    <\/a>.<b>[DE]<\/b>Bauarbeiten: Abschnitt zwischen dem Hafen und dem Aussichtspunkt 'Almac\u00e9n de Pl\u00e1tanos' gesperrt. Umleitung \u00fcber den GR 130 <a href=\"https:\/\/www.senderosdelapalma.es\/wp-content\/uploads\/2025\/03\/CIERRE_GR131_EL-TIME.jpg\" target=\"_blank\" rel=\"noopener noreferrer\">siehe Karte<br \/>\n    <\/a><\/p><\/td>\n<\/tr>\n<tr class=\"row-11 odd\">\n\t<td class=\"column-1\"><a href=\"https:\/\/www.senderosdelapalma.es\/senderos\/lista-de-senderos\/senderos-gran-recorrido\/gr-131-etapa-2-roque-de-los-muchachos-refugio-del-pilar-canarias-la-palma\" rel=\"noopener noreferrer\" target=\"_blank\">GR 131 Etapa 2. Roque de Los Muchachos - Refugio del Pilar<\/a><\/td><td class=\"column-2\">Roque de Los Muchachos - Garaf\u00eda - Barlovento - San Andr\u00e9s y Sauces, Santa Cruz de La Palma - Bre\u00f1a Alta - Bre\u00f1a Baja - El Paso - Refugio del Pilar<\/td><td class=\"column-3\"><b><font COLOR=\"green\">Abierto \/ Open \/ Ge\u00f6ffnet<\/font><\/b><\/td>\n<\/tr>\n<tr class=\"row-12 even\">\n\t<td class=\"column-1\"><a href=\"https:\/\/www.senderosdelapalma.es\/senderos\/lista-de-senderos\/senderos-gran-recorrido\/gr-131-etapa-3-refugio-de-el-pilar-fuencaliente\" rel=\"noopener noreferrer\" target=\"_blank\">GR 131 Etapa 3. Refugio de El Pilar - Fuencaliente <b>(Ruta de Los Volcanes)<\/b><\/a><\/td><td class=\"column-2\">Refugio de El Pilar - El Paso - Villa de Mazo - Fuencaliente<\/td><td class=\"column-3\"><b><font COLOR=\"green\">Abierto \/ Open \/ Ge\u00f6ffnet<\/font><\/b><\/td>\n<\/tr>\n<tr class=\"row-13 odd\">\n\t<td class=\"column-1\"><a href=\"https:\/\/www.senderosdelapalma.es\/pr-lp-01-sc-palma-puerto-tazacorte\" rel=\"noopener noreferrer\" target=\"_blank\">PR LP 01. Santa Cruz de La Palma - Puerto de Tazacorte<\/a><\/td><td class=\"column-2\">Santa Cruz de La Palma - Bre\u00f1a Alta - Bre\u00f1a Baja - El Paso - Los Llanos de Aridane - Puerto de Tazacorte<\/td><td class=\"column-3\"><b><font COLOR=\"green\">Abierto \/ Open \/ Ge\u00f6ffnet<\/font><\/b><\/td>\n<\/tr>\n<tr class=\"row-14 even\">\n\t<td class=\"column-1\"><a href=\"https:\/\/www.senderosdelapalma.es\/senderos\/lista-de-senderos\/senderos-pequeno-recorrido\/pr-lp-02-la-tabladita-santa-cruz-de-la-palma\" rel=\"noopener noreferrer\" target=\"_blank\">PR LP 02. La Tabladita - Santa Cruz de La Palma<\/a><\/td><td class=\"column-2\">La Tabladita - Santa Cruz de La Palma<\/td><td class=\"column-3\"><b><font COLOR=\"green\">Abierto \/ Open \/ Ge\u00f6ffnet<\/font><\/b><\/td>\n<\/tr>\n<tr class=\"row-15 odd\">\n\t<td class=\"column-1\"><a href=\"https:\/\/www.senderosdelapalma.es\/senderos\/lista-de-senderos\/senderos-pequeno-recorrido\/pr-lp-02-1-el-corchete\" rel=\"noopener noreferrer\" target=\"_blank\">PR LP 02.1 El Corchete<\/a><\/td><td class=\"column-2\">Santa Cruz de La Palma<\/td><td class=\"column-3\"><b><font COLOR=\"green\">Abierto \/ Open \/ Ge\u00f6ffnet<\/font><\/b><\/td>\n<\/tr>\n<tr class=\"row-16 even\">\n\t<td class=\"column-1\"><a href=\"https:\/\/www.senderosdelapalma.es\/senderos\/lista-de-senderos\/senderos-pequeno-recorrido\/pr-lp-02-2-ruta-de-los-molinos\" rel=\"noopener noreferrer\" target=\"_blank\">PR LP 02.2 Ruta de Los Molinos<\/a><\/td><td class=\"column-2\">Santa Cruz de La Palma<\/td><td class=\"column-3\"><b><font COLOR=\"green\">Abierto \/ Open \/ Ge\u00f6ffnet<\/font><\/b><\/td>\n<\/tr>\n<tr class=\"row-17 odd\">\n\t<td class=\"column-1\"><a href=\"https:\/\/www.senderosdelapalma.es\/senderos\/lista-de-senderos\/senderos-pequeno-recorrido\/pr-lp-02-3-barranco-de-la-madera\" rel=\"noopener noreferrer\" target=\"_blank\">PR LP 02.3. Barranco de La Madera<\/a><\/td><td class=\"column-2\">Santa Cruz de La Palma<\/td><td class=\"column-3\"><b><font COLOR=\"red\">Cerrado \/ Closed \/ Gesperrt <\/font><\/b><\/td>\n<\/tr>\n<tr class=\"row-18 even\">\n\t<td class=\"column-1\"><a href=\"https:\/\/www.senderosdelapalma.es\/senderos\/lista-de-senderos\/senderos-pequeno-recorrido\/pr-lp-03-pico-de-la-nieve-santa-cruz-de-la-palma\" rel=\"noopener noreferrer\" target=\"_blank\">PR LP 03. Pico de La Nieve - Santa Cruz de La Palma<\/a><\/td><td class=\"column-2\">Santa Cruz de La Palma<\/td><td class=\"column-3\"><b><font COLOR=\"green\">Abierto \/ Open \/ Ge\u00f6ffnet<\/font><\/b><\/td>\n<\/tr>\n<tr class=\"row-19 odd\">\n\t<td class=\"column-1\"><a href=\"https:\/\/www.senderosdelapalma.es\/senderos\/lista-de-senderos\/senderos-pequeno-recorrido\/pr-lp-03-1-montana-de-tagoja-santa-cruz-de-la-palma\" rel=\"noopener noreferrer\" target=\"_blank\">PR LP 03.1. Monta\u00f1a de Tagoja - Santa Cruz de La Palma<\/a><\/td><td class=\"column-2\">Santa Cruz de La Palma<\/td><td class=\"column-3\"><b><font COLOR=\"green\">Abierto \/ Open \/ Ge\u00f6ffnet<\/font><\/b><\/td>\n<\/tr>\n<tr class=\"row-20 even\">\n\t<td class=\"column-1\"><a href=\"https:\/\/www.senderosdelapalma.es\/senderos\/lista-de-senderos\/senderos-pequeno-recorrido\/pr-lp-03-2-fuente-de-olen-casa-del-monte\" rel=\"noopener noreferrer\" target=\"_blank\">PR LP 03.2. Fuente de Ol\u00e9n - Casa del Monte<\/a><\/td><td class=\"column-2\">Santa Cruz de La Palma - Puntallana - San Andr\u00e9s y Sauces<\/td><td class=\"column-3\"><b><font COLOR=\"green\">Abierto \/ Open \/ Ge\u00f6ffnet<\/font><\/b><br \/>\n<\/td>\n<\/tr>\n<tr class=\"row-21 odd\">\n\t<td class=\"column-1\"><a href=\"https:\/\/www.senderosdelapalma.es\/senderos\/lista-de-senderos\/senderos-pequeno-recorrido\/pr-lp-04-carretera-del-roque-los-muchachos-san-juan-de-puntallana\" rel=\"noopener noreferrer\" target=\"_blank\">PR LP 04. Roque Los Muchachos - S. Juan de Puntallana<\/a><\/td><td class=\"column-2\">Santa Cruz de La Palma<\/td><td class=\"column-3\"><b><font COLOR=\"green\">Abierto \/ Open \/ Ge\u00f6ffnet<\/font><\/b><\/td>\n<\/tr>\n<tr class=\"row-22 even\">\n\t<td class=\"column-1\"><a href=\"https:\/\/www.senderosdelapalma.es\/senderos\/lista-de-senderos\/senderos-pequeno-recorrido\/pr-lp-04-1-cruce-de-tenagua-pr-lp-4\" rel=\"noopener noreferrer\" target=\"_blank\">PR LP 04.1. Cruce de Tenagua - PR - LP 4<\/a><\/td><td class=\"column-2\">Puntallana<\/td><td class=\"column-3\"><b><font COLOR=\"green\">Abierto \/ Open \/ Ge\u00f6ffnet<\/font><\/b><\/td>\n<\/tr>\n<tr class=\"row-23 odd\">\n\t<td class=\"column-1\"><a href=\"https:\/\/www.senderosdelapalma.es\/senderos\/lista-de-senderos\/senderos-pequeno-recorrido\/pr-lp-05-1-cubo-de-la-galga\" rel=\"noopener noreferrer\" target=\"_blank\">PR LP 05.1. Cubo de La Galga<\/a><\/td><td class=\"column-2\">Puntallana<\/td><td class=\"column-3\"><b><font COLOR=\"green\">Abierto \/ Open \/ Ge\u00f6ffnet<\/font><\/b><\/td>\n<\/tr>\n<tr class=\"row-24 even\">\n\t<td class=\"column-1\"><a href=\"https:\/\/www.senderosdelapalma.es\/senderos\/lista-de-senderos\/senderos-pequeno-recorrido\/pr-lp-06-los-sauces-los-tilos\/\" rel=\"noopener noreferrer\" target=\"_blank\">PR LP 06. Los Sauces \u2013 Los Tilos. <br>Nacientes de Marcos y Cordero.<\/a><\/td><td class=\"column-2\">San Andr\u00e9s y Sauces<\/td><td class=\"column-3\"><b><font COLOR=\"orange\">Abierto \/ Open \/ Ge\u00f6ffnet<\/font><\/b><br \/>\n<p><b>[ES]<\/b>Cerrado desde la Casa del Monte hasta Espig\u00f3n Atravesado. <br \/>\n<\/p><br \/>\n<p><b>[EN]<\/b>Closed from Casa del Monte to Espig\u00f3n Agravesado. <br \/>\n<\/p><br \/>\n<p><b>[DE]<\/b>Geschlossen von Casa del Monte bis La Espig\u00f3n Atravesado.<br \/>\nGe\u00f6ffnet von Los Sauces bis La Cancela de Los Tilos<\/p><\/td>\n<\/tr>\n<tr class=\"row-25 odd\">\n\t<td class=\"column-1\"><a href=\"https:\/\/www.senderosdelapalma.es\/senderos\/lista-de-senderos\/senderos-pequeno-recorrido\/pr-lp-07-pico-de-la-cruz-los-sauces\/\" rel=\"noopener noreferrer\" target=\"_blank\">PR LP 07 Pico La Cruz - Los Sauces<\/a><\/td><td class=\"column-2\">San Andr\u00e9s y Sauces<\/td><td class=\"column-3\"><b><font COLOR=\"green\">Abierto \/ Open \/ Ge\u00f6ffnet<\/font><\/b><\/td>\n<\/tr>\n<tr class=\"row-26 even\">\n\t<td class=\"column-1\"><a href=\"https:\/\/www.senderosdelapalma.es\/senderos\/lista-de-senderos\/senderos-pequeno-recorrido\/pr-lp-07-1-las-cabezadas-los-tilos\" rel=\"noopener noreferrer\" target=\"_blank\">PR LP 07.1. Las Cabezadas - Los Tilos<\/a><\/td><td class=\"column-2\">San Andr\u00e9s y Sauces<\/td><td class=\"column-3\"><b><font COLOR=\"green\">Abierto \/ Open \/ Ge\u00f6ffnet<\/font><\/b><\/td>\n<\/tr>\n<tr class=\"row-27 odd\">\n\t<td class=\"column-1\"><a href=\"https:\/\/www.senderosdelapalma.es\/senderos\/lista-de-senderos\/senderos-pequeno-recorrido\/pr-lp-08-pico-de-la-cruz-barlovento\" rel=\"noopener noreferrer\" target=\"_blank\">PR LP 08. Pico de La Cruz - Barlovento<\/a><\/td><td class=\"column-2\">Barlovento<\/td><td class=\"column-3\"><b><font COLOR=\"green\">Abierto \/ Open \/ Ge\u00f6ffnet<\/font><\/b><\/td>\n<\/tr>\n<tr class=\"row-28 even\">\n\t<td class=\"column-1\"><a href=\"https:\/\/www.senderosdelapalma.es\/senderos\/lista-de-senderos\/senderos-pequeno-recorrido\/pr-lp-09-los-andenes-santo-domingo-de-garafia\" rel=\"noopener noreferrer\" target=\"_blank\">PR LP 09. Los Andenes - Santo Domingo de Garaf\u00eda<\/a><\/td><td class=\"column-2\">Villa de Garaf\u00eda<\/td><td class=\"column-3\"><b><font COLOR=\"green\">Abierto \/ Open \/ Ge\u00f6ffnet<\/font><\/b><\/td>\n<\/tr>\n<tr class=\"row-29 odd\">\n\t<td class=\"column-1\"><a href=\"https:\/\/www.senderosdelapalma.es\/senderos\/lista-de-senderos\/senderos-pequeno-recorrido\/pr-lp-09-1-roque-del-faro\" rel=\"noopener noreferrer\" target=\"_blank\">PR LP 09.01. Roque Faro - El Tablado - Roque Faro<\/a><\/td><td class=\"column-2\">Villa de Garaf\u00eda<\/td><td class=\"column-3\"><b><font COLOR=\"green\">Abierto \/ Open \/ Ge\u00f6ffnet<\/font><\/b><\/td>\n<\/tr>\n<tr class=\"row-30 even\">\n\t<td class=\"column-1\"><a href=\"https:\/\/www.senderosdelapalma.es\/senderos\/lista-de-senderos\/senderos-pequeno-recorrido\/pr-lp-09-2-la-zarza\" rel=\"noopener noreferrer\" target=\"_blank\">PR LP 09.02. La Caldera del Agua. La Zarza - Don Pedro - La Zarza<\/a><\/td><td class=\"column-2\">Villa de Garaf\u00eda<\/td><td class=\"column-3\"><b><font COLOR=\"green\">Abierto \/ Open \/ Ge\u00f6ffnet<\/font><\/b><\/td>\n<\/tr>\n<tr class=\"row-31 odd\">\n\t<td class=\"column-1\"><a href=\"https:\/\/www.senderosdelapalma.es\/senderos\/lista-de-senderos\/senderos-pequeno-recorrido\/pr-lp-10-la-traviesa-la-mata-mirador-de-hoya-grande\/\" rel=\"noopener noreferrer\" target=\"_blank\">PR LP 10. La Traviesa: La Mata - Mirador Hoya Grande<\/a><\/td><td class=\"column-2\">Villa de Garaf\u00eda<\/td><td class=\"column-3\"><b><font COLOR=\"green\">Abierto \/ Open \/ Ge\u00f6ffnet<\/font><\/b><\/td>\n<\/tr>\n<tr class=\"row-32 even\">\n\t<td class=\"column-1\"><a href=\"https:\/\/www.senderosdelapalma.es\/senderos\/lista-de-senderos\/senderos-pequeno-recorrido\/pr-lp-11-roque-de-los-muchachos-puntagorda\/\" rel=\"noopener noreferrer\" target=\"_blank\">PR LP 11. Roque de Los Muchachos - Puntagorda<\/a><\/td><td class=\"column-2\">Puntagorda<\/td><td class=\"column-3\"><b><font COLOR=\"green\">Abierto \/ Open \/ Ge\u00f6ffnet<\/font><\/b><\/td>\n<\/tr>\n<tr class=\"row-33 odd\">\n\t<td class=\"column-1\"><a href=\"https:\/\/www.senderosdelapalma.es\/senderos\/lista-de-senderos\/senderos-pequeno-recorrido\/pr-lp-12-roque-de-los-muchachos-tijarafe\" rel=\"noopener noreferrer\" target=\"_blank\">PR LP 12. Roque de Los Muchachos - Tijarafe<\/a><\/td><td class=\"column-2\">Tijarafe<\/td><td class=\"column-3\"><b><font COLOR=\"green\">Abierto \/ Open \/ Ge\u00f6ffnet<\/font><\/b><\/td>\n<\/tr>\n<tr class=\"row-34 even\">\n\t<td class=\"column-1\"><a href=\"https:\/\/www.senderosdelapalma.es\/senderos\/lista-de-senderos\/senderos-pequeno-recorrido\/pr-lp-12-1-lomo-de-las-piedras-altas-tinizara\" rel=\"noopener noreferrer\" target=\"_blank\">PR LP 12.1. Lomo de Las Piedras Altas . Tinizara<\/a><\/td><td class=\"column-2\">Tijarafe<\/td><td class=\"column-3\"><b><font COLOR=\"green\">Abierto \/ Open \/ Ge\u00f6ffnet<\/font><\/b><\/td>\n<\/tr>\n<tr class=\"row-35 odd\">\n\t<td class=\"column-1\"><a href=\"https:\/\/www.senderosdelapalma.es\/senderos\/lista-de-senderos\/senderos-pequeno-recorrido\/pr-lp-12-2-tijarafe\" rel=\"noopener noreferrer\" target=\"_blank\">PR LP 12.2. Tijarafe<\/a><\/td><td class=\"column-2\">Tijarafe<\/td><td class=\"column-3\"><b><font COLOR=\"Orange\">Abierto \/ Open \/ Ge\u00f6ffnet <\/font><\/b><br \/>\n<p><b>[ES]<\/b> El sendero PR LP 12.2 est\u00e1 afectado por las obras de la carretera en el Barranco del Jurado. El tramo cerrado va desde El Pueblo de Tijarafe hasta la ermita del Buen Jes\u00fas. <br \/>\n<a href=\"https:\/\/www.senderosdelapalma.es\/wp-content\/uploads\/2023\/12\/CIERRE_BCO_JURADO.jpg\" target=\"_blank\" rel=\"noopener\"><em><strong>Ver Mapa.<\/strong><\/em><\/a><br><br \/>\n<p><b>[EN]<\/b> The PR LP 12.2 trail is affected by road works in the Barranco del Jurado. The closed section goes from El Pueblo de Tijarafe to the Buen Jes\u00fas hermitage. <br \/>\n<a href=\"https:\/\/www.senderosdelapalma.es\/wp-content\/uploads\/2023\/12\/CIERRE_BCO_JURADO.jpg\" target=\"_blank\" rel=\"noopener\"><em><strong>See map.<\/strong><\/em><\/a><br><br \/>\n<p><b>[DE]<\/b> Der Wanderweg PR LP 12.2 ist von Stra\u00dfenbauarbeiten im Barranco del Jurado betroffen. Der gesperrte Abschnitt verl\u00e4uft von El Pueblo de Tijarafe bis zur Einsiedelei Buen Jes\u00fas.<br \/>\n<a href=\"https:\/\/www.senderosdelapalma.es\/wp-content\/uploads\/2023\/12\/CIERRE_BCO_JURADO.jpg\" target=\"_blank\" rel=\"noopener\"><em><strong>Siehe Karte.<\/strong><\/em><\/a><\/td>\n<\/tr>\n<tr class=\"row-36 even\">\n\t<td class=\"column-1\"><a href=\"https:\/\/www.senderosdelapalma.es\/senderos\/lista-de-senderos\/senderos-pequeno-recorrido\/pr-lp-13-los-llanos-de-aridane-caldera-de-taburiente\" rel=\"noopener noreferrer\" target=\"_blank\">PR LP 13. Los Llanos de Aridane - Caldera de Taburiente<\/a><\/td><td class=\"column-2\">Los Llanos de Aridane<\/td><td class=\"column-3\"><b><font COLOR=\"Orange\">Abierto \/ Open \/ Ge\u00f6ffnet<\/font><\/b><br \/>\n<p><b>[ES]<\/b> - Brecitos - Zona de Acampada: ABIERTO<br \/>\n- Zona de Acampada - Desv\u00edo Cascada de Colores (El Revent\u00f3n):\u00a0 .CERRADO\u00a0<br \/>\n- Cascada de Colores - Parking Bco. de Las Angustias: ABIERTO<\/p><br \/>\n<p><b>[EN]<\/b> - Brecitos - Camping Area: OPEN<br \/>\n- Camping Area - Cascada de Colores detour (El Revent\u00f3n): CLOSED<br \/>\n- Cascada de Colores - Barranco de Las Angustias Parking: OPEN<\/p><br \/>\n<p><b>[DE]<\/b> <br \/>\n- Los Brecitos - Campingplatz: OFFEN<br \/>\n- Campingplatz - Abzweigung Cascada de Colores (El Revent\u00f3n): GESPERRT<br \/>\n- Cascada de Colores - Parkplatz Barranco de Las Angustias: OFFEN.<\/p><\/td>\n<\/tr>\n<tr class=\"row-37 odd\">\n\t<td class=\"column-1\"><a href=\"https:\/\/www.senderosdelapalma.es\/senderos\/lista-de-senderos\/senderos-pequeno-recorrido\/pr-lp-13-1-mirador-de-la-cumbrecita-zona-de-acampada-de-taburiente\" rel=\"noopener noreferrer\" target=\"_blank\">PR LP 13.1. Mirador La Cumbrecita - Zona de Acampada<\/a><\/td><td class=\"column-2\">El Paso<\/td><td class=\"column-3\"><b><font COLOR=\"red\">Cerrado \/ Closed \/ Gesperrt <\/font><\/b><\/td>\n<\/tr>\n<tr class=\"row-38 even\">\n\t<td class=\"column-1\"><a href=\"https:\/\/www.senderosdelapalma.es\/senderos\/lista-de-senderos\/senderos-pequeno-recorrido\/pr-lp-13-3-centro-visitantes-parque-nacional-pico-bejenado-centro-visitantes-parque-nacional-canarias-la-palma\" rel=\"noopener noreferrer\" target=\"_blank\">PR LP 13.3. Centro Visitantes Parque Nacional - Pico Bejenado - Centro Visitantes Parque Nacional<\/a><\/td><td class=\"column-2\">El Paso<\/td><td class=\"column-3\"><b><font COLOR=\"green\">Abierto \/ Open \/ Ge\u00f6ffnet<\/font><\/b><\/td>\n<\/tr>\n<tr class=\"row-39 odd\">\n\t<td class=\"column-1\"><a href=\"https:\/\/www.senderosdelapalma.es\/senderos\/lista-de-senderos\/senderos-pequeno-recorrido\/pr-lp-14-refugio-de-el-pilar-el-paso\/\" rel=\"noopener noreferrer\" target=\"_blank\">PR LP 14 Refugio de El Pilar - El Paso<\/a><\/td><td class=\"column-2\">El Paso<\/td><td class=\"column-3\"><b><font COLOR=\"green\">Abierto \/ Open \/ Ge\u00f6ffnet<\/font><\/b><\/td>\n<\/tr>\n<tr class=\"row-40 even\">\n\t<td class=\"column-1\"><a href=\"https:\/\/www.senderosdelapalma.es\/senderos\/lista-de-senderos\/senderos-pequeno-recorrido\/pr-lp-14-1-lavas-de-san-juan\/\" rel=\"noopener noreferrer\" target=\"_blank\">PR LP 14.1. Lavas de San Juan<\/a><\/td><td class=\"column-2\">El Paso <\/td><td class=\"column-3\"><b><font COLOR=\"green\">Abierto \/ Open \/ Ge\u00f6ffnet<\/font><\/b><\/td>\n<\/tr>\n<tr class=\"row-41 odd\">\n\t<td class=\"column-1\"><a href=\"https:\/\/www.senderosdelapalma.es\/senderos\/lista-de-senderos\/senderos-pequeno-recorrido\/pr-lp-15-tigalate-jedey\/\" rel=\"noopener noreferrer\" target=\"_blank\">PR LP 15. Tigalate \u2013 Jedey<\/a><\/td><td class=\"column-2\">El Paso - Villa de Mazo<\/td><td class=\"column-3\"><b><font COLOR=\"green\">Abierto \/ Open \/ Ge\u00f6ffnet<\/font><\/b><\/td>\n<\/tr>\n<tr class=\"row-42 even\">\n\t<td class=\"column-1\"><a href=\"https:\/\/www.senderosdelapalma.es\/senderos\/lista-de-senderos\/senderos-pequeno-recorrido\/pr-lp-16-refugio-de-el-pilar-playa-del-hoyo\" rel=\"noopener noreferrer\" target=\"_blank\">PR LP 16. Refugio de El Pilar - Playa del Hoyo<\/a><\/td><td class=\"column-2\">El Paso - Villa de Mazo<\/td><td class=\"column-3\"><b><font COLOR=\"green\">Abierto \/ Open \/ Ge\u00f6ffnet<\/font><\/b><\/td>\n<\/tr>\n<tr class=\"row-43 odd\">\n\t<td class=\"column-1\"><a href=\"https:\/\/www.senderosdelapalma.es\/senderos\/lista-de-senderos\/senderos-pequeno-recorrido\/pr-lp-16-1-cruce-con-el-sendero-pr-lp-16-la-salemera\" rel=\"noopener noreferrer\" target=\"_blank\">PR LP 16.1 Cruce con el sendero PR LP 16 - La Salemera<\/a><\/td><td class=\"column-2\">Villa de Mazo<\/td><td class=\"column-3\"><b><font COLOR=\"green\">Abierto \/ Open \/ Ge\u00f6ffnet<\/font><\/b><\/td>\n<\/tr>\n<tr class=\"row-44 even\">\n\t<td class=\"column-1\"><a href=\"https:\/\/www.senderosdelapalma.es\/senderos\/lista-de-senderos\/senderos-pequeno-recorrido\/pr-lp-17-camino-de-la-faya-refugio-del-pilar-playa-del-hoyo\" rel=\"noopener noreferrer\" target=\"_blank\">PR LP 17. Camino de La Faya: Refugio de El Pilar - Playa del Hoyo<\/a><\/td><td class=\"column-2\">El Paso - Villa de Mazo<\/td><td class=\"column-3\"><b><font COLOR=\"green\">Abierto \/ Open \/ Ge\u00f6ffnet<\/font><\/b><\/td>\n<\/tr>\n<tr class=\"row-45 odd\">\n\t<td class=\"column-1\"><a href=\"https:\/\/www.senderosdelapalma.es\/senderos\/lista-de-senderos\/senderos-pequeno-recorrido\/pr-lp-18-refugio-de-el-pilar-los-guinchos\" rel=\"noopener noreferrer\" target=\"_blank\">PR LP 18. Refugio de El Pilar - Los Guinchos<\/a><\/td><td class=\"column-2\">El Paso - Villa de Mazo - Bre\u00f1a Baja<\/td><td class=\"column-3\"><b><font COLOR=\"green\">Abierto \/ Open \/ Ge\u00f6ffnet<\/font><\/b><\/td>\n<\/tr>\n<tr class=\"row-46 even\">\n\t<td class=\"column-1\"><a href=\"https:\/\/www.senderosdelapalma.es\/senderos\/lista-de-senderos\/senderos-pequeno-recorrido\/pr-lp-18-1-los-cancajos-cruz-de-la-pavona\" rel=\"noopener noreferrer\" target=\"_blank\">PR LP 18.1. Los Cancajos - Cruz de La Pavona<\/a><\/td><td class=\"column-2\">Bre\u00f1a Baja<\/td><td class=\"column-3\"><b><font COLOR=\"green\">Abierto \/ Open \/ Ge\u00f6ffnet<\/font><\/b><\/td>\n<\/tr>\n<tr class=\"row-47 odd\">\n\t<td class=\"column-1\"><a href=\"https:\/\/www.senderosdelapalma.es\/senderos\/lista-de-senderos\/senderos-pequeno-recorrido\/pr-lp-18-2-la-calafata-pista-del-carbonero\" rel=\"noopener noreferrer\" target=\"_blank\">PR LP 18.2. La Calafata - Pista del Carbonero<\/a><\/td><td class=\"column-2\">Bre\u00f1a Alta<\/td><td class=\"column-3\"><b><font COLOR=\"green\">Abierto \/ Open \/ Ge\u00f6ffnet<\/font><\/b><\/td>\n<\/tr>\n<tr class=\"row-48 even\">\n\t<td class=\"column-1\"><a href=\"https:\/\/www.senderosdelapalma.es\/senderos\/lista-de-senderos\/senderos-pequeno-recorrido\/pr-lp-19-las-fuentes-de-las-brenas-san-pedro-la-calafata\" rel=\"noopener noreferrer\" target=\"_blank\">PR LP 19. Las Fuentes de Las Bre\u00f1as: San Pedro - La Calafata<\/a><\/td><td class=\"column-2\">Bre\u00f1a Alta<\/td><td class=\"column-3\"><b><font COLOR=\"green\">Abierto \/ Open \/ Ge\u00f6ffnet<\/font><\/b><\/td>\n<\/tr>\n<tr class=\"row-49 odd\">\n\t<td class=\"column-1\"><a href=\"https:\/\/www.senderosdelapalma.es\/senderos\/lista-de-senderos\/senderos-pequeno-recorrido\/pr-lp-20-briesta-barlovento\" rel=\"noopener noreferrer\" target=\"_blank\">PR LP 20. Briesta - Barlovento<\/a><\/td><td class=\"column-2\">Villa de Garaf\u00eda - Barlovento<\/td><td class=\"column-3\"><b><font COLOR=\"Orange\">Abierto \/ Open \/ Ge\u00f6ffnet <\/font><\/b><br \/>\n<p><b>[ES]<\/b> Cerrado entre Las Goteras y Briestas.<br \/>\n<p><b>[EN]<\/b> Closed between Las Goteras and Briestas.<br \/>\n<p><b>[DE]<\/b> Zwischen Las Goteras und Briestas gesperrt.<br \/>\n<br><\/td>\n<\/tr>\n<tr class=\"row-50 even\">\n\t<td class=\"column-1\"><a href=\"https:\/\/www.senderosdelapalma.es\/senderos\/lista-de-senderos\/senderos-locales\/sl-bb-131-camino-de-la-ratona-camino-de-la-faya\" rel=\"noopener noreferrer\" target=\"_blank\">SL BB 131. Camino de La Ratona - Camino de La Faya<\/a><\/td><td class=\"column-2\">Bre\u00f1a Baja - Villa de Mazo<\/td><td class=\"column-3\"><b><font COLOR=\"green\">Abierto \/ Open \/ Ge\u00f6ffnet<\/font><\/b><\/td>\n<\/tr>\n<tr class=\"row-51 odd\">\n\t<td class=\"column-1\"><a href=\"https:\/\/www.senderosdelapalma.es\/senderos\/lista-de-senderos\/senderos-locales\/sl-bb-132-area-recreativa-de-la-pared-vieja-camino-de-la-faya\" rel=\"noopener noreferrer\" target=\"_blank\">SL BB 132. \u00c1rea Recreativa de la Pared Vieja - Camino de La Faya<\/a><\/td><td class=\"column-2\">Bre\u00f1a Alta - Villa de Mazo - Bre\u00f1a Baja<\/td><td class=\"column-3\"><b><font COLOR=\"green\">Abierto \/ Open \/ Ge\u00f6ffnet<\/font><\/b><\/td>\n<\/tr>\n<tr class=\"row-52 even\">\n\t<td class=\"column-1\"><a href=\"https:\/\/www.senderosdelapalma.es\/senderos\/lista-de-senderos\/senderos-locales\/sl-bl-40-barlovento\" rel=\"noopener noreferrer\" target=\"_blank\">SL BL 40 Barlovento<\/a><\/td><td class=\"column-2\">Barlovento<\/td><td class=\"column-3\"><b><font COLOR=\"green\">Abierto \/ Open \/ Ge\u00f6ffnet<\/font><\/b><\/td>\n<\/tr>\n<tr class=\"row-53 odd\">\n\t<td class=\"column-1\"><a href=\"https:\/\/www.senderosdelapalma.es\/senderos\/lista-de-senderos\/senderos-locales\/sl-bl-41-barlovento-piscina-de-la-fajana\" rel=\"noopener noreferrer\" target=\"_blank\">SL BL 41 Barlovento - Piscina de La Fajana<\/a><\/td><td class=\"column-2\">Barlovento<\/td><td class=\"column-3\"><b><font COLOR=\"green\">Abierto \/ Open \/ Ge\u00f6ffnet<\/font><\/b><\/td>\n<\/tr>\n<tr class=\"row-54 even\">\n\t<td class=\"column-1\"><a href=\"https:\/\/www.senderosdelapalma.es\/senderos\/lista-de-senderos\/senderos-locales\/sl-ep-100-tacande-pista-de-piedras-blancas\" rel=\"noopener noreferrer\" target=\"_blank\">SL EP 100. Tacande - Pista de Piedras Blancas<\/a><\/td><td class=\"column-2\">El Paso<\/td><td class=\"column-3\"><b><font COLOR=\"green\">Abierto \/ Open \/ Ge\u00f6ffnet<\/font><\/b><\/td>\n<\/tr>\n<tr class=\"row-55 odd\">\n\t<td class=\"column-1\"><a href=\"https:\/\/www.senderosdelapalma.es\/senderos\/lista-de-senderos\/senderos-locales\/sl-ep-101-tacande-llanos-del-jable-canarias-la-palma\" rel=\"noopener noreferrer\" target=\"_blank\">SL EP 101. Tacande - Llanos del Jable<\/a><\/td><td class=\"column-2\">El Paso<\/td><td class=\"column-3\"><b><font COLOR=\"green\">Abierto \/ Open \/ Ge\u00f6ffnet<\/font><\/b><\/td>\n<\/tr>\n<tr class=\"row-56 even\">\n\t<td class=\"column-1\"><a href=\"https:\/\/www.senderosdelapalma.es\/senderos\/lista-de-senderos\/senderos-locales\/sl-ep-103-llanos-del-jable-lavas-de-san-juan\" rel=\"noopener noreferrer\" target=\"_blank\">SL EP 103. Llanos del Jable - Lavas de San Juan<\/a><\/td><td class=\"column-2\">El Paso<\/td><td class=\"column-3\"><b><font COLOR=\"red\">Cerrado \/ Closed \/ Gesperrt <\/font><\/b><p><b>[ES]<\/b>Sendero en zona de exclusi\u00f3n. <br \/>\n<\/p><br \/>\n<p><b>[EN]<\/b>Path in an exclusion zone. <br \/>\n<\/p><br \/>\n<p><b>[DE]<\/b>Pfad in einer Sperrzone<\/p><\/td>\n<\/tr>\n<tr class=\"row-57 odd\">\n\t<td class=\"column-1\"><a href=\"https:\/\/www.senderosdelapalma.es\/senderos\/lista-de-senderos\/senderos-locales\/sl-ep-104-mirador-de-los-llanos-del-jable-pista-de-la-barquita\" rel=\"noopener noreferrer\" target=\"_blank\">SL EP 104. Mirador de Los Llanos del Jable - Pista de La Barquita<\/a><\/td><td class=\"column-2\">El Paso<\/td><td class=\"column-3\"><b><font COLOR=\"green\">Abierto \/ Open \/ Ge\u00f6ffnet<\/font><\/b><\/td>\n<\/tr>\n<tr class=\"row-58 even\">\n\t<td class=\"column-1\"><a href=\"https:\/\/www.senderosdelapalma.es\/senderos\/lista-de-senderos\/senderos-locales\/sl-ep-105-lavas-de-san-juan-pista-de-la-barquita\" rel=\"noopener noreferrer\" target=\"_blank\">SL EP 105. Lavas de San Juan - Pista de la Barquita<\/a><\/td><td class=\"column-2\">El Paso<\/td><td class=\"column-3\"><b><font COLOR=\"green\">Abierto \/ Open \/ Ge\u00f6ffnet<\/font><\/b><\/td>\n<\/tr>\n<tr class=\"row-59 odd\">\n\t<td class=\"column-1\"><a href=\"https:\/\/www.senderosdelapalma.es\/senderos\/lista-de-senderos\/senderos-locales\/sl-ep-107-san-nicolas-hoyo-de-la-sima\" rel=\"noopener noreferrer\" target=\"_blank\">SL EP 107. San Nicol\u00e1s - Hoyo de La Sima<\/a><\/td><td class=\"column-2\">El Paso<\/td><td class=\"column-3\"><b><font COLOR=\"green\">Abierto \/ Open \/ Ge\u00f6ffnet<\/font><\/b><\/td>\n<\/tr>\n<tr class=\"row-60 even\">\n\t<td class=\"column-1\"><a href=\"https:\/\/www.senderosdelapalma.es\/senderos\/lista-de-senderos\/senderos-locales\/sl-fu-110-montana-de-los-faros-pista-general-del-este\" rel=\"noopener noreferrer\" target=\"_blank\">SL FU 110. Monta\u00f1a de Los Faros - Pista general del Este<\/a><\/td><td class=\"column-2\">Fuencaliente<\/td><td class=\"column-3\"><b><font COLOR=\"green\">Abierto \/ Open \/ Ge\u00f6ffnet<\/font><\/b><\/td>\n<\/tr>\n<tr class=\"row-61 odd\">\n\t<td class=\"column-1\"><a href=\"https:\/\/www.senderosdelapalma.es\/senderos\/lista-de-senderos\/senderos-locales\/sl-fu-111-pie-del-volcan-martin-fuente-de-el-tion\" rel=\"noopener noreferrer\" target=\"_blank\">SL FU 111. Pie del Volc\u00e1n Mart\u00edn - Fuente de El Ti\u00f3n<\/a><\/td><td class=\"column-2\">Fuencaliente<\/td><td class=\"column-3\"><b><font COLOR=\"green\">Abierto \/ Open \/ Ge\u00f6ffnet<\/font><\/b><\/td>\n<\/tr>\n<tr class=\"row-62 even\">\n\t<td class=\"column-1\"><a href=\"https:\/\/www.senderosdelapalma.es\/senderos\/lista-de-senderos\/senderos-locales\/sl-fu-112-los-quemados-el-puertito\" rel=\"noopener noreferrer\" target=\"_blank\">SL FU 112. Los Quemados - El Puertito<\/a><\/td><td class=\"column-2\">Fuencaliente<\/td><td class=\"column-3\"><b><font COLOR=\"green\">Abierto \/ Open \/ Ge\u00f6ffnet<\/font><\/b><\/td>\n<\/tr>\n<tr class=\"row-63 odd\">\n\t<td class=\"column-1\"><a href=\"https:\/\/www.senderosdelapalma.es\/senderos\/lista-de-senderos\/senderos-locales\/sl-pl-20-pr-lp-3-1-pr-lp-4\" rel=\"noopener noreferrer\" target=\"_blank\">SL PL 20. PR LP 3.1 - PR LP 4<\/a><\/td><td class=\"column-2\">Puntallana<\/td><td class=\"column-3\"><b><font COLOR=\"green\">Abierto \/ Open \/ Ge\u00f6ffnet<\/font><\/b><\/td>\n<\/tr>\n<tr class=\"row-64 even\">\n\t<td class=\"column-1\"><a href=\"https:\/\/www.senderosdelapalma.es\/senderos\/lista-de-senderos\/senderos-locales\/sl-sc-14-llano-de-las-vacas-pr-lp-4\" rel=\"noopener noreferrer\" target=\"_blank\">SL SC 14. Llano de Las Vacas - PR LP 4<\/a><\/td><td class=\"column-2\">Santa Cruz de La Palma<\/td><td class=\"column-3\"><b><font COLOR=\"green\">Abierto \/ Open \/ Ge\u00f6ffnet<\/font><\/b><\/td>\n<\/tr>\n<tr class=\"row-65 odd\">\n\t<td class=\"column-1\"><a href=\"https:\/\/www.senderosdelapalma.es\/senderos\/lista-de-senderos\/senderos-locales\/sl-tj-70-montana-bermeja-pr-lp-10\" rel=\"noopener noreferrer\" target=\"_blank\">SL TJ 70. Monta\u00f1a Bermeja- PR LP 10<\/a><\/td><td class=\"column-2\">Tijarafe<\/td><td class=\"column-3\"><b><font COLOR=\"green\">Abierto \/ Open \/ Ge\u00f6ffnet<\/font><\/b><br \/>\n<\/td>\n<\/tr>\n<tr class=\"row-66 even\">\n\t<td class=\"column-1\"><a href=\"https:\/\/www.senderosdelapalma.es\/senderos\/lista-de-senderos\/senderos-locales\/sl-tj-71-el-jesus-risco-de-las-pareditas\" rel=\"noopener noreferrer\" target=\"_blank\">SL TJ 71. El Jes\u00fas - Risco de las Pareditas<\/a><\/td><td class=\"column-2\">Tijarafe<\/td><td class=\"column-3\"><b><font COLOR=\"green\">Abierto \/ Open \/ Ge\u00f6ffnet <\/font><\/b><br \/>\n<\/td>\n<\/tr>\n<tr class=\"row-67 odd\">\n\t<td class=\"column-1\"><a href=\"https:\/\/www.senderosdelapalma.es\/senderos\/lista-de-senderos\/senderos-locales\/sl-vg-51-el-bailadero-santo-domingo\" rel=\"noopener noreferrer\" target=\"_blank\">SL VG 51. El Bailadero - Santo Domingo<\/a><\/td><td class=\"column-2\">Villa de Garaf\u00eda<\/td><td class=\"column-3\"><b><font COLOR=\"green\">Abierto \/ Open \/ Ge\u00f6ffnet<\/font><\/b><\/td>\n<\/tr>\n<tr class=\"row-68 even\">\n\t<td class=\"column-1\"><a href=\"https:\/\/www.senderosdelapalma.es\/senderos\/lista-de-senderos\/senderos-locales\/sl-vg-55-las-tricias-la-traviesa\" rel=\"noopener noreferrer\" target=\"_blank\">SL VG 55. Las Tricias - La Traviesa<\/a><\/td><td class=\"column-2\">Villa de Garaf\u00eda<\/td><td class=\"column-3\"><b><font COLOR=\"green\">Abierto \/ Open \/ Ge\u00f6ffnet<\/font><\/b><\/td>\n<\/tr>\n<tr class=\"row-69 odd\">\n\t<td class=\"column-1\"><a href=\"https:\/\/www.senderosdelapalma.es\/senderos\/lista-de-senderos\/senderos-locales\/sl-vm-122-camino-de-la-ratona-camino-de-la-faya\" rel=\"noopener noreferrer\" target=\"_blank\">SL VM 122. Camino de La Ratona - Camino de La Faya<\/a><\/td><td class=\"column-2\">Villa de Mazo<\/td><td class=\"column-3\"><b><font COLOR=\"green\">Abierto \/ Open \/ Ge\u00f6ffnet<\/font><\/b><\/td>\n<\/tr>\n<tr class=\"row-70 even\">\n\t<td class=\"column-1\"><a href=\"https:\/\/www.senderosdelapalma.es\/senderos\/lista-de-senderos\/senderos-locales\/sl-vm-123-sl-vm-126-pr-lp-16\" rel=\"noopener noreferrer\" target=\"_blank\">SL VM 123. SL VM 126 \u2013 PR LP 16<\/a><\/td><td class=\"column-2\">Villa de Mazo<\/td><td class=\"column-3\"><b><font COLOR=\"green\">Abierto \/ Open \/ Ge\u00f6ffnet<\/font><\/b><\/td>\n<\/tr>\n<tr class=\"row-71 odd\">\n\t<td class=\"column-1\"><a href=\"https:\/\/www.senderosdelapalma.es\/senderos\/lista-de-senderos\/senderos-locales\/sl-vm-124-camino-de-la-faya-pr-lp-16\" rel=\"noopener noreferrer\" target=\"_blank\">SL VM 124. Camino de la Faya \u2013 PR LP 16<\/a><\/td><td class=\"column-2\">Villa de Mazo<\/td><td class=\"column-3\"><b><font COLOR=\"green\">Abierto \/ Open \/ Ge\u00f6ffnet<\/font><\/b><\/td>\n<\/tr>\n<tr class=\"row-72 even\">\n\t<td class=\"column-1\"><a href=\"https:\/\/www.senderosdelapalma.es\/senderos\/lista-de-senderos\/senderos-locales\/sl-vm-125-llanos-de-las-moscas-lomo-del-volcan-de-hoyo-negro\" rel=\"noopener noreferrer\" target=\"_blank\">SL VM 125. Llanos de Las Moscas - Lomo del Volc\u00e1n de Hoyo Negro<\/a><\/td><td class=\"column-2\">Villa de Mazo<\/td><td class=\"column-3\"><b><font COLOR=\"green\">Abierto \/ Open \/ Ge\u00f6ffnet<\/font><\/b><\/td>\n<\/tr>\n<tr class=\"row-73 odd\">\n\t<td class=\"column-1\"><a href=\"https:\/\/www.senderosdelapalma.es\/senderos\/lista-de-senderos\/senderos-locales\/sl-vm-126-cruz-del-monte-camino-de-la-faya\" rel=\"noopener noreferrer\" target=\"_blank\">SL VM 126. Cruz del Monte - Camino de La Faya<\/a><\/td><td class=\"column-2\">Villa de Mazo<\/td><td class=\"column-3\"><b><font COLOR=\"green\">Abierto \/ Open \/ Ge\u00f6ffnet<\/font><\/b><\/td>\n<\/tr>\n<\/tbody>\n<\/table>\n<!-- #tablepress-14 from cache -->[\/vc_column_text][vc_empty_space][vc_separator type=\u00a0\u00bbtransparent\u00a0\u00bb up=\u00a0\u00bb40&Prime;][\/vc_column][\/vc_row]<\/p>\n<\/section>","protected":false},"excerpt":{"rendered":"<p>[vc_row type=\u00a0\u00bbgrid\u00a0\u00bb css=\u00a0\u00bb.vc_custom_1705486350609{margin-top: 80px !important;}\u00a0\u00bb][vc_column][vc_empty_space][vc_column_text] Derni\u00e8res informations sur l&rsquo;\u00e9tat du R\u00e9seau Insulaire de Sentiers et des Espaces d&rsquo;Usage Public [\/vc_column_text][vc_empty_space][vc_column_text] \u00c0 la suite des r\u00e9cents \u00e9pisodes de fortes pluies et de vents violents enregistr\u00e9s sur l\u2019\u00eele de La Palma, des \u00e9boulements, des chutes d\u2019arbres et&#8230;<\/p>\n","protected":false},"author":1,"featured_media":0,"parent":0,"menu_order":0,"comment_status":"closed","ping_status":"closed","template":"full_width.php","meta":[],"yoast_head":"<!-- This site is optimized with the Yoast SEO plugin v21.0 - https:\/\/yoast.com\/wordpress\/plugins\/seo\/ -->\n<title>Situation des sentiers - Red de Senderos de La Palma<\/title>\n<meta name=\"robots\" content=\"index, follow, max-snippet:-1, max-image-preview:large, max-video-preview:-1\" \/>\n<link rel=\"canonical\" href=\"https:\/\/www.senderosdelapalma.es\/fr\/situation-des-sentiers\/\" \/>\n<meta property=\"og:locale\" content=\"fr_FR\" \/>\n<meta property=\"og:type\" content=\"article\" \/>\n<meta property=\"og:title\" content=\"Situation des sentiers - Red de Senderos de La Palma\" \/>\n<meta property=\"og:description\" content=\"[vc_row type=\u00a0\u00bbgrid\u00a0\u00bb css=\u00a0\u00bb.vc_custom_1705486350609{margin-top: 80px !important;}\u00a0\u00bb][vc_column][vc_empty_space][vc_column_text] Derni\u00e8res informations sur l&rsquo;\u00e9tat du R\u00e9seau Insulaire de Sentiers et des Espaces d&rsquo;Usage Public [\/vc_column_text][vc_empty_space][vc_column_text] \u00c0 la suite des r\u00e9cents \u00e9pisodes de fortes pluies et de vents violents enregistr\u00e9s sur l\u2019\u00eele de La Palma, des \u00e9boulements, des chutes d\u2019arbres et...\" \/>\n<meta property=\"og:url\" content=\"https:\/\/www.senderosdelapalma.es\/fr\/situation-des-sentiers\/\" \/>\n<meta property=\"og:site_name\" content=\"Red de Senderos de La Palma\" \/>\n<meta property=\"article:publisher\" content=\"https:\/\/www.facebook.com\/senderoslapalma\" \/>\n<meta property=\"article:modified_time\" content=\"2026-04-02T23:59:01+00:00\" \/>\n<meta property=\"og:image\" content=\"https:\/\/www.senderosdelapalma.es\/wp-content\/uploads\/2014\/12\/redsenderosdelapalma_01.jpg\" \/>\n\t<meta property=\"og:image:width\" content=\"1920\" \/>\n\t<meta property=\"og:image:height\" content=\"1084\" \/>\n\t<meta property=\"og:image:type\" content=\"image\/jpeg\" \/>\n<meta name=\"twitter:card\" content=\"summary_large_image\" \/>\n<meta name=\"twitter:site\" content=\"@SenderosdeLaPal\" \/>\n<meta name=\"twitter:label1\" content=\"Dur\u00e9e de lecture estim\u00e9e\" \/>\n\t<meta name=\"twitter:data1\" content=\"1 minute\" \/>\n<script type=\"application\/ld+json\" class=\"yoast-schema-graph\">{\"@context\":\"https:\/\/schema.org\",\"@graph\":[{\"@type\":\"WebPage\",\"@id\":\"https:\/\/www.senderosdelapalma.es\/fr\/situation-des-sentiers\/\",\"url\":\"https:\/\/www.senderosdelapalma.es\/fr\/situation-des-sentiers\/\",\"name\":\"Situation des sentiers - Red de Senderos de La Palma\",\"isPartOf\":{\"@id\":\"https:\/\/www.senderosdelapalma.es\/#website\"},\"datePublished\":\"2015-04-01T09:44:48+00:00\",\"dateModified\":\"2026-04-02T23:59:01+00:00\",\"breadcrumb\":{\"@id\":\"https:\/\/www.senderosdelapalma.es\/fr\/situation-des-sentiers\/#breadcrumb\"},\"inLanguage\":\"fr-FR\",\"potentialAction\":[{\"@type\":\"ReadAction\",\"target\":[\"https:\/\/www.senderosdelapalma.es\/fr\/situation-des-sentiers\/\"]}]},{\"@type\":\"BreadcrumbList\",\"@id\":\"https:\/\/www.senderosdelapalma.es\/fr\/situation-des-sentiers\/#breadcrumb\",\"itemListElement\":[{\"@type\":\"ListItem\",\"position\":1,\"name\":\"Portada\",\"item\":\"https:\/\/www.senderosdelapalma.es\/fr\/\"},{\"@type\":\"ListItem\",\"position\":2,\"name\":\"Situation des sentiers\"}]},{\"@type\":\"WebSite\",\"@id\":\"https:\/\/www.senderosdelapalma.es\/#website\",\"url\":\"https:\/\/www.senderosdelapalma.es\/\",\"name\":\"Red de Senderos de La Palma\",\"description\":\"La Palma, la isla de los senderistas. Una enorme variedad de climas, relieves y paisajes te est\u00e1n esperando.  \",\"publisher\":{\"@id\":\"https:\/\/www.senderosdelapalma.es\/#organization\"},\"potentialAction\":[{\"@type\":\"SearchAction\",\"target\":{\"@type\":\"EntryPoint\",\"urlTemplate\":\"https:\/\/www.senderosdelapalma.es\/?s={search_term_string}\"},\"query-input\":\"required name=search_term_string\"}],\"inLanguage\":\"fr-FR\"},{\"@type\":\"Organization\",\"@id\":\"https:\/\/www.senderosdelapalma.es\/#organization\",\"name\":\"Red de Senderos de La Palma\",\"url\":\"https:\/\/www.senderosdelapalma.es\/\",\"logo\":{\"@type\":\"ImageObject\",\"inLanguage\":\"fr-FR\",\"@id\":\"https:\/\/www.senderosdelapalma.es\/#\/schema\/logo\/image\/\",\"url\":\"https:\/\/www.senderosdelapalma.es\/wp-content\/uploads\/2015\/06\/cabildo_la_palma-01.png\",\"contentUrl\":\"https:\/\/www.senderosdelapalma.es\/wp-content\/uploads\/2015\/06\/cabildo_la_palma-01.png\",\"width\":3508,\"height\":2479,\"caption\":\"Red de Senderos de La Palma\"},\"image\":{\"@id\":\"https:\/\/www.senderosdelapalma.es\/#\/schema\/logo\/image\/\"},\"sameAs\":[\"https:\/\/www.facebook.com\/senderoslapalma\",\"https:\/\/twitter.com\/SenderosdeLaPal\",\"https:\/\/www.instagram.com\/senderosdelapalma\/\",\"https:\/\/www.pinterest.es\/senderoslp\/\"]}]}<\/script>\n<!-- \/ Yoast SEO plugin. -->","yoast_head_json":{"title":"Situation des sentiers - Red de Senderos de La Palma","robots":{"index":"index","follow":"follow","max-snippet":"max-snippet:-1","max-image-preview":"max-image-preview:large","max-video-preview":"max-video-preview:-1"},"canonical":"https:\/\/www.senderosdelapalma.es\/fr\/situation-des-sentiers\/","og_locale":"fr_FR","og_type":"article","og_title":"Situation des sentiers - Red de Senderos de La Palma","og_description":"[vc_row type=\u00a0\u00bbgrid\u00a0\u00bb css=\u00a0\u00bb.vc_custom_1705486350609{margin-top: 80px !important;}\u00a0\u00bb][vc_column][vc_empty_space][vc_column_text] Derni\u00e8res informations sur l&rsquo;\u00e9tat du R\u00e9seau Insulaire de Sentiers et des Espaces d&rsquo;Usage Public [\/vc_column_text][vc_empty_space][vc_column_text] \u00c0 la suite des r\u00e9cents \u00e9pisodes de fortes pluies et de vents violents enregistr\u00e9s sur l\u2019\u00eele de La Palma, des \u00e9boulements, des chutes d\u2019arbres et...","og_url":"https:\/\/www.senderosdelapalma.es\/fr\/situation-des-sentiers\/","og_site_name":"Red de Senderos de La Palma","article_publisher":"https:\/\/www.facebook.com\/senderoslapalma","article_modified_time":"2026-04-02T23:59:01+00:00","og_image":[{"width":1920,"height":1084,"url":"https:\/\/www.senderosdelapalma.es\/wp-content\/uploads\/2014\/12\/redsenderosdelapalma_01.jpg","type":"image\/jpeg"}],"twitter_card":"summary_large_image","twitter_site":"@SenderosdeLaPal","twitter_misc":{"Dur\u00e9e de lecture estim\u00e9e":"1 minute"},"schema":{"@context":"https:\/\/schema.org","@graph":[{"@type":"WebPage","@id":"https:\/\/www.senderosdelapalma.es\/fr\/situation-des-sentiers\/","url":"https:\/\/www.senderosdelapalma.es\/fr\/situation-des-sentiers\/","name":"Situation des sentiers - Red de Senderos de La Palma","isPartOf":{"@id":"https:\/\/www.senderosdelapalma.es\/#website"},"datePublished":"2015-04-01T09:44:48+00:00","dateModified":"2026-04-02T23:59:01+00:00","breadcrumb":{"@id":"https:\/\/www.senderosdelapalma.es\/fr\/situation-des-sentiers\/#breadcrumb"},"inLanguage":"fr-FR","potentialAction":[{"@type":"ReadAction","target":["https:\/\/www.senderosdelapalma.es\/fr\/situation-des-sentiers\/"]}]},{"@type":"BreadcrumbList","@id":"https:\/\/www.senderosdelapalma.es\/fr\/situation-des-sentiers\/#breadcrumb","itemListElement":[{"@type":"ListItem","position":1,"name":"Portada","item":"https:\/\/www.senderosdelapalma.es\/fr\/"},{"@type":"ListItem","position":2,"name":"Situation des sentiers"}]},{"@type":"WebSite","@id":"https:\/\/www.senderosdelapalma.es\/#website","url":"https:\/\/www.senderosdelapalma.es\/","name":"Red de Senderos de La Palma","description":"La Palma, la isla de los senderistas. Una enorme variedad de climas, relieves y paisajes te est\u00e1n esperando.  ","publisher":{"@id":"https:\/\/www.senderosdelapalma.es\/#organization"},"potentialAction":[{"@type":"SearchAction","target":{"@type":"EntryPoint","urlTemplate":"https:\/\/www.senderosdelapalma.es\/?s={search_term_string}"},"query-input":"required name=search_term_string"}],"inLanguage":"fr-FR"},{"@type":"Organization","@id":"https:\/\/www.senderosdelapalma.es\/#organization","name":"Red de Senderos de La Palma","url":"https:\/\/www.senderosdelapalma.es\/","logo":{"@type":"ImageObject","inLanguage":"fr-FR","@id":"https:\/\/www.senderosdelapalma.es\/#\/schema\/logo\/image\/","url":"https:\/\/www.senderosdelapalma.es\/wp-content\/uploads\/2015\/06\/cabildo_la_palma-01.png","contentUrl":"https:\/\/www.senderosdelapalma.es\/wp-content\/uploads\/2015\/06\/cabildo_la_palma-01.png","width":3508,"height":2479,"caption":"Red de Senderos de La Palma"},"image":{"@id":"https:\/\/www.senderosdelapalma.es\/#\/schema\/logo\/image\/"},"sameAs":["https:\/\/www.facebook.com\/senderoslapalma","https:\/\/twitter.com\/SenderosdeLaPal","https:\/\/www.instagram.com\/senderosdelapalma\/","https:\/\/www.pinterest.es\/senderoslp\/"]}]}},"_links":{"self":[{"href":"https:\/\/www.senderosdelapalma.es\/fr\/wp-json\/wp\/v2\/pages\/18015\/"}],"collection":[{"href":"https:\/\/www.senderosdelapalma.es\/fr\/wp-json\/wp\/v2\/pages\/"}],"about":[{"href":"https:\/\/www.senderosdelapalma.es\/fr\/wp-json\/wp\/v2\/types\/page\/"}],"author":[{"embeddable":true,"href":"https:\/\/www.senderosdelapalma.es\/fr\/wp-json\/wp\/v2\/users\/1\/"}],"replies":[{"embeddable":true,"href":"https:\/\/www.senderosdelapalma.es\/fr\/wp-json\/wp\/v2\/comments\/?post=18015"}],"version-history":[{"count":49,"href":"https:\/\/www.senderosdelapalma.es\/fr\/wp-json\/wp\/v2\/pages\/18015\/revisions\/"}],"predecessor-version":[{"id":27753,"href":"https:\/\/www.senderosdelapalma.es\/fr\/wp-json\/wp\/v2\/pages\/18015\/revisions\/27753\/"}],"wp:attachment":[{"href":"https:\/\/www.senderosdelapalma.es\/fr\/wp-json\/wp\/v2\/media\/?parent=18015"}],"curies":[{"name":"wp","href":"https:\/\/api.w.org\/{rel}","templated":true}]}}