{"id":17883,"date":"2015-03-31T11:49:25","date_gmt":"2015-03-31T11:49:25","guid":{"rendered":"http:\/\/www.senderosdelapalma.es\/?page_id=17883"},"modified":"2015-06-22T12:58:50","modified_gmt":"2015-06-22T12:58:50","slug":"accueil","status":"publish","type":"page","link":"https:\/\/www.senderosdelapalma.es\/fr\/","title":{"rendered":"Accueil"},"content":{"rendered":"<section class=\"wpb-content-wrapper\"><p>[vc_row row_type=\u00a0\u00bbrow\u00a0\u00bb type=\u00a0\u00bbgrid\u00a0\u00bb text_align=\u00a0\u00bbleft\u00a0\u00bb padding_top=\u00a0\u00bb76&Prime; padding_bottom=\u00a0\u00bb34&Prime; background_color=\u00a0\u00bb#ffffff\u00a0\u00bb background_image_as_pattern=\u00a0\u00bbwithout_pattern\u00a0\u00bb][vc_column width=\u00a0\u00bb1\/1&Prime;][vc_column_text]<\/p>\n<h2 style=\"text-align: center;\">RESEAU DE SENTIERS DE LA PALMA<\/h2>\n<p>[\/vc_column_text][vc_separator type=\u00a0\u00bbsmall\u00a0\u00bb position=\u00a0\u00bbcenter\u00a0\u00bb down=\u00a0\u00bb29&Prime; up=\u00a0\u00bb24&Prime;][vc_column_text]<\/p>\n<h6 style=\"text-align: center;\"><strong><span style=\"color: #4aa946;\">La Palma, l\u2019\u00eele des randonneurs.<\/span><\/strong> Le R\u00e9seau des Sentiers de La Palma s\u2019\u00e9tend sur tout le territoire insulaire et exploite les chemins traditionnaux utilis\u00e9s pendant des si\u00e8cles par les habitants de cette \u00eele. \u00c0 La Palma le randonneur profitera d\u2019une grande vari\u00e9t\u00e9 de climats, de reliefs et de paysages, aussi bien naturels que culturels : de la chaude frange c\u00f4ti\u00e8re aux hauts sommets d\u00e9passant largement 2 000 m\u00e8tres d\u2019altitude, en passant par les zones de culture des plateaux, les bois de pin\u00e8de, les paysages volcaniques et les masses touffues de laurisilve.<\/h6>\n<p>&nbsp;<\/p>\n<h6 style=\"text-align: center;\">Ce milieu naturel spectaculaire peut \u00eatre parcouru gr\u00e2ce \u00e0 ce R\u00e9seau de Sentiers, qui consiste en <strong><span style=\"color: #4aa946;\">2 GR, 38 PR et 24 SL, avec 1 000 kilom\u00e8tres balis\u00e9s et indiqu\u00e9s.<\/span><\/strong><\/h6>\n<p>[\/vc_column_text][vc_separator type=\u00a0\u00bbtransparent\u00a0\u00bb position=\u00a0\u00bbcenter\u00a0\u00bb up=\u00a0\u00bb35&Prime; down=\u00a0\u00bb30&Prime;][vc_row_inner][vc_column_inner width=\u00a0\u00bb1\/4&Prime;]<div class='q_icon_with_title very_large circle center'><div class=\"icon_holder q_icon_animation\" style=\"margin: 0px 0px 32px 0px; transition-delay: 100ms; -webkit-transition-delay: 100ms; -moz-transition-delay: 100ms; -o-transition-delay: 100ms;\"><span class=\"fa-stack fa-5x \" style=\"font-size: 48px;border-color: #000000;background-color: #000000;\"><i class=\"fa fa-arrows fa-stack-1x\" style=\"font-size: 24px;color: #ffffff;\"><\/i><\/span><\/div><div class=\"icon_text_holder\" style=\"\"><div class=\"icon_text_inner\" style=\"\"><h3 class=\"icon_title\" style=\"\">SENDEROS<\/h3><p style=''><\/p><a class='icon_with_title_link' href='\/lista-de-senderos\/' target='_self' style=''><strong>Consulta el Listado completo de senderos homologados<\/strong><\/a><\/div><\/div><\/div>[vc_separator type=\u00a0\u00bbtransparent\u00a0\u00bb position=\u00a0\u00bbcenter\u00a0\u00bb up=\u00a0\u00bb24&Prime; down=\u00a0\u00bb0&Prime;][\/vc_column_inner][vc_column_inner width=\u00a0\u00bb1\/4&Prime;]<div class='q_icon_with_title very_large circle center'><div class=\"icon_holder q_icon_animation\" style=\"margin: 0px 0px 32px 0px; transition-delay: 200ms; -webkit-transition-delay: 200ms; -moz-transition-delay: 200ms; -o-transition-delay: 200ms;\"><span class=\"fa-stack fa-5x \" style=\"font-size: 48px;border-color: #000000;background-color: #000000;\"><i class=\"fa fa-bookmark fa-stack-1x\" style=\"font-size: 24px;color: #ffffff;\"><\/i><\/span><\/div><div class=\"icon_text_holder\" style=\"\"><div class=\"icon_text_inner\" style=\"\"><h3 class=\"icon_title\" style=\"\">SE\u00d1ALIZACI\u00d3N<\/h3><p style=''><\/p><a class='icon_with_title_link' href='senalizacion-de-senderos\/' target='_self' style=''><strong>Senderos se\u00f1alizados conforme a las normas internacionales de la ERA<\/strong><\/a><\/div><\/div><\/div>[vc_separator type=\u00a0\u00bbtransparent\u00a0\u00bb position=\u00a0\u00bbcenter\u00a0\u00bb up=\u00a0\u00bb24&Prime; down=\u00a0\u00bb0&Prime;][\/vc_column_inner][vc_column_inner width=\u00a0\u00bb1\/4&Prime;]<div class='q_icon_with_title very_large circle center'><div class=\"icon_holder q_icon_animation\" style=\"margin: 0px 0px 32px 0px; transition-delay: 300ms; -webkit-transition-delay: 300ms; -moz-transition-delay: 300ms; -o-transition-delay: 300ms;\"><span class=\"fa-stack fa-5x \" style=\"font-size: 48px;border-color: #000000;background-color: #000000;\"><i class=\"fa fa-exclamation-triangle fa-stack-1x\" style=\"font-size: 24px;color: #ffffff;\"><\/i><\/span><\/div><div class=\"icon_text_holder\" style=\"\"><div class=\"icon_text_inner\" style=\"\"><h3 class=\"icon_title\" style=\"\">S\u00c9CURIT\u00c9<\/h3><p style=''><\/p><a class='icon_with_title_link' href='http:\/\/www.senderosdelapalma.es\/fr\/situation-des-sentiers\/' target='_self' style=''><strong>Camina con seguridad. Consulte el estado de los senderos<\/strong><\/a><\/div><\/div><\/div>[vc_separator type=\u00a0\u00bbtransparent\u00a0\u00bb position=\u00a0\u00bbcenter\u00a0\u00bb up=\u00a0\u00bb24&Prime; down=\u00a0\u00bb0&Prime;][\/vc_column_inner][vc_column_inner width=\u00a0\u00bb1\/4&Prime;]<div class='q_icon_with_title very_large circle center'><div class=\"icon_holder q_icon_animation\" style=\"margin: 0px 0px 32px 0px; transition-delay: 300ms; -webkit-transition-delay: 300ms; -moz-transition-delay: 300ms; -o-transition-delay: 300ms;\"><span class=\"fa-stack fa-5x \" style=\"font-size: 48px;border-color: #000000;background-color: #000000;\"><i class=\"fa fa-cloud-download fa-stack-1x\" style=\"font-size: 24px;color: #ffffff;\"><\/i><\/span><\/div><div class=\"icon_text_holder\" style=\"\"><div class=\"icon_text_inner\" style=\"\"><h3 class=\"icon_title\" style=\"\">MAPA SENDEROS<\/h3><p style=''><\/p><a class='icon_with_title_link' href='http:\/\/senderosdelapalma.es\/wp-content\/uploads\/mapasenderos.pdf' target='_blank' style=''><strong>Descarga el mapa de senderos c\u00f3modamente desde aqu\u00ed <\/strong><\/a><\/div><\/div><\/div>[vc_separator type=\u00a0\u00bbtransparent\u00a0\u00bb position=\u00a0\u00bbcenter\u00a0\u00bb up=\u00a0\u00bb24&Prime; down=\u00a0\u00bb0&Prime;][\/vc_column_inner][\/vc_row_inner][\/vc_column][\/vc_row][vc_row row_type=\u00a0\u00bbrow\u00a0\u00bb type=\u00a0\u00bbgrid\u00a0\u00bb text_align=\u00a0\u00bbleft\u00a0\u00bb padding_top=\u00a0\u00bb0&Prime; padding_bottom=\u00a0\u00bb0&Prime; background_color=\u00a0\u00bb#ffffff\u00a0\u00bb background_image_as_pattern=\u00a0\u00bbwithout_pattern\u00a0\u00bb background_image=\u00a0\u00bb16587&Prime;][vc_column width=\u00a0\u00bb1\/1&Prime;][vc_separator type=\u00a0\u00bbtransparent\u00a0\u00bb position=\u00a0\u00bbcenter\u00a0\u00bb down=\u00a0\u00bb29&Prime; up=\u00a0\u00bb110&Prime;][vc_column_text]<\/p>\n<h3 style=\"text-align: center; color: #ffffff;\">USO P\u00daBLICO<\/h3>\n<p>[\/vc_column_text][vc_separator type=\u00a0\u00bbsmall\u00a0\u00bb position=\u00a0\u00bbcenter\u00a0\u00bb down=\u00a0\u00bb29&Prime; up=\u00a0\u00bb24&Prime; color=\u00a0\u00bb#ffffff\u00a0\u00bb][vc_row_inner][vc_column_inner width=\u00a0\u00bb1\/3&Prime;]<div class='q_icon_with_title tiny circle'><div class=\"icon_holder q_icon_animation\" style=\" transition-delay: 100ms; -webkit-transition-delay: 100ms; -moz-transition-delay: 100ms; -o-transition-delay: 100ms;\"><span class=\"fa-stack fa-lg \" style=\"border-color: #000000;background-color: #000000;\"><i class=\"fa fa-smile-o fa-stack-1x\" style=\"color: #ffffff;\"><\/i><\/span><\/div><div class=\"icon_text_holder\" style=\"\"><div class=\"icon_text_inner\" style=\"\"><h4 class=\"icon_title\" style=\"color: #ffffff\">\u00c1REAS RECREATIVAS<\/h4><p style='color: #ffffff'><\/p><a class='icon_with_title_link' href='areas-recreativas\/' target='_self' style='color: #ffffff;'><strong>Saber m\u00e1s<\/strong><\/a><\/div><\/div><\/div>[vc_separator type=\u00a0\u00bbtransparent\u00a0\u00bb position=\u00a0\u00bbcenter\u00a0\u00bb up=\u00a0\u00bb26&Prime; down=\u00a0\u00bb0&Prime;][\/vc_column_inner][vc_column_inner width=\u00a0\u00bb1\/3&Prime;]<div class='q_icon_with_title tiny circle'><div class=\"icon_holder q_icon_animation\" style=\" transition-delay: 120ms; -webkit-transition-delay: 120ms; -moz-transition-delay: 120ms; -o-transition-delay: 120ms;\"><span class=\"fa-stack fa-lg \" style=\"border-color: #000000;background-color: #000000;\"><i class=\"fa fa-users fa-stack-1x\" style=\"color: #ffffff;\"><\/i><\/span><\/div><div class=\"icon_text_holder\" style=\"\"><div class=\"icon_text_inner\" style=\"\"><h4 class=\"icon_title\" style=\"color: #ffffff\">CENTROS DE VISITANTES<\/h4><p style='color: #ffffff'><\/p><a class='icon_with_title_link' href='centro-de-visitantes\/' target='_self' style='color: #ffffff;'><strong>Saber m\u00e1s<\/strong><\/a><\/div><\/div><\/div>[vc_separator type=\u00a0\u00bbtransparent\u00a0\u00bb position=\u00a0\u00bbcenter\u00a0\u00bb up=\u00a0\u00bb26&Prime; down=\u00a0\u00bb0&Prime;][\/vc_column_inner][vc_column_inner width=\u00a0\u00bb1\/3&Prime;]<div class='q_icon_with_title tiny circle'><div class=\"icon_holder q_icon_animation\" style=\" transition-delay: 140ms; -webkit-transition-delay: 140ms; -moz-transition-delay: 140ms; -o-transition-delay: 140ms;\"><span class=\"fa-stack fa-lg \" style=\"border-color: #000000;background-color: #000000;\"><i class=\"fa fa-flag fa-stack-1x\" style=\"color: #ffffff;\"><\/i><\/span><\/div><div class=\"icon_text_holder\" style=\"\"><div class=\"icon_text_inner\" style=\"\"><h4 class=\"icon_title\" style=\"color: #ffffff\">\u00c1REAS DE ACAMPADA<\/h4><p style='color: #ffffff'><\/p><a class='icon_with_title_link' href='areas-acampada\/' target='_self' style='color: #ffffff;'><strong>Saber m\u00e1s<\/strong><\/a><\/div><\/div><\/div>[vc_separator type=\u00a0\u00bbtransparent\u00a0\u00bb position=\u00a0\u00bbcenter\u00a0\u00bb up=\u00a0\u00bb26&Prime; down=\u00a0\u00bb0&Prime;][\/vc_column_inner][\/vc_row_inner][vc_row_inner][vc_column_inner width=\u00a0\u00bb1\/3&Prime;]<div class='q_icon_with_title tiny circle'><div class=\"icon_holder q_icon_animation\" style=\" transition-delay: 160ms; -webkit-transition-delay: 160ms; -moz-transition-delay: 160ms; -o-transition-delay: 160ms;\"><span class=\"fa-stack fa-lg \" style=\"border-color: #000000;background-color: #000000;\"><i class=\"fa fa-fire fa-stack-1x\" style=\"color: #ffffff;\"><\/i><\/span><\/div><div class=\"icon_text_holder\" style=\"\"><div class=\"icon_text_inner\" style=\"\"><h4 class=\"icon_title\" style=\"color: #ffffff\">REFUGIOS<\/h4><p style='color: #ffffff'><\/p><a class='icon_with_title_link' href='refugios\/' target='_self' style='color: #ffffff;'><strong>Saber m\u00e1s<\/strong><\/a><\/div><\/div><\/div>[vc_separator type=\u00a0\u00bbtransparent\u00a0\u00bb position=\u00a0\u00bbcenter\u00a0\u00bb up=\u00a0\u00bb26&Prime; down=\u00a0\u00bb0&Prime;][\/vc_column_inner][vc_column_inner width=\u00a0\u00bb1\/3&Prime;]<div class='q_icon_with_title tiny circle'><div class=\"icon_holder q_icon_animation\" style=\" transition-delay: 180ms; -webkit-transition-delay: 180ms; -moz-transition-delay: 180ms; -o-transition-delay: 180ms;\"><span class=\"fa-stack fa-lg \" style=\"border-color: #000000;background-color: #000000;\"><i class=\"fa fa-recycle fa-stack-1x\" style=\"color: #ffffff;\"><\/i><\/span><\/div><div class=\"icon_text_holder\" style=\"\"><div class=\"icon_text_inner\" style=\"\"><h4 class=\"icon_title\" style=\"color: #ffffff\">AULAS NATURALEZA<\/h4><p style='color: #ffffff'><\/p><a class='icon_with_title_link' href='aulas-naturaleza\/' target='_self' style='color: #ffffff;'><strong>Saber m\u00e1s<\/strong><\/a><\/div><\/div><\/div>[vc_separator type=\u00a0\u00bbtransparent\u00a0\u00bb position=\u00a0\u00bbcenter\u00a0\u00bb up=\u00a0\u00bb26&Prime; down=\u00a0\u00bb0&Prime;][\/vc_column_inner][vc_column_inner width=\u00a0\u00bb1\/3&Prime;]<div class='q_icon_with_title tiny circle'><div class=\"icon_holder q_icon_animation\" style=\" transition-delay: 200ms; -webkit-transition-delay: 200ms; -moz-transition-delay: 200ms; -o-transition-delay: 200ms;\"><span class=\"fa-stack fa-lg \" style=\"border-color: #000000;background-color: #000000;\"><i class=\"fa fa-question fa-stack-1x\" style=\"color: #ffffff;\"><\/i><\/span><\/div><div class=\"icon_text_holder\" style=\"\"><div class=\"icon_text_inner\" style=\"\"><h4 class=\"icon_title\" style=\"color: #ffffff\">INFORMACI\u00d3N AMBIENTAL<\/h4><p style='color: #ffffff'><\/p><a class='icon_with_title_link' href='informacion-ambiental\/' target='_self' style='color: #ffffff;'><strong>Saber m\u00e1s<\/strong><\/a><\/div><\/div><\/div>[vc_separator type=\u00a0\u00bbtransparent\u00a0\u00bb position=\u00a0\u00bbcenter\u00a0\u00bb up=\u00a0\u00bb26&Prime; down=\u00a0\u00bb0&Prime;][\/vc_column_inner][\/vc_row_inner][vc_separator type=\u00a0\u00bbtransparent\u00a0\u00bb position=\u00a0\u00bbcenter\u00a0\u00bb down=\u00a0\u00bb130&Prime; up=\u00a0\u00bb24&Prime;][\/vc_column][\/vc_row]<\/p>\n<\/section>","protected":false},"excerpt":{"rendered":"<p>[vc_row row_type=\u00a0\u00bbrow\u00a0\u00bb type=\u00a0\u00bbgrid\u00a0\u00bb text_align=\u00a0\u00bbleft\u00a0\u00bb padding_top=\u00a0\u00bb76&Prime; padding_bottom=\u00a0\u00bb34&Prime; background_color=\u00a0\u00bb#ffffff\u00a0\u00bb background_image_as_pattern=\u00a0\u00bbwithout_pattern\u00a0\u00bb][vc_column width=\u00a0\u00bb1\/1&Prime;][vc_column_text] RESEAU DE SENTIERS DE LA PALMA [\/vc_column_text][vc_separator type=\u00a0\u00bbsmall\u00a0\u00bb position=\u00a0\u00bbcenter\u00a0\u00bb down=\u00a0\u00bb29&Prime; up=\u00a0\u00bb24&Prime;][vc_column_text] La Palma, l\u2019\u00eele des randonneurs. Le R\u00e9seau des Sentiers de La Palma s\u2019\u00e9tend sur tout le territoire insulaire et exploite les chemins traditionnaux utilis\u00e9s pendant&#8230;<\/p>\n","protected":false},"author":1,"featured_media":0,"parent":0,"menu_order":0,"comment_status":"open","ping_status":"open","template":"full_width.php","meta":[],"yoast_head":"<!-- This site is optimized with the Yoast SEO plugin v21.0 - https:\/\/yoast.com\/wordpress\/plugins\/seo\/ -->\n<title>Red de Senderos de La Palma<\/title>\n<meta name=\"description\" content=\"La Palma, l\u2019\u00eele des randonneurs. Le R\u00e9seau des Sentiers de La Palma s\u2019\u00e9tend sur tout le territoire insulaire et exploite les chemins traditionnaux utilis\u00e9s pendant des si\u00e8cles par les habitants de cette \u00eele.\" \/>\n<meta name=\"robots\" content=\"index, follow, max-snippet:-1, max-image-preview:large, max-video-preview:-1\" \/>\n<link rel=\"canonical\" href=\"https:\/\/www.senderosdelapalma.es\/fr\/\" \/>\n<meta property=\"og:locale\" content=\"fr_FR\" \/>\n<meta property=\"og:type\" content=\"article\" \/>\n<meta property=\"og:title\" content=\"Red de senderos de La Palma\" \/>\n<meta property=\"og:description\" content=\"La Palma, l\u2019\u00eele des randonneurs. Le R\u00e9seau des Sentiers de La Palma s\u2019\u00e9tend sur tout le territoire insulaire et exploite les chemins traditionnaux utilis\u00e9s pendant des si\u00e8cles par les habitants de cette \u00eele.\" \/>\n<meta property=\"og:url\" content=\"https:\/\/www.senderosdelapalma.es\/fr\/\" \/>\n<meta property=\"og:site_name\" content=\"Red de Senderos de La Palma\" \/>\n<meta property=\"article:publisher\" content=\"https:\/\/www.facebook.com\/senderoslapalma\" \/>\n<meta property=\"article:modified_time\" content=\"2015-06-22T12:58:50+00:00\" \/>\n<meta property=\"og:image\" content=\"https:\/\/www.senderosdelapalma.es\/wp-content\/uploads\/2014\/12\/GR-131_RoqueTenegu\u00eda_SaulSantos.jpg\" \/>\n\t<meta property=\"og:image:width\" content=\"1286\" \/>\n\t<meta property=\"og:image:height\" content=\"854\" \/>\n\t<meta property=\"og:image:type\" content=\"image\/jpeg\" \/>\n<meta name=\"twitter:card\" content=\"summary_large_image\" \/>\n<meta name=\"twitter:title\" content=\"Red de senderos de La Palma\" \/>\n<meta name=\"twitter:image\" content=\"http:\/\/www.senderosdelapalma.es\/wp-content\/uploads\/2014\/12\/GR-131_RoqueTenegu\u00eda_SaulSantos.jpg\" \/>\n<meta name=\"twitter:site\" content=\"@SenderosdeLaPal\" \/>\n<meta name=\"twitter:label1\" content=\"Dur\u00e9e de lecture estim\u00e9e\" \/>\n\t<meta name=\"twitter:data1\" content=\"6 minutes\" \/>\n<script type=\"application\/ld+json\" class=\"yoast-schema-graph\">{\"@context\":\"https:\/\/schema.org\",\"@graph\":[{\"@type\":\"WebPage\",\"@id\":\"https:\/\/www.senderosdelapalma.es\/fr\/\",\"url\":\"https:\/\/www.senderosdelapalma.es\/fr\/\",\"name\":\"Red de Senderos de La Palma\",\"isPartOf\":{\"@id\":\"https:\/\/www.senderosdelapalma.es\/#website\"},\"datePublished\":\"2015-03-31T11:49:25+00:00\",\"dateModified\":\"2015-06-22T12:58:50+00:00\",\"description\":\"La Palma, l\u2019\u00eele des randonneurs. Le R\u00e9seau des Sentiers de La Palma s\u2019\u00e9tend sur tout le territoire insulaire et exploite les chemins traditionnaux utilis\u00e9s pendant des si\u00e8cles par les habitants de cette \u00eele.\",\"breadcrumb\":{\"@id\":\"https:\/\/www.senderosdelapalma.es\/fr\/#breadcrumb\"},\"inLanguage\":\"fr-FR\",\"potentialAction\":[{\"@type\":\"ReadAction\",\"target\":[\"https:\/\/www.senderosdelapalma.es\/fr\/\"]}]},{\"@type\":\"BreadcrumbList\",\"@id\":\"https:\/\/www.senderosdelapalma.es\/fr\/#breadcrumb\",\"itemListElement\":[{\"@type\":\"ListItem\",\"position\":1,\"name\":\"Portada\",\"item\":\"https:\/\/www.senderosdelapalma.es\/fr\/\"},{\"@type\":\"ListItem\",\"position\":2,\"name\":\"Accueil\"}]},{\"@type\":\"WebSite\",\"@id\":\"https:\/\/www.senderosdelapalma.es\/#website\",\"url\":\"https:\/\/www.senderosdelapalma.es\/\",\"name\":\"Red de Senderos de La Palma\",\"description\":\"La Palma, la isla de los senderistas. Una enorme variedad de climas, relieves y paisajes te est\u00e1n esperando.  \",\"publisher\":{\"@id\":\"https:\/\/www.senderosdelapalma.es\/#organization\"},\"potentialAction\":[{\"@type\":\"SearchAction\",\"target\":{\"@type\":\"EntryPoint\",\"urlTemplate\":\"https:\/\/www.senderosdelapalma.es\/?s={search_term_string}\"},\"query-input\":\"required name=search_term_string\"}],\"inLanguage\":\"fr-FR\"},{\"@type\":\"Organization\",\"@id\":\"https:\/\/www.senderosdelapalma.es\/#organization\",\"name\":\"Red de Senderos de La Palma\",\"url\":\"https:\/\/www.senderosdelapalma.es\/\",\"logo\":{\"@type\":\"ImageObject\",\"inLanguage\":\"fr-FR\",\"@id\":\"https:\/\/www.senderosdelapalma.es\/#\/schema\/logo\/image\/\",\"url\":\"https:\/\/www.senderosdelapalma.es\/wp-content\/uploads\/2015\/06\/cabildo_la_palma-01.png\",\"contentUrl\":\"https:\/\/www.senderosdelapalma.es\/wp-content\/uploads\/2015\/06\/cabildo_la_palma-01.png\",\"width\":3508,\"height\":2479,\"caption\":\"Red de Senderos de La Palma\"},\"image\":{\"@id\":\"https:\/\/www.senderosdelapalma.es\/#\/schema\/logo\/image\/\"},\"sameAs\":[\"https:\/\/www.facebook.com\/senderoslapalma\",\"https:\/\/twitter.com\/SenderosdeLaPal\",\"https:\/\/www.instagram.com\/senderosdelapalma\/\",\"https:\/\/www.pinterest.es\/senderoslp\/\"]}]}<\/script>\n<!-- \/ Yoast SEO plugin. -->","yoast_head_json":{"title":"Red de Senderos de La Palma","description":"La Palma, l\u2019\u00eele des randonneurs. Le R\u00e9seau des Sentiers de La Palma s\u2019\u00e9tend sur tout le territoire insulaire et exploite les chemins traditionnaux utilis\u00e9s pendant des si\u00e8cles par les habitants de cette \u00eele.","robots":{"index":"index","follow":"follow","max-snippet":"max-snippet:-1","max-image-preview":"max-image-preview:large","max-video-preview":"max-video-preview:-1"},"canonical":"https:\/\/www.senderosdelapalma.es\/fr\/","og_locale":"fr_FR","og_type":"article","og_title":"Red de senderos de La Palma","og_description":"La Palma, l\u2019\u00eele des randonneurs. Le R\u00e9seau des Sentiers de La Palma s\u2019\u00e9tend sur tout le territoire insulaire et exploite les chemins traditionnaux utilis\u00e9s pendant des si\u00e8cles par les habitants de cette \u00eele.","og_url":"https:\/\/www.senderosdelapalma.es\/fr\/","og_site_name":"Red de Senderos de La Palma","article_publisher":"https:\/\/www.facebook.com\/senderoslapalma","article_modified_time":"2015-06-22T12:58:50+00:00","og_image":[{"width":1286,"height":854,"url":"https:\/\/www.senderosdelapalma.es\/wp-content\/uploads\/2014\/12\/GR-131_RoqueTenegu\u00eda_SaulSantos.jpg","type":"image\/jpeg"}],"twitter_card":"summary_large_image","twitter_title":"Red de senderos de La Palma","twitter_image":"http:\/\/www.senderosdelapalma.es\/wp-content\/uploads\/2014\/12\/GR-131_RoqueTenegu\u00eda_SaulSantos.jpg","twitter_site":"@SenderosdeLaPal","twitter_misc":{"Dur\u00e9e de lecture estim\u00e9e":"6 minutes"},"schema":{"@context":"https:\/\/schema.org","@graph":[{"@type":"WebPage","@id":"https:\/\/www.senderosdelapalma.es\/fr\/","url":"https:\/\/www.senderosdelapalma.es\/fr\/","name":"Red de Senderos de La Palma","isPartOf":{"@id":"https:\/\/www.senderosdelapalma.es\/#website"},"datePublished":"2015-03-31T11:49:25+00:00","dateModified":"2015-06-22T12:58:50+00:00","description":"La Palma, l\u2019\u00eele des randonneurs. Le R\u00e9seau des Sentiers de La Palma s\u2019\u00e9tend sur tout le territoire insulaire et exploite les chemins traditionnaux utilis\u00e9s pendant des si\u00e8cles par les habitants de cette \u00eele.","breadcrumb":{"@id":"https:\/\/www.senderosdelapalma.es\/fr\/#breadcrumb"},"inLanguage":"fr-FR","potentialAction":[{"@type":"ReadAction","target":["https:\/\/www.senderosdelapalma.es\/fr\/"]}]},{"@type":"BreadcrumbList","@id":"https:\/\/www.senderosdelapalma.es\/fr\/#breadcrumb","itemListElement":[{"@type":"ListItem","position":1,"name":"Portada","item":"https:\/\/www.senderosdelapalma.es\/fr\/"},{"@type":"ListItem","position":2,"name":"Accueil"}]},{"@type":"WebSite","@id":"https:\/\/www.senderosdelapalma.es\/#website","url":"https:\/\/www.senderosdelapalma.es\/","name":"Red de Senderos de La Palma","description":"La Palma, la isla de los senderistas. Una enorme variedad de climas, relieves y paisajes te est\u00e1n esperando.  ","publisher":{"@id":"https:\/\/www.senderosdelapalma.es\/#organization"},"potentialAction":[{"@type":"SearchAction","target":{"@type":"EntryPoint","urlTemplate":"https:\/\/www.senderosdelapalma.es\/?s={search_term_string}"},"query-input":"required name=search_term_string"}],"inLanguage":"fr-FR"},{"@type":"Organization","@id":"https:\/\/www.senderosdelapalma.es\/#organization","name":"Red de Senderos de La Palma","url":"https:\/\/www.senderosdelapalma.es\/","logo":{"@type":"ImageObject","inLanguage":"fr-FR","@id":"https:\/\/www.senderosdelapalma.es\/#\/schema\/logo\/image\/","url":"https:\/\/www.senderosdelapalma.es\/wp-content\/uploads\/2015\/06\/cabildo_la_palma-01.png","contentUrl":"https:\/\/www.senderosdelapalma.es\/wp-content\/uploads\/2015\/06\/cabildo_la_palma-01.png","width":3508,"height":2479,"caption":"Red de Senderos de La Palma"},"image":{"@id":"https:\/\/www.senderosdelapalma.es\/#\/schema\/logo\/image\/"},"sameAs":["https:\/\/www.facebook.com\/senderoslapalma","https:\/\/twitter.com\/SenderosdeLaPal","https:\/\/www.instagram.com\/senderosdelapalma\/","https:\/\/www.pinterest.es\/senderoslp\/"]}]}},"_links":{"self":[{"href":"https:\/\/www.senderosdelapalma.es\/fr\/wp-json\/wp\/v2\/pages\/17883\/"}],"collection":[{"href":"https:\/\/www.senderosdelapalma.es\/fr\/wp-json\/wp\/v2\/pages\/"}],"about":[{"href":"https:\/\/www.senderosdelapalma.es\/fr\/wp-json\/wp\/v2\/types\/page\/"}],"author":[{"embeddable":true,"href":"https:\/\/www.senderosdelapalma.es\/fr\/wp-json\/wp\/v2\/users\/1\/"}],"replies":[{"embeddable":true,"href":"https:\/\/www.senderosdelapalma.es\/fr\/wp-json\/wp\/v2\/comments\/?post=17883"}],"version-history":[{"count":0,"href":"https:\/\/www.senderosdelapalma.es\/fr\/wp-json\/wp\/v2\/pages\/17883\/revisions\/"}],"wp:attachment":[{"href":"https:\/\/www.senderosdelapalma.es\/fr\/wp-json\/wp\/v2\/media\/?parent=17883"}],"curies":[{"name":"wp","href":"https:\/\/api.w.org\/{rel}","templated":true}]}}