{"id":17000,"date":"2014-11-26T10:25:16","date_gmt":"2014-11-26T10:25:16","guid":{"rendered":"http:\/\/www.senderosdelapalma.es\/?page_id=17000"},"modified":"2015-04-06T09:16:01","modified_gmt":"2015-04-06T09:16:01","slug":"history","status":"publish","type":"page","link":"https:\/\/www.senderosdelapalma.es\/en\/nature-la-palma\/parque-nacional-de-la-caldera-de-taburiente\/history\/","title":{"rendered":"History"},"content":{"rendered":"<section class=\"wpb-content-wrapper\"><p style=\"text-align: justify;\">[vc_row row_type=&#8221;row&#8221; type=&#8221;full_width&#8221; text_align=&#8221;left&#8221; background_image_as_pattern=&#8221;without_pattern&#8221;][vc_column width=&#8221;2\/3&#8243;]<blockquote class=' with_quote_icon' style=''><i class='fa fa-quote-right pull-left' style=''><\/i><h5 class='blockquote-text' style=''>La Palma has scarcely 4 millions of years<\/h5><\/blockquote>[vc_column_text]<\/p>\n<p class=\"texto\" style=\"text-align: justify;\">In 1492, Alonso Fernandez de Lugo disembarked on the beaches of Tazacorte and, after taking heavy losses, took control over most of the island. Only Acer\u00f3 (the pre-Hispanic name for the Caldera de Taburiente, meaning \u201cstrong and invulnerable place\u201d) remained beyond his grasp and, therefore, he could not complete the conquest of the island.<\/p>\n<p class=\"texto\" style=\"text-align: justify;\">The local \u201cMencey\u201d, or King, Tanaus\u00fa managed to resist the invasion of the Castillian conquerors. Frustrated and desperate, Fernandez de Lugo had no idea how to get Tanaus\u00fa and his men out of their fortress kingdom to be able to take it, so he decided to lure Tanaus\u00fa with false promises of peace. As soon as Tanaus\u00fa and his men had left Acer\u00f3, \u201c El Adelantado\u201d, as Fernando de Lugo was known, broke his promise and attacked them, capturing Tanaus\u00fa in El Paso de Adamancasis (near to what is now El Riachuelo picnic spot ). They say that, while being taken to the Spanish mainland by ship, the aboriginal leader starved himself to death. Nowadays, the only elements that bear witness to the existence of these valiant people, mostly herdsmen, are the petroglyphs and rock and cave paintings that can be found within the boundaries of the Caldera de Taburiente.<\/p>\n<p class=\"texto\" style=\"text-align: justify;\">In gratitude to Fern\u00e1ndez de Lugo for conquering the island, Queen Isabel I and Ferdinand of Spain gave his family the right not only to share out the lands that are now the National Park, they also had the right to the waters on the land too. Hence, the ownership of the park lands has been passed down from one generation to the next until the present day. These lands are owned by an association known as Heredamiento de las Haciendas de Argual y Tazacorte (or Heirs to the Argual and Tazacorte Estates), a 2000 member association that manages the water rights.<\/p>\n<p class=\"texto\" style=\"text-align: justify;\">Thanks to the efforts of a group of artists and intellectuals from the island, La Caldera de Taburiente was declared a National Park. The area of the National Park was increased to its present 4,690 hectares in 1981. There is also a peripheral buffer zone of 5,956 acres around it to guarantee protection.<\/p>\n<p style=\"text-align: justify;\">[\/vc_column_text][vc_separator type=&#8221;transparent&#8221; position=&#8221;center&#8221; up=&#8221;5&#8243; down=&#8221;5&#8243;][\/vc_column][vc_column width=&#8221;1\/3&#8243;][vc_separator type=&#8221;transparent&#8221; position=&#8221;center&#8221; up=&#8221;5&#8243; down=&#8221;5&#8243;]<div class=\"custom_font_holder\" style=\" font-size: 20px; line-height: 26px; font-style: normal; font-weight: 400; color: #000000; text-decoration: none; padding: 0; margin: 0; text-align: left;\">PARQUE NACIONAL LA CALDERA DE TABURIENTE<\/div>[vc_separator type=&#8221;transparent&#8221; position=&#8221;center&#8221; up=&#8221;5&#8243; down=&#8221;5&#8243;]<div class=ordered><\/p>\n<ul style=\"text-align: justify;\">\n<li><a href=\"http:\/\/www.senderosdelapalma.es\/en\/nature-la-palma\/parque-nacional-de-la-caldera-de-taburiente\/history\/\">HISTORY<\/a><\/li>\n<li><a href=\"http:\/\/www.senderosdelapalma.es\/en\/nature-la-palma\/parque-nacional-de-la-caldera-de-taburiente\/fauna\/\">FAUNA<\/a><\/li>\n<li><a href=\"http:\/\/www.senderosdelapalma.es\/en\/nature-la-palma\/parque-nacional-de-la-caldera-de-taburiente\/flora\/\">FLORA<\/a><\/li>\n<li><a href=\"http:\/\/www.senderosdelapalma.es\/en\/nature-la-palma\/parque-nacional-de-la-caldera-de-taburiente\/geology\/\">GEOLOGY<\/a><\/li>\n<li><a href=\"http:\/\/www.senderosdelapalma.es\/en\/nature-la-palma\/parque-nacional-de-la-caldera-de-taburiente\/planning-your-visit\/\">PLANNING YOUR VISIT<\/a><\/li>\n<\/ul>\n<p style=\"text-align: justify;\"><\/div>[\/vc_column][\/vc_row][vc_row][vc_column][vc_separator type=&#8221;transparent&#8221; position=&#8221;center&#8221; up=&#8221;10&#8243; down=&#8221;10&#8243;]<a href=\"http:\/\/www.senderosdelapalma.es\/en\/nature-la-palma\/parque-nacional-de-la-caldera-de-taburiente\/\" target=\"_self\"  class=\"qbutton \" style=\"\"><i class=\"fa fa-arrow-left\" style=\"\"><\/i><\/a>[vc_separator type=&#8221;transparent&#8221; position=&#8221;center&#8221; up=&#8221;20&#8243; down=&#8221;30&#8243;][\/vc_column][\/vc_row]<\/p>\n<\/section>","protected":false},"excerpt":{"rendered":"<p>[vc_row row_type=&#8221;row&#8221; type=&#8221;full_width&#8221; text_align=&#8221;left&#8221; background_image_as_pattern=&#8221;without_pattern&#8221;][vc_column width=&#8221;2\/3&#8243;][vc_column_text] In 1492, Alonso Fernandez de Lugo disembarked on the beaches of Tazacorte and, after taking heavy losses, took control over most of the island. Only Acer\u00f3 (the pre-Hispanic name for the Caldera de Taburiente, meaning \u201cstrong and invulnerable place\u201d)&#8230;<\/p>\n","protected":false},"author":1,"featured_media":0,"parent":16844,"menu_order":0,"comment_status":"closed","ping_status":"closed","template":"","meta":[],"yoast_head":"<!-- This site is optimized with the Yoast SEO plugin v21.0 - https:\/\/yoast.com\/wordpress\/plugins\/seo\/ -->\n<title>History - Red de Senderos de La Palma<\/title>\n<meta name=\"robots\" content=\"index, follow, max-snippet:-1, max-image-preview:large, max-video-preview:-1\" \/>\n<link rel=\"canonical\" href=\"https:\/\/www.senderosdelapalma.es\/en\/nature-la-palma\/parque-nacional-de-la-caldera-de-taburiente\/history\/\" \/>\n<meta property=\"og:locale\" content=\"en_US\" \/>\n<meta property=\"og:type\" content=\"article\" \/>\n<meta property=\"og:title\" content=\"History - Red de Senderos de La Palma\" \/>\n<meta property=\"og:description\" content=\"[vc_row row_type=&#8221;row&#8221; type=&#8221;full_width&#8221; text_align=&#8221;left&#8221; background_image_as_pattern=&#8221;without_pattern&#8221;][vc_column width=&#8221;2\/3&#8243;][vc_column_text] In 1492, Alonso Fernandez de Lugo disembarked on the beaches of Tazacorte and, after taking heavy losses, took control over most of the island. Only Acer\u00f3 (the pre-Hispanic name for the Caldera de Taburiente, meaning \u201cstrong and invulnerable place\u201d)...\" \/>\n<meta property=\"og:url\" content=\"https:\/\/www.senderosdelapalma.es\/en\/nature-la-palma\/parque-nacional-de-la-caldera-de-taburiente\/history\/\" \/>\n<meta property=\"og:site_name\" content=\"Red de Senderos de La Palma\" \/>\n<meta property=\"article:publisher\" content=\"https:\/\/www.facebook.com\/senderoslapalma\" \/>\n<meta property=\"article:modified_time\" content=\"2015-04-06T09:16:01+00:00\" \/>\n<meta property=\"og:image\" content=\"https:\/\/www.senderosdelapalma.es\/wp-content\/uploads\/2014\/12\/redsenderosdelapalma_01.jpg\" \/>\n\t<meta property=\"og:image:width\" content=\"1920\" \/>\n\t<meta property=\"og:image:height\" content=\"1084\" \/>\n\t<meta property=\"og:image:type\" content=\"image\/jpeg\" \/>\n<meta name=\"twitter:card\" content=\"summary_large_image\" \/>\n<meta name=\"twitter:site\" content=\"@SenderosdeLaPal\" \/>\n<meta name=\"twitter:label1\" content=\"Est. reading time\" \/>\n\t<meta name=\"twitter:data1\" content=\"3 minutes\" \/>\n<script type=\"application\/ld+json\" class=\"yoast-schema-graph\">{\"@context\":\"https:\/\/schema.org\",\"@graph\":[{\"@type\":\"WebPage\",\"@id\":\"https:\/\/www.senderosdelapalma.es\/en\/nature-la-palma\/parque-nacional-de-la-caldera-de-taburiente\/history\/\",\"url\":\"https:\/\/www.senderosdelapalma.es\/en\/nature-la-palma\/parque-nacional-de-la-caldera-de-taburiente\/history\/\",\"name\":\"History - Red de Senderos de La Palma\",\"isPartOf\":{\"@id\":\"https:\/\/www.senderosdelapalma.es\/#website\"},\"datePublished\":\"2014-11-26T10:25:16+00:00\",\"dateModified\":\"2015-04-06T09:16:01+00:00\",\"breadcrumb\":{\"@id\":\"https:\/\/www.senderosdelapalma.es\/en\/nature-la-palma\/parque-nacional-de-la-caldera-de-taburiente\/history\/#breadcrumb\"},\"inLanguage\":\"en-US\",\"potentialAction\":[{\"@type\":\"ReadAction\",\"target\":[\"https:\/\/www.senderosdelapalma.es\/en\/nature-la-palma\/parque-nacional-de-la-caldera-de-taburiente\/history\/\"]}]},{\"@type\":\"BreadcrumbList\",\"@id\":\"https:\/\/www.senderosdelapalma.es\/en\/nature-la-palma\/parque-nacional-de-la-caldera-de-taburiente\/history\/#breadcrumb\",\"itemListElement\":[{\"@type\":\"ListItem\",\"position\":1,\"name\":\"Portada\",\"item\":\"https:\/\/www.senderosdelapalma.es\/en\/\"},{\"@type\":\"ListItem\",\"position\":2,\"name\":\"Nature\",\"item\":\"https:\/\/www.senderosdelapalma.es\/en\/nature-la-palma\/\"},{\"@type\":\"ListItem\",\"position\":3,\"name\":\"Parque Nacional de La Caldera de Taburiente\",\"item\":\"https:\/\/www.senderosdelapalma.es\/en\/nature-la-palma\/parque-nacional-de-la-caldera-de-taburiente\/\"},{\"@type\":\"ListItem\",\"position\":4,\"name\":\"History\"}]},{\"@type\":\"WebSite\",\"@id\":\"https:\/\/www.senderosdelapalma.es\/#website\",\"url\":\"https:\/\/www.senderosdelapalma.es\/\",\"name\":\"Red de Senderos de La Palma\",\"description\":\"La Palma, la isla de los senderistas. Una enorme variedad de climas, relieves y paisajes te est\u00e1n esperando.  \",\"publisher\":{\"@id\":\"https:\/\/www.senderosdelapalma.es\/#organization\"},\"potentialAction\":[{\"@type\":\"SearchAction\",\"target\":{\"@type\":\"EntryPoint\",\"urlTemplate\":\"https:\/\/www.senderosdelapalma.es\/?s={search_term_string}\"},\"query-input\":\"required name=search_term_string\"}],\"inLanguage\":\"en-US\"},{\"@type\":\"Organization\",\"@id\":\"https:\/\/www.senderosdelapalma.es\/#organization\",\"name\":\"Red de Senderos de La Palma\",\"url\":\"https:\/\/www.senderosdelapalma.es\/\",\"logo\":{\"@type\":\"ImageObject\",\"inLanguage\":\"en-US\",\"@id\":\"https:\/\/www.senderosdelapalma.es\/#\/schema\/logo\/image\/\",\"url\":\"https:\/\/www.senderosdelapalma.es\/wp-content\/uploads\/2015\/06\/cabildo_la_palma-01.png\",\"contentUrl\":\"https:\/\/www.senderosdelapalma.es\/wp-content\/uploads\/2015\/06\/cabildo_la_palma-01.png\",\"width\":3508,\"height\":2479,\"caption\":\"Red de Senderos de La Palma\"},\"image\":{\"@id\":\"https:\/\/www.senderosdelapalma.es\/#\/schema\/logo\/image\/\"},\"sameAs\":[\"https:\/\/www.facebook.com\/senderoslapalma\",\"https:\/\/twitter.com\/SenderosdeLaPal\",\"https:\/\/www.instagram.com\/senderosdelapalma\/\",\"https:\/\/www.pinterest.es\/senderoslp\/\"]}]}<\/script>\n<!-- \/ Yoast SEO plugin. -->","yoast_head_json":{"title":"History - Red de Senderos de La Palma","robots":{"index":"index","follow":"follow","max-snippet":"max-snippet:-1","max-image-preview":"max-image-preview:large","max-video-preview":"max-video-preview:-1"},"canonical":"https:\/\/www.senderosdelapalma.es\/en\/nature-la-palma\/parque-nacional-de-la-caldera-de-taburiente\/history\/","og_locale":"en_US","og_type":"article","og_title":"History - Red de Senderos de La Palma","og_description":"[vc_row row_type=&#8221;row&#8221; type=&#8221;full_width&#8221; text_align=&#8221;left&#8221; background_image_as_pattern=&#8221;without_pattern&#8221;][vc_column width=&#8221;2\/3&#8243;][vc_column_text] In 1492, Alonso Fernandez de Lugo disembarked on the beaches of Tazacorte and, after taking heavy losses, took control over most of the island. Only Acer\u00f3 (the pre-Hispanic name for the Caldera de Taburiente, meaning \u201cstrong and invulnerable place\u201d)...","og_url":"https:\/\/www.senderosdelapalma.es\/en\/nature-la-palma\/parque-nacional-de-la-caldera-de-taburiente\/history\/","og_site_name":"Red de Senderos de La Palma","article_publisher":"https:\/\/www.facebook.com\/senderoslapalma","article_modified_time":"2015-04-06T09:16:01+00:00","og_image":[{"width":1920,"height":1084,"url":"https:\/\/www.senderosdelapalma.es\/wp-content\/uploads\/2014\/12\/redsenderosdelapalma_01.jpg","type":"image\/jpeg"}],"twitter_card":"summary_large_image","twitter_site":"@SenderosdeLaPal","twitter_misc":{"Est. reading time":"3 minutes"},"schema":{"@context":"https:\/\/schema.org","@graph":[{"@type":"WebPage","@id":"https:\/\/www.senderosdelapalma.es\/en\/nature-la-palma\/parque-nacional-de-la-caldera-de-taburiente\/history\/","url":"https:\/\/www.senderosdelapalma.es\/en\/nature-la-palma\/parque-nacional-de-la-caldera-de-taburiente\/history\/","name":"History - Red de Senderos de La Palma","isPartOf":{"@id":"https:\/\/www.senderosdelapalma.es\/#website"},"datePublished":"2014-11-26T10:25:16+00:00","dateModified":"2015-04-06T09:16:01+00:00","breadcrumb":{"@id":"https:\/\/www.senderosdelapalma.es\/en\/nature-la-palma\/parque-nacional-de-la-caldera-de-taburiente\/history\/#breadcrumb"},"inLanguage":"en-US","potentialAction":[{"@type":"ReadAction","target":["https:\/\/www.senderosdelapalma.es\/en\/nature-la-palma\/parque-nacional-de-la-caldera-de-taburiente\/history\/"]}]},{"@type":"BreadcrumbList","@id":"https:\/\/www.senderosdelapalma.es\/en\/nature-la-palma\/parque-nacional-de-la-caldera-de-taburiente\/history\/#breadcrumb","itemListElement":[{"@type":"ListItem","position":1,"name":"Portada","item":"https:\/\/www.senderosdelapalma.es\/en\/"},{"@type":"ListItem","position":2,"name":"Nature","item":"https:\/\/www.senderosdelapalma.es\/en\/nature-la-palma\/"},{"@type":"ListItem","position":3,"name":"Parque Nacional de La Caldera de Taburiente","item":"https:\/\/www.senderosdelapalma.es\/en\/nature-la-palma\/parque-nacional-de-la-caldera-de-taburiente\/"},{"@type":"ListItem","position":4,"name":"History"}]},{"@type":"WebSite","@id":"https:\/\/www.senderosdelapalma.es\/#website","url":"https:\/\/www.senderosdelapalma.es\/","name":"Red de Senderos de La Palma","description":"La Palma, la isla de los senderistas. Una enorme variedad de climas, relieves y paisajes te est\u00e1n esperando.  ","publisher":{"@id":"https:\/\/www.senderosdelapalma.es\/#organization"},"potentialAction":[{"@type":"SearchAction","target":{"@type":"EntryPoint","urlTemplate":"https:\/\/www.senderosdelapalma.es\/?s={search_term_string}"},"query-input":"required name=search_term_string"}],"inLanguage":"en-US"},{"@type":"Organization","@id":"https:\/\/www.senderosdelapalma.es\/#organization","name":"Red de Senderos de La Palma","url":"https:\/\/www.senderosdelapalma.es\/","logo":{"@type":"ImageObject","inLanguage":"en-US","@id":"https:\/\/www.senderosdelapalma.es\/#\/schema\/logo\/image\/","url":"https:\/\/www.senderosdelapalma.es\/wp-content\/uploads\/2015\/06\/cabildo_la_palma-01.png","contentUrl":"https:\/\/www.senderosdelapalma.es\/wp-content\/uploads\/2015\/06\/cabildo_la_palma-01.png","width":3508,"height":2479,"caption":"Red de Senderos de La Palma"},"image":{"@id":"https:\/\/www.senderosdelapalma.es\/#\/schema\/logo\/image\/"},"sameAs":["https:\/\/www.facebook.com\/senderoslapalma","https:\/\/twitter.com\/SenderosdeLaPal","https:\/\/www.instagram.com\/senderosdelapalma\/","https:\/\/www.pinterest.es\/senderoslp\/"]}]}},"_links":{"self":[{"href":"https:\/\/www.senderosdelapalma.es\/en\/wp-json\/wp\/v2\/pages\/17000\/"}],"collection":[{"href":"https:\/\/www.senderosdelapalma.es\/en\/wp-json\/wp\/v2\/pages\/"}],"about":[{"href":"https:\/\/www.senderosdelapalma.es\/en\/wp-json\/wp\/v2\/types\/page\/"}],"author":[{"embeddable":true,"href":"https:\/\/www.senderosdelapalma.es\/en\/wp-json\/wp\/v2\/users\/1\/"}],"replies":[{"embeddable":true,"href":"https:\/\/www.senderosdelapalma.es\/en\/wp-json\/wp\/v2\/comments\/?post=17000"}],"version-history":[{"count":0,"href":"https:\/\/www.senderosdelapalma.es\/en\/wp-json\/wp\/v2\/pages\/17000\/revisions\/"}],"up":[{"embeddable":true,"href":"https:\/\/www.senderosdelapalma.es\/en\/wp-json\/wp\/v2\/pages\/16844\/"}],"wp:attachment":[{"href":"https:\/\/www.senderosdelapalma.es\/en\/wp-json\/wp\/v2\/media\/?parent=17000"}],"curies":[{"name":"wp","href":"https:\/\/api.w.org\/{rel}","templated":true}]}}