{"id":19709,"date":"2015-06-17T08:53:26","date_gmt":"2015-06-17T08:53:26","guid":{"rendered":"http:\/\/www.senderosdelapalma.es\/?page_id=19709"},"modified":"2020-08-20T17:21:12","modified_gmt":"2020-08-20T17:21:12","slug":"strecke-2-la-hilera","status":"publish","type":"page","link":"https:\/\/www.senderosdelapalma.es\/de\/mountainbikes\/wegstrecken-fur-mountainbikes\/strecke-2-la-hilera\/","title":{"rendered":"Strecke 2: La Hilera"},"content":{"rendered":"<section class=\"wpb-content-wrapper\"><p>[vc_row row_type=&#8220;row&#8220; type=&#8220;grid&#8220; text_align=&#8220;center&#8220; background_image_as_pattern=&#8220;without_pattern&#8220; padding_top=&#8220;40&#8243;][vc_column width=&#8220;1\/1&#8243;][\/vc_column][\/vc_row][vc_row row_type=&#8220;row&#8220; type=&#8220;grid&#8220; text_align=&#8220;left&#8220; background_image_as_pattern=&#8220;without_pattern&#8220; background_color=&#8220;#f8f8f8&#8243; padding_bottom=&#8220;40px&#8220;][vc_column width=&#8220;1\/6&#8243; css=&#8220;.vc_custom_1432724409325{padding: 18px 18px 17px !important;background-color: #65b738 !important;background-position: center !important;background-repeat: no-repeat !important;background-size: cover !important;}&#8220;][vc_column_text]<\/p>\n<h4 style=\"text-align: center;\"><strong><span style=\"color: #ffffff;\">Strecke 2<\/span><\/strong><\/h4>\n<p>[\/vc_column_text][\/vc_column][vc_column width=&#8220;5\/6&#8243; css=&#8220;.vc_custom_1432713523590{padding: 1px !important;background-color: #000000 !important;background-position: center !important;background-repeat: no-repeat !important;background-size: cover !important;}&#8220;][vc_row_inner][vc_column_inner width=&#8220;1\/2&#8243;][vc_column_text css=&#8220;.vc_custom_1432713536762{padding: 15px !important;}&#8220;]<\/p>\n<h4 style=\"text-align: left;\"><strong><span style=\"color: #ffffff;\">LA HILERA<\/span><\/strong><\/h4>\n<p>[\/vc_column_text][\/vc_column_inner][vc_column_inner width=&#8220;1\/4&#8243;][vc_column_text css=&#8220;.vc_custom_1432722001647{padding: 15px !important;}&#8220;]<\/p>\n<h6 style=\"text-align: left;\"><strong><span style=\"color: #ffffff;\">Hin- und R\u00fcckfahrt<\/span><\/strong><\/h6>\n<p>[\/vc_column_text][\/vc_column_inner][vc_column_inner width=&#8220;1\/4&#8243;][vc_single_image image=&#8220;19444&#8243; border_color=&#8220;grey&#8220; img_link_target=&#8220;_self&#8220; img_size=&#8220;140&#215;53&#8243;][\/vc_column_inner][\/vc_row_inner][\/vc_column][\/vc_row][vc_row row_type=&#8220;row&#8220; type=&#8220;grid&#8220; text_align=&#8220;center&#8220; background_image_as_pattern=&#8220;without_pattern&#8220; padding_top=&#8220;0&#8243; padding_bottom=&#8220;10&#8243;][vc_column width=&#8220;1\/1&#8243;][vc_separator type=&#8220;transparent&#8220; position=&#8220;center&#8220; up=&#8220;10&#8243; down=&#8220;10&#8243;][\/vc_column][\/vc_row][vc_row row_type=&#8220;row&#8220; type=&#8220;grid&#8220; text_align=&#8220;left&#8220; background_image_as_pattern=&#8220;without_pattern&#8220;][vc_column width=&#8220;1\/2&#8243;][vc_column_text][sgpx gpx=&#8220;\/wp-content\/uploads\/gpx-mtb\/ruta2-lahilera.GPX&#8220;][\/vc_column_text][vc_separator type=&#8220;transparent&#8220; position=&#8220;center&#8220; up=&#8220;10&#8243; down=&#8220;10&#8243;][vc_single_image image=&#8220;19422&#8243; border_color=&#8220;grey&#8220; img_link_target=&#8220;_blank&#8220; img_size=&#8220;full&#8220; img_link_large=&#8220;yes&#8220;][vc_separator type=&#8220;transparent&#8220; position=&#8220;center&#8220; up=&#8220;10&#8243; down=&#8220;20&#8243;][vc_row_inner][vc_column_inner width=&#8220;1\/4&#8243; css=&#8220;.vc_custom_1433857777124{margin-right: 10px !important;}&#8220;]<a href=\"http:\/\/www.senderosdelapalma.es\/wp-content\/uploads\/gpx-mtb\/ruta2-lahilera.zip\" target=\"_blank\" data-hover-background-color=#4aa946 data-hover-border-color=#4aa946 data-hover-color=#ffffff class=\"qbutton  medium center\" style=\"color: #ffffff; border-color: #000000; font-style: normal; font-weight: 500; margin: 3px 5px 3px 5px; background-color: #000000;\">GPX<i class=\"fa fa-download\" style=\"color: #ffffff;\"><\/i><\/a>[\/vc_column_inner][vc_column_inner width=&#8220;1\/4&#8243;]<a href=\"http:\/\/www.senderosdelapalma.es\/wp-content\/uploads\/kmz\/lahilera.kmz\" target=\"_blank\" data-hover-background-color=#4aa946 data-hover-border-color=#4aa946 data-hover-color=#ffffff class=\"qbutton  medium center\" style=\"color: #ffffff; border-color: #000000; font-style: normal; font-weight: 500; margin: 3px 5px 3px 5px; background-color: #000000;\">KMZ<i class=\"fa fa-download\" style=\"color: #ffffff;\"><\/i><\/a>[\/vc_column_inner][vc_column_inner width=&#8220;1\/4&#8243;][\/vc_column_inner][vc_column_inner width=&#8220;1\/4&#8243;][\/vc_column_inner][\/vc_row_inner][vc_separator type=&#8220;transparent&#8220; position=&#8220;center&#8220; up=&#8220;10&#8243; down=&#8220;20&#8243;][vc_row_inner][vc_column_inner width=&#8220;1\/4&#8243; css=&#8220;.vc_custom_1433857777124{margin-right: 10px !important;}&#8220;]<a href=\"http:\/\/www.senderosdelapalma.es\/de\/mountainbikes\/rules-of-the-trail\/\" target=\"_blank\" data-hover-background-color=#4aa946 data-hover-border-color=#4aa946 data-hover-color=#ffffff class=\"qbutton  medium center\" style=\"color: #ffffff; border-color: #000000; font-style: normal; font-weight: 500; margin: 3px 5px 3px 5px; background-color: #000000;\">Richtlinien zur Nutzung der Wege<i class=\"fa fa-exclamation-triangle\" style=\"color: #ffffff;\"><\/i><\/a>[\/vc_column_inner][vc_column_inner width=&#8220;1\/4&#8243;][\/vc_column_inner][vc_column_inner width=&#8220;1\/4&#8243;][\/vc_column_inner][vc_column_inner width=&#8220;1\/4&#8243;][\/vc_column_inner][\/vc_row_inner][\/vc_column][vc_column width=&#8220;1\/2&#8243;][vc_row_inner][vc_column_inner width=&#8220;1\/2&#8243;][vc_column_text]<\/p>\n<ul>\n<li><strong>L\u00e4nge:<\/strong> 13,36 Km<\/li>\n<li><strong>Die gr\u00f6\u00dfte H\u00f6he:<\/strong> 1495 m.<\/li>\n<li><strong>Minimale H\u00f6he:<\/strong> 1379 m.<\/li>\n<li><strong>H\u00f6he des Ausgangs:<\/strong> 1462 m.<\/li>\n<li><strong>H\u00f6he der Ankunft:<\/strong> 1462 m.<\/li>\n<\/ul>\n<p>[\/vc_column_text][\/vc_column_inner][vc_column_inner width=&#8220;1\/2&#8243;][vc_column_text]<\/p>\n<ul>\n<li><strong>Aufstieg insgesamt:<\/strong> 115 m.<\/li>\n<li><strong>Abstieg insgesamt:<\/strong> 282 m.<\/li>\n<li><strong>Die gr\u00f6\u00dfte Geschwindigkeit:<\/strong> 3461m\/h<\/li>\n<\/ul>\n<p>[\/vc_column_text][\/vc_column_inner][\/vc_row_inner][vc_separator type=&#8220;transparent&#8220; position=&#8220;center&#8220; up=&#8220;10&#8243; down=&#8220;20&#8243;][vc_column_text]<\/p>\n<p class=\"p1\" style=\"text-align: justify;\"><strong>Auf dieser beschaulichen Fahrt \u00fcber den Inselr\u00fccken sind keine gro\u00dfen H\u00f6henunterschiede zu erwarten, was diese Strecke zu einer idealen Route f\u00fcr Familienausfl\u00fcge macht. Im Verlauf der Strecke er\u00f6ffnen sich dem Fahrer immer wieder sch\u00f6ne Aussichten auf beide Inselseiten.<\/strong><\/p>\n<p style=\"line-height: 1.5; text-align: justify;\">[vc_separator type=&#8217;transparent&#8216; position=&#8217;center&#8216; color=&#8220; thickness=&#8220; up=&#8217;5&#8242; down=&#8217;5&#8242;]<\/p>\n<p class=\"Text\" style=\"text-align: justify;\"><span lang=\"DE\" style=\"font-size: 12.0pt;\">Die Insel La Palma besteht vorwiegend aus Basalt und bietet in ihrer topografischen Beschaffenheit bemerkenswerte Strecken mit Gef<\/span><span lang=\"DE\" style=\"font-size: 12.0pt; font-family: 'Arial Unicode MS';\">\u00e4<\/span><span lang=\"DE\" style=\"font-size: 12.0pt;\">llen, die meist direkt bis an die K<\/span><span lang=\"DE\" style=\"font-size: 12.0pt; font-family: 'Arial Unicode MS';\">\u00fc<\/span><span lang=\"DE\" style=\"font-size: 12.0pt;\">ste f<\/span><span lang=\"DE\" style=\"font-size: 12.0pt; font-family: 'Arial Unicode MS';\">\u00fc<\/span><span lang=\"DE\" style=\"font-size: 12.0pt;\">hren. Wie ein Eisberg aus Stein ragt die Insel aus dem Ozean hervor, der faktisch jedoch nur die Spitze eines gigantischen Bergs unter der Wasseroberfl<\/span><span lang=\"DE\" style=\"font-size: 12.0pt; font-family: 'Arial Unicode MS';\">\u00e4<\/span><span lang=\"DE\" style=\"font-size: 12.0pt;\">che bildet.<\/span><\/p>\n<p class=\"Text\" style=\"text-align: justify;\"><span lang=\"DE\" style=\"font-size: 12.0pt;\"><!-- [if !supportEmptyParas]-->\u00a0[vc_separator type=&#8217;transparent&#8216; position=&#8217;center&#8216; color=&#8220; thickness=&#8220; up=&#8217;5&#8242; down=&#8217;5&#8242;]<!--[endif]--><\/span><\/p>\n<p class=\"Text\" style=\"text-align: justify;\"><span lang=\"DE\" style=\"font-size: 12.0pt;\">Vor vielen Hunderttausendjahren wurde dieses enorme submarine Gebilde so stark ersch<\/span><span lang=\"DE\" style=\"font-size: 12.0pt; font-family: 'Arial Unicode MS';\">\u00fc<\/span><span lang=\"DE\" style=\"font-size: 12.0pt;\">ttert, dass es sich gen Westen neigte und so Millionen von Kubikmetern Stein und Fels ins Meer riss. Dieses bedeutende Naturereignis hinterlie<\/span><span lang=\"DE\" style=\"font-size: 12.0pt; font-family: 'Arial Unicode MS';\">\u00df<\/span><span lang=\"DE\" style=\"font-size: 12.0pt;\"> auf der Westflanke der Insel deutliche Spuren in der Landschaft, die an einem Biss erinnern und sowohl von dieser Strecke aus als auch sogar auf Satellitenbildern gut zu erkennen sind. Beim Blick zur<\/span><span lang=\"DE\" style=\"font-size: 12.0pt; font-family: 'Arial Unicode MS';\">\u00fc<\/span><span lang=\"DE\" style=\"font-size: 12.0pt;\">ck auf die bereits bew<\/span><span lang=\"DE\" style=\"font-size: 12.0pt; font-family: 'Arial Unicode MS';\">\u00e4<\/span><span lang=\"DE\" style=\"font-size: 12.0pt;\">ltigte Strecke in diesem Bereich, werden wir auf unserer Haut den erfrischenden Passatwind f<\/span><span lang=\"DE\" style=\"font-size: 12.0pt; font-family: 'Arial Unicode MS';\">\u00fc<\/span><span lang=\"DE\" style=\"font-size: 12.0pt;\">hlen, der hier fast ganzj<\/span><span lang=\"DE\" style=\"font-size: 12.0pt; font-family: 'Arial Unicode MS';\">\u00e4<\/span><span lang=\"DE\" style=\"font-size: 12.0pt;\">hrig <\/span><span lang=\"DE\" style=\"font-size: 12.0pt; font-family: 'Arial Unicode MS';\">\u00fc<\/span><span lang=\"DE\" style=\"font-size: 12.0pt;\">ber die Landschaft streicht.<\/span><\/p>\n<p class=\"Text\" style=\"text-align: justify;\"><span lang=\"DE\" style=\"font-size: 12.0pt;\"><!-- [if !supportEmptyParas]-->\u00a0[vc_separator type=&#8217;transparent&#8216; position=&#8217;center&#8216; color=&#8220; thickness=&#8220; up=&#8217;5&#8242; down=&#8217;5&#8242;]<!--[endif]--><\/span><\/p>\n<p class=\"Text\" style=\"text-align: justify;\"><span lang=\"DE\" style=\"font-size: 12.0pt;\">Von El Pilar aus fahren wir zun<\/span><span lang=\"DE\" style=\"font-size: 12.0pt; font-family: 'Arial Unicode MS';\">\u00e4<\/span><span lang=\"DE\" style=\"font-size: 12.0pt;\">chst auf einer asphaltierten Strecke in Richtung Osten, um dann gleich in n<\/span><span lang=\"DE\" style=\"font-size: 12.0pt; font-family: 'Arial Unicode MS';\">\u00f6<\/span><span lang=\"DE\" style=\"font-size: 12.0pt;\">rdlicher Richtung den (meist beschaulichen) Stra<\/span><span lang=\"DE\" style=\"font-size: 12.0pt; font-family: 'Arial Unicode MS';\">\u00df<\/span><span lang=\"DE\" style=\"font-size: 12.0pt;\">enverkehr hinter uns zu lassen. Die restliche Strecke verl<\/span><span lang=\"DE\" style=\"font-size: 12.0pt; font-family: 'Arial Unicode MS';\">\u00e4<\/span><span lang=\"DE\" style=\"font-size: 12.0pt;\">uft auf einem Waldweg, der sanfte Kurven aufweist und angenehm zu befahren ist.<\/span><\/p>\n<p>[\/vc_column_text][\/vc_column][\/vc_row][vc_row][vc_column width=&#8220;1\/1&#8243;][vc_separator type=&#8220;transparent&#8220; position=&#8220;center&#8220; up=&#8220;20&#8243; down=&#8220;20&#8243;][vc_gallery type=&#8220;image_grid&#8220; interval=&#8220;3&#8243; images=&#8220;19482,19478,19477,19479&#8243; onclick=&#8220;link_image&#8220; custom_links_target=&#8220;_self&#8220; column_number=&#8220;4&#8243; grayscale=&#8220;no&#8220; choose_frame=&#8220;default&#8220;][vc_separator type=&#8220;transparent&#8220; position=&#8220;center&#8220; up=&#8220;20&#8243; down=&#8220;20&#8243;]<a href=\"http:\/\/www.senderosdelapalma.es\/de\/mountainbikes\/wegstrecken-fur-mountainbikes\/\" target=\"_self\"  class=\"qbutton \" style=\"\"><i class=\"fa fa-arrow-left\" style=\"\"><\/i><\/a>[vc_separator type=&#8220;transparent&#8220; position=&#8220;center&#8220; up=&#8220;20&#8243; down=&#8220;20&#8243;][\/vc_column][\/vc_row]<\/p>\n<\/section>","protected":false},"excerpt":{"rendered":"<p>[vc_row row_type=&#8220;row&#8220; type=&#8220;grid&#8220; text_align=&#8220;center&#8220; background_image_as_pattern=&#8220;without_pattern&#8220; padding_top=&#8220;40&#8243;][vc_column width=&#8220;1\/1&#8243;][\/vc_column][\/vc_row][vc_row row_type=&#8220;row&#8220; type=&#8220;grid&#8220; text_align=&#8220;left&#8220; background_image_as_pattern=&#8220;without_pattern&#8220; background_color=&#8220;#f8f8f8&#8243; padding_bottom=&#8220;40px&#8220;][vc_column width=&#8220;1\/6&#8243; css=&#8220;.vc_custom_1432724409325{padding: 18px 18px 17px !important;background-color: #65b738 !important;background-position: center !important;background-repeat: no-repeat !important;background-size: cover !important;}&#8220;][vc_column_text] Strecke 2 [\/vc_column_text][\/vc_column][vc_column width=&#8220;5\/6&#8243; css=&#8220;.vc_custom_1432713523590{padding: 1px !important;background-color: #000000 !important;background-position: center !important;background-repeat: no-repeat !important;background-size: cover !important;}&#8220;][vc_row_inner][vc_column_inner width=&#8220;1\/2&#8243;][vc_column_text css=&#8220;.vc_custom_1432713536762{padding: 15px&#8230;<\/p>\n","protected":false},"author":1,"featured_media":0,"parent":19703,"menu_order":0,"comment_status":"open","ping_status":"open","template":"","meta":[],"yoast_head":"<!-- This site is optimized with the Yoast SEO plugin v21.0 - https:\/\/yoast.com\/wordpress\/plugins\/seo\/ -->\n<title>Strecke 2: La Hilera - Red de Senderos de La Palma<\/title>\n<meta name=\"robots\" content=\"index, follow, max-snippet:-1, max-image-preview:large, max-video-preview:-1\" \/>\n<link rel=\"canonical\" href=\"https:\/\/www.senderosdelapalma.es\/de\/mountainbikes\/wegstrecken-fur-mountainbikes\/strecke-2-la-hilera\/\" \/>\n<meta property=\"og:locale\" content=\"de_DE\" \/>\n<meta property=\"og:type\" content=\"article\" \/>\n<meta property=\"og:title\" content=\"Strecke 2: La Hilera - Red de Senderos de La Palma\" \/>\n<meta property=\"og:description\" content=\"[vc_row row_type=&#8220;row&#8220; type=&#8220;grid&#8220; text_align=&#8220;center&#8220; background_image_as_pattern=&#8220;without_pattern&#8220; padding_top=&#8220;40&#8243;][vc_column width=&#8220;1\/1&#8243;][\/vc_column][\/vc_row][vc_row row_type=&#8220;row&#8220; type=&#8220;grid&#8220; text_align=&#8220;left&#8220; background_image_as_pattern=&#8220;without_pattern&#8220; background_color=&#8220;#f8f8f8&#8243; padding_bottom=&#8220;40px&#8220;][vc_column width=&#8220;1\/6&#8243; css=&#8220;.vc_custom_1432724409325{padding: 18px 18px 17px !important;background-color: #65b738 !important;background-position: center !important;background-repeat: no-repeat !important;background-size: cover !important;}&#8220;][vc_column_text] Strecke 2 [\/vc_column_text][\/vc_column][vc_column width=&#8220;5\/6&#8243; css=&#8220;.vc_custom_1432713523590{padding: 1px !important;background-color: #000000 !important;background-position: center !important;background-repeat: no-repeat !important;background-size: cover !important;}&#8220;][vc_row_inner][vc_column_inner width=&#8220;1\/2&#8243;][vc_column_text css=&#8220;.vc_custom_1432713536762{padding: 15px...\" \/>\n<meta property=\"og:url\" content=\"https:\/\/www.senderosdelapalma.es\/de\/mountainbikes\/wegstrecken-fur-mountainbikes\/strecke-2-la-hilera\/\" \/>\n<meta property=\"og:site_name\" content=\"Red de Senderos de La Palma\" \/>\n<meta property=\"article:publisher\" content=\"https:\/\/www.facebook.com\/senderoslapalma\" \/>\n<meta property=\"article:modified_time\" content=\"2020-08-20T17:21:12+00:00\" \/>\n<meta property=\"og:image\" content=\"https:\/\/www.senderosdelapalma.es\/wp-content\/uploads\/2014\/12\/redsenderosdelapalma_01.jpg\" \/>\n\t<meta property=\"og:image:width\" content=\"1920\" \/>\n\t<meta property=\"og:image:height\" content=\"1084\" \/>\n\t<meta property=\"og:image:type\" content=\"image\/jpeg\" \/>\n<meta name=\"twitter:card\" content=\"summary_large_image\" \/>\n<meta name=\"twitter:site\" content=\"@SenderosdeLaPal\" \/>\n<meta name=\"twitter:label1\" content=\"Gesch\u00e4tzte Lesezeit\" \/>\n\t<meta name=\"twitter:data1\" content=\"5\u00a0Minuten\" \/>\n<script type=\"application\/ld+json\" class=\"yoast-schema-graph\">{\"@context\":\"https:\/\/schema.org\",\"@graph\":[{\"@type\":\"WebPage\",\"@id\":\"https:\/\/www.senderosdelapalma.es\/de\/mountainbikes\/wegstrecken-fur-mountainbikes\/strecke-2-la-hilera\/\",\"url\":\"https:\/\/www.senderosdelapalma.es\/de\/mountainbikes\/wegstrecken-fur-mountainbikes\/strecke-2-la-hilera\/\",\"name\":\"Strecke 2: La Hilera - Red de Senderos de La Palma\",\"isPartOf\":{\"@id\":\"https:\/\/www.senderosdelapalma.es\/#website\"},\"datePublished\":\"2015-06-17T08:53:26+00:00\",\"dateModified\":\"2020-08-20T17:21:12+00:00\",\"breadcrumb\":{\"@id\":\"https:\/\/www.senderosdelapalma.es\/de\/mountainbikes\/wegstrecken-fur-mountainbikes\/strecke-2-la-hilera\/#breadcrumb\"},\"inLanguage\":\"de\",\"potentialAction\":[{\"@type\":\"ReadAction\",\"target\":[\"https:\/\/www.senderosdelapalma.es\/de\/mountainbikes\/wegstrecken-fur-mountainbikes\/strecke-2-la-hilera\/\"]}]},{\"@type\":\"BreadcrumbList\",\"@id\":\"https:\/\/www.senderosdelapalma.es\/de\/mountainbikes\/wegstrecken-fur-mountainbikes\/strecke-2-la-hilera\/#breadcrumb\",\"itemListElement\":[{\"@type\":\"ListItem\",\"position\":1,\"name\":\"Portada\",\"item\":\"https:\/\/www.senderosdelapalma.es\/de\/\"},{\"@type\":\"ListItem\",\"position\":2,\"name\":\"Mountainbikes\",\"item\":\"https:\/\/www.senderosdelapalma.es\/de\/mountainbikes\/\"},{\"@type\":\"ListItem\",\"position\":3,\"name\":\"Wegstrecken f\u00fcr mountainbikes\",\"item\":\"https:\/\/www.senderosdelapalma.es\/de\/mountainbikes\/wegstrecken-fur-mountainbikes\/\"},{\"@type\":\"ListItem\",\"position\":4,\"name\":\"Strecke 2: La Hilera\"}]},{\"@type\":\"WebSite\",\"@id\":\"https:\/\/www.senderosdelapalma.es\/#website\",\"url\":\"https:\/\/www.senderosdelapalma.es\/\",\"name\":\"Red de Senderos de La Palma\",\"description\":\"La Palma, la isla de los senderistas. Una enorme variedad de climas, relieves y paisajes te est\u00e1n esperando.  \",\"publisher\":{\"@id\":\"https:\/\/www.senderosdelapalma.es\/#organization\"},\"potentialAction\":[{\"@type\":\"SearchAction\",\"target\":{\"@type\":\"EntryPoint\",\"urlTemplate\":\"https:\/\/www.senderosdelapalma.es\/?s={search_term_string}\"},\"query-input\":\"required name=search_term_string\"}],\"inLanguage\":\"de\"},{\"@type\":\"Organization\",\"@id\":\"https:\/\/www.senderosdelapalma.es\/#organization\",\"name\":\"Red de Senderos de La Palma\",\"url\":\"https:\/\/www.senderosdelapalma.es\/\",\"logo\":{\"@type\":\"ImageObject\",\"inLanguage\":\"de\",\"@id\":\"https:\/\/www.senderosdelapalma.es\/#\/schema\/logo\/image\/\",\"url\":\"https:\/\/www.senderosdelapalma.es\/wp-content\/uploads\/2015\/06\/cabildo_la_palma-01.png\",\"contentUrl\":\"https:\/\/www.senderosdelapalma.es\/wp-content\/uploads\/2015\/06\/cabildo_la_palma-01.png\",\"width\":3508,\"height\":2479,\"caption\":\"Red de Senderos de La Palma\"},\"image\":{\"@id\":\"https:\/\/www.senderosdelapalma.es\/#\/schema\/logo\/image\/\"},\"sameAs\":[\"https:\/\/www.facebook.com\/senderoslapalma\",\"https:\/\/twitter.com\/SenderosdeLaPal\",\"https:\/\/www.instagram.com\/senderosdelapalma\/\",\"https:\/\/www.pinterest.es\/senderoslp\/\"]}]}<\/script>\n<!-- \/ Yoast SEO plugin. -->","yoast_head_json":{"title":"Strecke 2: La Hilera - Red de Senderos de La Palma","robots":{"index":"index","follow":"follow","max-snippet":"max-snippet:-1","max-image-preview":"max-image-preview:large","max-video-preview":"max-video-preview:-1"},"canonical":"https:\/\/www.senderosdelapalma.es\/de\/mountainbikes\/wegstrecken-fur-mountainbikes\/strecke-2-la-hilera\/","og_locale":"de_DE","og_type":"article","og_title":"Strecke 2: La Hilera - Red de Senderos de La Palma","og_description":"[vc_row row_type=&#8220;row&#8220; type=&#8220;grid&#8220; text_align=&#8220;center&#8220; background_image_as_pattern=&#8220;without_pattern&#8220; padding_top=&#8220;40&#8243;][vc_column width=&#8220;1\/1&#8243;][\/vc_column][\/vc_row][vc_row row_type=&#8220;row&#8220; type=&#8220;grid&#8220; text_align=&#8220;left&#8220; background_image_as_pattern=&#8220;without_pattern&#8220; background_color=&#8220;#f8f8f8&#8243; padding_bottom=&#8220;40px&#8220;][vc_column width=&#8220;1\/6&#8243; css=&#8220;.vc_custom_1432724409325{padding: 18px 18px 17px !important;background-color: #65b738 !important;background-position: center !important;background-repeat: no-repeat !important;background-size: cover !important;}&#8220;][vc_column_text] Strecke 2 [\/vc_column_text][\/vc_column][vc_column width=&#8220;5\/6&#8243; css=&#8220;.vc_custom_1432713523590{padding: 1px !important;background-color: #000000 !important;background-position: center !important;background-repeat: no-repeat !important;background-size: cover !important;}&#8220;][vc_row_inner][vc_column_inner width=&#8220;1\/2&#8243;][vc_column_text css=&#8220;.vc_custom_1432713536762{padding: 15px...","og_url":"https:\/\/www.senderosdelapalma.es\/de\/mountainbikes\/wegstrecken-fur-mountainbikes\/strecke-2-la-hilera\/","og_site_name":"Red de Senderos de La Palma","article_publisher":"https:\/\/www.facebook.com\/senderoslapalma","article_modified_time":"2020-08-20T17:21:12+00:00","og_image":[{"width":1920,"height":1084,"url":"https:\/\/www.senderosdelapalma.es\/wp-content\/uploads\/2014\/12\/redsenderosdelapalma_01.jpg","type":"image\/jpeg"}],"twitter_card":"summary_large_image","twitter_site":"@SenderosdeLaPal","twitter_misc":{"Gesch\u00e4tzte Lesezeit":"5\u00a0Minuten"},"schema":{"@context":"https:\/\/schema.org","@graph":[{"@type":"WebPage","@id":"https:\/\/www.senderosdelapalma.es\/de\/mountainbikes\/wegstrecken-fur-mountainbikes\/strecke-2-la-hilera\/","url":"https:\/\/www.senderosdelapalma.es\/de\/mountainbikes\/wegstrecken-fur-mountainbikes\/strecke-2-la-hilera\/","name":"Strecke 2: La Hilera - Red de Senderos de La Palma","isPartOf":{"@id":"https:\/\/www.senderosdelapalma.es\/#website"},"datePublished":"2015-06-17T08:53:26+00:00","dateModified":"2020-08-20T17:21:12+00:00","breadcrumb":{"@id":"https:\/\/www.senderosdelapalma.es\/de\/mountainbikes\/wegstrecken-fur-mountainbikes\/strecke-2-la-hilera\/#breadcrumb"},"inLanguage":"de","potentialAction":[{"@type":"ReadAction","target":["https:\/\/www.senderosdelapalma.es\/de\/mountainbikes\/wegstrecken-fur-mountainbikes\/strecke-2-la-hilera\/"]}]},{"@type":"BreadcrumbList","@id":"https:\/\/www.senderosdelapalma.es\/de\/mountainbikes\/wegstrecken-fur-mountainbikes\/strecke-2-la-hilera\/#breadcrumb","itemListElement":[{"@type":"ListItem","position":1,"name":"Portada","item":"https:\/\/www.senderosdelapalma.es\/de\/"},{"@type":"ListItem","position":2,"name":"Mountainbikes","item":"https:\/\/www.senderosdelapalma.es\/de\/mountainbikes\/"},{"@type":"ListItem","position":3,"name":"Wegstrecken f\u00fcr mountainbikes","item":"https:\/\/www.senderosdelapalma.es\/de\/mountainbikes\/wegstrecken-fur-mountainbikes\/"},{"@type":"ListItem","position":4,"name":"Strecke 2: La Hilera"}]},{"@type":"WebSite","@id":"https:\/\/www.senderosdelapalma.es\/#website","url":"https:\/\/www.senderosdelapalma.es\/","name":"Red de Senderos de La Palma","description":"La Palma, la isla de los senderistas. Una enorme variedad de climas, relieves y paisajes te est\u00e1n esperando.  ","publisher":{"@id":"https:\/\/www.senderosdelapalma.es\/#organization"},"potentialAction":[{"@type":"SearchAction","target":{"@type":"EntryPoint","urlTemplate":"https:\/\/www.senderosdelapalma.es\/?s={search_term_string}"},"query-input":"required name=search_term_string"}],"inLanguage":"de"},{"@type":"Organization","@id":"https:\/\/www.senderosdelapalma.es\/#organization","name":"Red de Senderos de La Palma","url":"https:\/\/www.senderosdelapalma.es\/","logo":{"@type":"ImageObject","inLanguage":"de","@id":"https:\/\/www.senderosdelapalma.es\/#\/schema\/logo\/image\/","url":"https:\/\/www.senderosdelapalma.es\/wp-content\/uploads\/2015\/06\/cabildo_la_palma-01.png","contentUrl":"https:\/\/www.senderosdelapalma.es\/wp-content\/uploads\/2015\/06\/cabildo_la_palma-01.png","width":3508,"height":2479,"caption":"Red de Senderos de La Palma"},"image":{"@id":"https:\/\/www.senderosdelapalma.es\/#\/schema\/logo\/image\/"},"sameAs":["https:\/\/www.facebook.com\/senderoslapalma","https:\/\/twitter.com\/SenderosdeLaPal","https:\/\/www.instagram.com\/senderosdelapalma\/","https:\/\/www.pinterest.es\/senderoslp\/"]}]}},"_links":{"self":[{"href":"https:\/\/www.senderosdelapalma.es\/de\/wp-json\/wp\/v2\/pages\/19709\/"}],"collection":[{"href":"https:\/\/www.senderosdelapalma.es\/de\/wp-json\/wp\/v2\/pages\/"}],"about":[{"href":"https:\/\/www.senderosdelapalma.es\/de\/wp-json\/wp\/v2\/types\/page\/"}],"author":[{"embeddable":true,"href":"https:\/\/www.senderosdelapalma.es\/de\/wp-json\/wp\/v2\/users\/1\/"}],"replies":[{"embeddable":true,"href":"https:\/\/www.senderosdelapalma.es\/de\/wp-json\/wp\/v2\/comments\/?post=19709"}],"version-history":[{"count":0,"href":"https:\/\/www.senderosdelapalma.es\/de\/wp-json\/wp\/v2\/pages\/19709\/revisions\/"}],"up":[{"embeddable":true,"href":"https:\/\/www.senderosdelapalma.es\/de\/wp-json\/wp\/v2\/pages\/19703\/"}],"wp:attachment":[{"href":"https:\/\/www.senderosdelapalma.es\/de\/wp-json\/wp\/v2\/media\/?parent=19709"}],"curies":[{"name":"wp","href":"https:\/\/api.w.org\/{rel}","templated":true}]}}