{"id":19698,"date":"2015-06-17T08:50:25","date_gmt":"2015-06-17T08:50:25","guid":{"rendered":"http:\/\/www.senderosdelapalma.es\/?page_id=19698"},"modified":"2020-08-20T17:21:12","modified_gmt":"2020-08-20T17:21:12","slug":"strecke-1-el-pilar-la-salemera","status":"publish","type":"page","link":"https:\/\/www.senderosdelapalma.es\/de\/mountainbikes\/wegstrecken-fur-mountainbikes\/strecke-1-el-pilar-la-salemera\/","title":{"rendered":"Strecke 1: El Pilar &#8211; La Salemera"},"content":{"rendered":"<section class=\"wpb-content-wrapper\"><p>[vc_row row_type=&#8220;row&#8220; type=&#8220;grid&#8220; text_align=&#8220;left&#8220; background_image_as_pattern=&#8220;without_pattern&#8220; background_color=&#8220;#f8f8f8&#8243; padding_bottom=&#8220;40px&#8220;][vc_column width=&#8220;1\/6&#8243; css=&#8220;.vc_custom_1433838207669{padding: 18px 18px 17px !important;background-color: #000000 !important;background-position: center !important;background-repeat: no-repeat !important;background-size: cover !important;}&#8220;][vc_column_text]<\/p>\n<h4 style=\"text-align: center;\"><strong><span style=\"color: #ffffff;\"> Strecke 1<\/span><\/strong><\/h4>\n<p>[\/vc_column_text][\/vc_column][vc_column width=&#8220;5\/6&#8243; css=&#8220;.vc_custom_1432713523590{padding: 1px !important;background-color: #000000 !important;background-position: center !important;background-repeat: no-repeat !important;background-size: cover !important;}&#8220;][vc_row_inner][vc_column_inner width=&#8220;1\/2&#8243;][vc_column_text css=&#8220;.vc_custom_1433838217268{padding: 15px !important;}&#8220;]<\/p>\n<h4 style=\"text-align: left;\"><strong><span style=\"color: #ffffff;\">EL PILAR \u2013 LA SALEMERA<\/span><\/strong><\/h4>\n<p>[\/vc_column_text][\/vc_column_inner][vc_column_inner width=&#8220;1\/4&#8243;][vc_column_text css=&#8220;.vc_custom_1432722001647{padding: 15px !important;}&#8220;]<\/p>\n<h6 style=\"text-align: left;\"><strong><span style=\"color: #ffffff;\">ABFAHRT-STRECKE<\/span><\/strong><\/h6>\n<p>[\/vc_column_text][\/vc_column_inner][vc_column_inner width=&#8220;1\/4&#8243;][vc_single_image image=&#8220;19444&#8243; border_color=&#8220;grey&#8220; img_link_target=&#8220;_self&#8220; img_size=&#8220;140&#215;53&#8243;][\/vc_column_inner][\/vc_row_inner][\/vc_column][\/vc_row][vc_row row_type=&#8220;row&#8220; type=&#8220;grid&#8220; text_align=&#8220;center&#8220; background_image_as_pattern=&#8220;without_pattern&#8220; padding_top=&#8220;0&#8243; padding_bottom=&#8220;10&#8243;][vc_column width=&#8220;1\/1&#8243;][vc_separator type=&#8220;transparent&#8220; position=&#8220;center&#8220; up=&#8220;10&#8243; down=&#8220;10&#8243;][\/vc_column][\/vc_row][vc_row row_type=&#8220;row&#8220; type=&#8220;grid&#8220; text_align=&#8220;left&#8220; background_image_as_pattern=&#8220;without_pattern&#8220;][vc_column width=&#8220;1\/2&#8243;][vc_column_text][sgpx gpx=&#8220;\/wp-content\/uploads\/gpx-mtb\/salemera.GPX&#8220;][\/vc_column_text][vc_separator type=&#8220;transparent&#8220; position=&#8220;center&#8220; up=&#8220;10&#8243; down=&#8220;10&#8243;][vc_single_image image=&#8220;19605&#8243; border_color=&#8220;grey&#8220; img_link_target=&#8220;_blank&#8220; img_size=&#8220;full&#8220; img_link_large=&#8220;yes&#8220;][vc_separator type=&#8220;transparent&#8220; position=&#8220;center&#8220; up=&#8220;10&#8243; down=&#8220;20&#8243;][vc_row_inner][vc_column_inner width=&#8220;1\/4&#8243; css=&#8220;.vc_custom_1433857534885{margin-right: 10px !important;}&#8220;]<a href=\"http:\/\/www.senderosdelapalma.es\/wp-content\/uploads\/gpx-mtb\/salemera.zip\" target=\"_blank\" data-hover-background-color=#4aa946 data-hover-border-color=#4aa946 data-hover-color=#ffffff class=\"qbutton  medium center\" style=\"color: #ffffff; border-color: #000000; font-style: normal; font-weight: 500; margin: 3px 5px 3px 5px; background-color: #000000;\">GPX<i class=\"fa fa-cloud-download\" style=\"color: #ffffff;\"><\/i><\/a>[\/vc_column_inner][vc_column_inner width=&#8220;1\/4&#8243;]<a href=\"http:\/\/www.senderosdelapalma.es\/wp-content\/uploads\/kmz\/salemera.kmz\" target=\"_blank\" data-hover-background-color=#4aa946 data-hover-border-color=#4aa946 data-hover-color=#ffffff class=\"qbutton  medium center\" style=\"color: #ffffff; border-color: #000000; font-style: normal; font-weight: 500; margin: 3px 5px 3px 5px; background-color: #000000;\">KMZ<i class=\"fa fa-cloud-download\" style=\"color: #ffffff;\"><\/i><\/a>[\/vc_column_inner][vc_column_inner width=&#8220;1\/4&#8243;][\/vc_column_inner][vc_column_inner width=&#8220;1\/4&#8243;][\/vc_column_inner][\/vc_row_inner][vc_separator type=&#8220;transparent&#8220; position=&#8220;center&#8220; up=&#8220;10&#8243; down=&#8220;20&#8243;][vc_row_inner][vc_column_inner width=&#8220;1\/4&#8243; css=&#8220;.vc_custom_1433857534885{margin-right: 10px !important;}&#8220;]<a href=\"http:\/\/www.senderosdelapalma.es\/de\/mountainbikes\/rules-of-the-trail\/\" target=\"_blank\" data-hover-background-color=#4aa946 data-hover-border-color=#4aa946 data-hover-color=#ffffff class=\"qbutton  medium right\" style=\"color: #ffffff; border-color: #000000; font-style: normal; font-weight: 500; margin: 3px 5px 3px 5px; background-color: #000000;\">Richtlinien zur Nutzung der Wege<i class=\"fa fa-exclamation-triangle\" style=\"color: #ffffff;\"><\/i><\/a>[\/vc_column_inner][vc_column_inner width=&#8220;1\/4&#8243;][\/vc_column_inner][vc_column_inner width=&#8220;1\/4&#8243;][\/vc_column_inner][vc_column_inner width=&#8220;1\/4&#8243;][\/vc_column_inner][\/vc_row_inner][\/vc_column][vc_column width=&#8220;1\/2&#8243;][vc_row_inner][vc_column_inner width=&#8220;1\/2&#8243;][vc_column_text]<\/p>\n<ul>\n<li><strong>L\u00e4nge:<\/strong> 15,26 Km<\/li>\n<li><strong>Die gr\u00f6\u00dfte H\u00f6he:<\/strong> 1594 m.<\/li>\n<li><strong>Minimale H\u00f6he:<\/strong>\u00a020 m.<\/li>\n<li><strong>H\u00f6he des Ausgangs:<\/strong> 1462 m.<\/li>\n<li><strong>H\u00f6he der Ankunft:<\/strong>\u00a019 m.<\/li>\n<\/ul>\n<p>[\/vc_column_text][\/vc_column_inner][vc_column_inner width=&#8220;1\/2&#8243;][vc_column_text]<\/p>\n<ul>\n<li><strong>Aufstieg insgesamt:<\/strong> 1573 m.<\/li>\n<li><strong>Abstieg insgesamt:<\/strong> 135 m.<\/li>\n<li><strong>Die gr\u00f6\u00dfte Geschwindigkeit:<\/strong> 9229 m\/h<\/li>\n<\/ul>\n<p>[\/vc_column_text][\/vc_column_inner][\/vc_row_inner][vc_separator type=&#8220;transparent&#8220; position=&#8220;center&#8220; up=&#8220;10&#8243; down=&#8220;20&#8243;][vc_column_text]<\/p>\n<p class=\"p1\" style=\"text-align: justify;\"><strong>Diese Strecke ist durch ihre ausgepr\u00e4gten H\u00f6henunterschiede gekennzeichnet. Sie f\u00fchrt auf der Ostseite der Insel durch alle Vegetationsstufen &#8211; vom feuchten Kiefernwald bis zur trockenen K\u00fcste.<\/strong><\/p>\n<p style=\"text-align: justify;\">[vc_separator type=&#8217;transparent&#8216; position=&#8217;center&#8216; color=&#8220; thickness=&#8220; up=&#8217;5&#8242; down=&#8217;5&#8242;]<\/p>\n<p style=\"text-align: justify;\">Der Startpunkt dieser Strecke befindet sich auf dem letzten Teilabschnitt der <a href=\"http:\/\/www.senderosdelapalma.es\/de\/mountainbikes\/wegstrecken-fur-mountainbikes\/strecke-4-llano-de-la-mosca\/\">Strecke 4<\/a> (rund 5 km vor Streckenende). Nach dem Bereich Llano de la Mosca s\u00e4umen bis zur Abfahrt in Richtung des auff\u00e4lligen Stein-Gebildes Roque Niquiomo halbwilde Fruchtb\u00e4ume die Strecke. Es handelt sich bei dem felsigen Gebilde um eine sogenannte Lavakuppel, die den Krater wie durch einen Stopfen aus erstarrter Lava, der bei der Eruption nicht ausgesto\u00dfen werden konnte, verschlie\u00dft. Die Erosion erledigte im Laufe der Jahre den Rest und modellierte ihre heute charakteristische Form.<\/p>\n<p style=\"text-align: justify;\">[vc_separator type=&#8217;transparent&#8216; position=&#8217;center&#8216; color=&#8220; thickness=&#8220; up=&#8217;5&#8242; down=&#8217;5&#8242;]<\/p>\n<p style=\"text-align: justify;\">Zu ihren F\u00fc\u00dfen machen wir mit der einzigartigen Beschaffenheit der Landschaft in diesem Bereich Bekanntschaft: der vertikale Abgrund von Niquiomo inklusive 50-Meter-Sprung im freien Fall. Obwohl der Zugang zu diesem Bereich \u00e4u\u00dferst schwierig ist und eine besondere Ausr\u00fcstung verlangt, versammelten sich den \u00dcberlieferungen zufolge hier die Ureinwohner der Insel, um aller Wahrscheinlichkeit vom Wasser zu profitieren, das hier aus den W\u00e4nden rinnt.<\/p>\n<p style=\"text-align: justify;\">[vc_separator type=&#8217;transparent&#8216; position=&#8217;center&#8216; color=&#8220; thickness=&#8220; up=&#8217;5&#8242; down=&#8217;5&#8242;]<\/p>\n<p style=\"text-align: justify;\">Der weitere Verlauf der Strecke f\u00fchrt zun\u00e4chst \u00fcber einen Waldweg in Richtung S\u00fcden und folgt sp\u00e4ter der Schlucht Barranco de San Sim\u00f3n. Beim Verlassen dieses durch die Vegetation des Immergr\u00fcns gepr\u00e4gten Bereichs erreichen wir bald das offene Gel\u00e4nde der landwirtschaftlich genutzten Natur des Ortsteils La Sabina. Wie alle anderen 13 Ortsteile der Gemeinde Villa de Mazo ist auch der Bereich La Sabina von bescheidenen Dimensionen, in dem die typischen Wohnh\u00e4user im kanarischen Stil zu finden sind. Wir fahren am gleichnamigen Kreuz vorbei und erreichen die Schlucht Barranco de Las Cuevas und \u00fcberqueren hier die Landstra\u00dfe LP-206. Unterhalb der Stra\u00dfe treffen wir dann auf unseren Weg, der uns bis in den Ortsteil Malpa\u00edses f\u00fchr und auch wie der bereits zur\u00fcckliegende Bereich La Sabina bewohnt und mit entsprechenden Einrichtungen zur Deckung des Grundbedarfs ausgestattet ist.<\/p>\n<p style=\"text-align: justify;\">[vc_separator type=&#8217;transparent&#8216; position=&#8217;center&#8216; color=&#8220; thickness=&#8220; up=&#8217;5&#8242; down=&#8217;5&#8242;]<\/p>\n<p style=\"text-align: justify;\">Beim \u00dcberqueren des zweiten und letzten Stra\u00dfenabschnitts (die LP-2, die um die S\u00fcdspitze der Insel herum f\u00fchrt) treffen wir auf eine neue Landschaft, die von jungem Lavagestein mit sp\u00e4rlichem Bewuchs gekennzeichnet ist. Die Flora besteht hier haupts\u00e4chlich aus Wolfsmilchgew\u00e4chsen, die sich flach \u00fcber dem Boden bis hin zu dem nun bereits in Sichtweite befindlichen Berg Monta\u00f1a del Azufre erstrecken.<\/p>\n<p style=\"text-align: justify;\">[vc_separator type=&#8217;transparent&#8216; position=&#8217;center&#8216; color=&#8220; thickness=&#8220; up=&#8217;5&#8242; down=&#8217;5&#8242;]<\/p>\n<p style=\"text-align: justify;\">Schlie\u00dflich kommen wir am Ende der Strecke an die K\u00fcste zum Ortsteil La Salemera, wo zum Einen eine imposante Steilk\u00fcste und zum Anderen Restaurants und Bars auf uns warten. Ein verdientes Bad am nahen Strand erfrischt uns und entspannt vor allem die unter Umst\u00e4nden angespannte und ersch\u00f6pfte Muskulatur.<\/p>\n<p>[\/vc_column_text][\/vc_column][\/vc_row][vc_row][vc_column width=&#8220;1\/1&#8243;][vc_separator type=&#8220;transparent&#8220; position=&#8220;center&#8220; up=&#8220;20&#8243; down=&#8220;20&#8243;][vc_gallery type=&#8220;image_grid&#8220; interval=&#8220;3&#8243; images=&#8220;19611,19612,19613,19614&#8243; onclick=&#8220;link_image&#8220; custom_links_target=&#8220;_self&#8220; column_number=&#8220;4&#8243; grayscale=&#8220;no&#8220; choose_frame=&#8220;default&#8220;][vc_separator type=&#8220;transparent&#8220; position=&#8220;center&#8220; up=&#8220;20&#8243; down=&#8220;20&#8243;]<a href=\"http:\/\/www.senderosdelapalma.es\/de\/mountainbikes\/wegstrecken-fur-mountainbikes\/\" target=\"_self\"  class=\"qbutton \" style=\"\"><i class=\"fa fa-arrow-left\" style=\"\"><\/i><\/a>[vc_separator type=&#8220;transparent&#8220; position=&#8220;center&#8220; up=&#8220;20&#8243; down=&#8220;20&#8243;][\/vc_column][\/vc_row]<\/p>\n<\/section>","protected":false},"excerpt":{"rendered":"<p>[vc_row row_type=&#8220;row&#8220; type=&#8220;grid&#8220; text_align=&#8220;left&#8220; background_image_as_pattern=&#8220;without_pattern&#8220; background_color=&#8220;#f8f8f8&#8243; padding_bottom=&#8220;40px&#8220;][vc_column width=&#8220;1\/6&#8243; css=&#8220;.vc_custom_1433838207669{padding: 18px 18px 17px !important;background-color: #000000 !important;background-position: center !important;background-repeat: no-repeat !important;background-size: cover !important;}&#8220;][vc_column_text] Strecke 1 [\/vc_column_text][\/vc_column][vc_column width=&#8220;5\/6&#8243; css=&#8220;.vc_custom_1432713523590{padding: 1px !important;background-color: #000000 !important;background-position: center !important;background-repeat: no-repeat !important;background-size: cover !important;}&#8220;][vc_row_inner][vc_column_inner width=&#8220;1\/2&#8243;][vc_column_text css=&#8220;.vc_custom_1433838217268{padding: 15px !important;}&#8220;] EL PILAR \u2013 LA SALEMERA&#8230;<\/p>\n","protected":false},"author":1,"featured_media":0,"parent":19703,"menu_order":0,"comment_status":"open","ping_status":"open","template":"","meta":[],"yoast_head":"<!-- This site is optimized with the Yoast SEO plugin v21.0 - https:\/\/yoast.com\/wordpress\/plugins\/seo\/ -->\n<title>Strecke 1: El Pilar - La Salemera - Red de Senderos de La Palma<\/title>\n<meta name=\"robots\" content=\"index, follow, max-snippet:-1, max-image-preview:large, max-video-preview:-1\" \/>\n<link rel=\"canonical\" href=\"https:\/\/www.senderosdelapalma.es\/de\/mountainbikes\/wegstrecken-fur-mountainbikes\/strecke-1-el-pilar-la-salemera\/\" \/>\n<meta property=\"og:locale\" content=\"de_DE\" \/>\n<meta property=\"og:type\" content=\"article\" \/>\n<meta property=\"og:title\" content=\"Strecke 1: El Pilar - La Salemera - Red de Senderos de La Palma\" \/>\n<meta property=\"og:description\" content=\"[vc_row row_type=&#8220;row&#8220; type=&#8220;grid&#8220; text_align=&#8220;left&#8220; background_image_as_pattern=&#8220;without_pattern&#8220; background_color=&#8220;#f8f8f8&#8243; padding_bottom=&#8220;40px&#8220;][vc_column width=&#8220;1\/6&#8243; css=&#8220;.vc_custom_1433838207669{padding: 18px 18px 17px !important;background-color: #000000 !important;background-position: center !important;background-repeat: no-repeat !important;background-size: cover !important;}&#8220;][vc_column_text] Strecke 1 [\/vc_column_text][\/vc_column][vc_column width=&#8220;5\/6&#8243; css=&#8220;.vc_custom_1432713523590{padding: 1px !important;background-color: #000000 !important;background-position: center !important;background-repeat: no-repeat !important;background-size: cover !important;}&#8220;][vc_row_inner][vc_column_inner width=&#8220;1\/2&#8243;][vc_column_text css=&#8220;.vc_custom_1433838217268{padding: 15px !important;}&#8220;] EL PILAR \u2013 LA SALEMERA...\" \/>\n<meta property=\"og:url\" content=\"https:\/\/www.senderosdelapalma.es\/de\/mountainbikes\/wegstrecken-fur-mountainbikes\/strecke-1-el-pilar-la-salemera\/\" \/>\n<meta property=\"og:site_name\" content=\"Red de Senderos de La Palma\" \/>\n<meta property=\"article:publisher\" content=\"https:\/\/www.facebook.com\/senderoslapalma\" \/>\n<meta property=\"article:modified_time\" content=\"2020-08-20T17:21:12+00:00\" \/>\n<meta property=\"og:image\" content=\"https:\/\/www.senderosdelapalma.es\/wp-content\/uploads\/2014\/12\/redsenderosdelapalma_01.jpg\" \/>\n\t<meta property=\"og:image:width\" content=\"1920\" \/>\n\t<meta property=\"og:image:height\" content=\"1084\" \/>\n\t<meta property=\"og:image:type\" content=\"image\/jpeg\" \/>\n<meta name=\"twitter:card\" content=\"summary_large_image\" \/>\n<meta name=\"twitter:site\" content=\"@SenderosdeLaPal\" \/>\n<meta name=\"twitter:label1\" content=\"Gesch\u00e4tzte Lesezeit\" \/>\n\t<meta name=\"twitter:data1\" content=\"6\u00a0Minuten\" \/>\n<script type=\"application\/ld+json\" class=\"yoast-schema-graph\">{\"@context\":\"https:\/\/schema.org\",\"@graph\":[{\"@type\":\"WebPage\",\"@id\":\"https:\/\/www.senderosdelapalma.es\/de\/mountainbikes\/wegstrecken-fur-mountainbikes\/strecke-1-el-pilar-la-salemera\/\",\"url\":\"https:\/\/www.senderosdelapalma.es\/de\/mountainbikes\/wegstrecken-fur-mountainbikes\/strecke-1-el-pilar-la-salemera\/\",\"name\":\"Strecke 1: El Pilar - La Salemera - Red de Senderos de La Palma\",\"isPartOf\":{\"@id\":\"https:\/\/www.senderosdelapalma.es\/#website\"},\"datePublished\":\"2015-06-17T08:50:25+00:00\",\"dateModified\":\"2020-08-20T17:21:12+00:00\",\"breadcrumb\":{\"@id\":\"https:\/\/www.senderosdelapalma.es\/de\/mountainbikes\/wegstrecken-fur-mountainbikes\/strecke-1-el-pilar-la-salemera\/#breadcrumb\"},\"inLanguage\":\"de\",\"potentialAction\":[{\"@type\":\"ReadAction\",\"target\":[\"https:\/\/www.senderosdelapalma.es\/de\/mountainbikes\/wegstrecken-fur-mountainbikes\/strecke-1-el-pilar-la-salemera\/\"]}]},{\"@type\":\"BreadcrumbList\",\"@id\":\"https:\/\/www.senderosdelapalma.es\/de\/mountainbikes\/wegstrecken-fur-mountainbikes\/strecke-1-el-pilar-la-salemera\/#breadcrumb\",\"itemListElement\":[{\"@type\":\"ListItem\",\"position\":1,\"name\":\"Portada\",\"item\":\"https:\/\/www.senderosdelapalma.es\/de\/\"},{\"@type\":\"ListItem\",\"position\":2,\"name\":\"Mountainbikes\",\"item\":\"https:\/\/www.senderosdelapalma.es\/de\/mountainbikes\/\"},{\"@type\":\"ListItem\",\"position\":3,\"name\":\"Wegstrecken f\u00fcr mountainbikes\",\"item\":\"https:\/\/www.senderosdelapalma.es\/de\/mountainbikes\/wegstrecken-fur-mountainbikes\/\"},{\"@type\":\"ListItem\",\"position\":4,\"name\":\"Strecke 1: El Pilar &#8211; La Salemera\"}]},{\"@type\":\"WebSite\",\"@id\":\"https:\/\/www.senderosdelapalma.es\/#website\",\"url\":\"https:\/\/www.senderosdelapalma.es\/\",\"name\":\"Red de Senderos de La Palma\",\"description\":\"La Palma, la isla de los senderistas. Una enorme variedad de climas, relieves y paisajes te est\u00e1n esperando.  \",\"publisher\":{\"@id\":\"https:\/\/www.senderosdelapalma.es\/#organization\"},\"potentialAction\":[{\"@type\":\"SearchAction\",\"target\":{\"@type\":\"EntryPoint\",\"urlTemplate\":\"https:\/\/www.senderosdelapalma.es\/?s={search_term_string}\"},\"query-input\":\"required name=search_term_string\"}],\"inLanguage\":\"de\"},{\"@type\":\"Organization\",\"@id\":\"https:\/\/www.senderosdelapalma.es\/#organization\",\"name\":\"Red de Senderos de La Palma\",\"url\":\"https:\/\/www.senderosdelapalma.es\/\",\"logo\":{\"@type\":\"ImageObject\",\"inLanguage\":\"de\",\"@id\":\"https:\/\/www.senderosdelapalma.es\/#\/schema\/logo\/image\/\",\"url\":\"https:\/\/www.senderosdelapalma.es\/wp-content\/uploads\/2015\/06\/cabildo_la_palma-01.png\",\"contentUrl\":\"https:\/\/www.senderosdelapalma.es\/wp-content\/uploads\/2015\/06\/cabildo_la_palma-01.png\",\"width\":3508,\"height\":2479,\"caption\":\"Red de Senderos de La Palma\"},\"image\":{\"@id\":\"https:\/\/www.senderosdelapalma.es\/#\/schema\/logo\/image\/\"},\"sameAs\":[\"https:\/\/www.facebook.com\/senderoslapalma\",\"https:\/\/twitter.com\/SenderosdeLaPal\",\"https:\/\/www.instagram.com\/senderosdelapalma\/\",\"https:\/\/www.pinterest.es\/senderoslp\/\"]}]}<\/script>\n<!-- \/ Yoast SEO plugin. -->","yoast_head_json":{"title":"Strecke 1: El Pilar - La Salemera - Red de Senderos de La Palma","robots":{"index":"index","follow":"follow","max-snippet":"max-snippet:-1","max-image-preview":"max-image-preview:large","max-video-preview":"max-video-preview:-1"},"canonical":"https:\/\/www.senderosdelapalma.es\/de\/mountainbikes\/wegstrecken-fur-mountainbikes\/strecke-1-el-pilar-la-salemera\/","og_locale":"de_DE","og_type":"article","og_title":"Strecke 1: El Pilar - La Salemera - Red de Senderos de La Palma","og_description":"[vc_row row_type=&#8220;row&#8220; type=&#8220;grid&#8220; text_align=&#8220;left&#8220; background_image_as_pattern=&#8220;without_pattern&#8220; background_color=&#8220;#f8f8f8&#8243; padding_bottom=&#8220;40px&#8220;][vc_column width=&#8220;1\/6&#8243; css=&#8220;.vc_custom_1433838207669{padding: 18px 18px 17px !important;background-color: #000000 !important;background-position: center !important;background-repeat: no-repeat !important;background-size: cover !important;}&#8220;][vc_column_text] Strecke 1 [\/vc_column_text][\/vc_column][vc_column width=&#8220;5\/6&#8243; css=&#8220;.vc_custom_1432713523590{padding: 1px !important;background-color: #000000 !important;background-position: center !important;background-repeat: no-repeat !important;background-size: cover !important;}&#8220;][vc_row_inner][vc_column_inner width=&#8220;1\/2&#8243;][vc_column_text css=&#8220;.vc_custom_1433838217268{padding: 15px !important;}&#8220;] EL PILAR \u2013 LA SALEMERA...","og_url":"https:\/\/www.senderosdelapalma.es\/de\/mountainbikes\/wegstrecken-fur-mountainbikes\/strecke-1-el-pilar-la-salemera\/","og_site_name":"Red de Senderos de La Palma","article_publisher":"https:\/\/www.facebook.com\/senderoslapalma","article_modified_time":"2020-08-20T17:21:12+00:00","og_image":[{"width":1920,"height":1084,"url":"https:\/\/www.senderosdelapalma.es\/wp-content\/uploads\/2014\/12\/redsenderosdelapalma_01.jpg","type":"image\/jpeg"}],"twitter_card":"summary_large_image","twitter_site":"@SenderosdeLaPal","twitter_misc":{"Gesch\u00e4tzte Lesezeit":"6\u00a0Minuten"},"schema":{"@context":"https:\/\/schema.org","@graph":[{"@type":"WebPage","@id":"https:\/\/www.senderosdelapalma.es\/de\/mountainbikes\/wegstrecken-fur-mountainbikes\/strecke-1-el-pilar-la-salemera\/","url":"https:\/\/www.senderosdelapalma.es\/de\/mountainbikes\/wegstrecken-fur-mountainbikes\/strecke-1-el-pilar-la-salemera\/","name":"Strecke 1: El Pilar - La Salemera - Red de Senderos de La Palma","isPartOf":{"@id":"https:\/\/www.senderosdelapalma.es\/#website"},"datePublished":"2015-06-17T08:50:25+00:00","dateModified":"2020-08-20T17:21:12+00:00","breadcrumb":{"@id":"https:\/\/www.senderosdelapalma.es\/de\/mountainbikes\/wegstrecken-fur-mountainbikes\/strecke-1-el-pilar-la-salemera\/#breadcrumb"},"inLanguage":"de","potentialAction":[{"@type":"ReadAction","target":["https:\/\/www.senderosdelapalma.es\/de\/mountainbikes\/wegstrecken-fur-mountainbikes\/strecke-1-el-pilar-la-salemera\/"]}]},{"@type":"BreadcrumbList","@id":"https:\/\/www.senderosdelapalma.es\/de\/mountainbikes\/wegstrecken-fur-mountainbikes\/strecke-1-el-pilar-la-salemera\/#breadcrumb","itemListElement":[{"@type":"ListItem","position":1,"name":"Portada","item":"https:\/\/www.senderosdelapalma.es\/de\/"},{"@type":"ListItem","position":2,"name":"Mountainbikes","item":"https:\/\/www.senderosdelapalma.es\/de\/mountainbikes\/"},{"@type":"ListItem","position":3,"name":"Wegstrecken f\u00fcr mountainbikes","item":"https:\/\/www.senderosdelapalma.es\/de\/mountainbikes\/wegstrecken-fur-mountainbikes\/"},{"@type":"ListItem","position":4,"name":"Strecke 1: El Pilar &#8211; La Salemera"}]},{"@type":"WebSite","@id":"https:\/\/www.senderosdelapalma.es\/#website","url":"https:\/\/www.senderosdelapalma.es\/","name":"Red de Senderos de La Palma","description":"La Palma, la isla de los senderistas. Una enorme variedad de climas, relieves y paisajes te est\u00e1n esperando.  ","publisher":{"@id":"https:\/\/www.senderosdelapalma.es\/#organization"},"potentialAction":[{"@type":"SearchAction","target":{"@type":"EntryPoint","urlTemplate":"https:\/\/www.senderosdelapalma.es\/?s={search_term_string}"},"query-input":"required name=search_term_string"}],"inLanguage":"de"},{"@type":"Organization","@id":"https:\/\/www.senderosdelapalma.es\/#organization","name":"Red de Senderos de La Palma","url":"https:\/\/www.senderosdelapalma.es\/","logo":{"@type":"ImageObject","inLanguage":"de","@id":"https:\/\/www.senderosdelapalma.es\/#\/schema\/logo\/image\/","url":"https:\/\/www.senderosdelapalma.es\/wp-content\/uploads\/2015\/06\/cabildo_la_palma-01.png","contentUrl":"https:\/\/www.senderosdelapalma.es\/wp-content\/uploads\/2015\/06\/cabildo_la_palma-01.png","width":3508,"height":2479,"caption":"Red de Senderos de La Palma"},"image":{"@id":"https:\/\/www.senderosdelapalma.es\/#\/schema\/logo\/image\/"},"sameAs":["https:\/\/www.facebook.com\/senderoslapalma","https:\/\/twitter.com\/SenderosdeLaPal","https:\/\/www.instagram.com\/senderosdelapalma\/","https:\/\/www.pinterest.es\/senderoslp\/"]}]}},"_links":{"self":[{"href":"https:\/\/www.senderosdelapalma.es\/de\/wp-json\/wp\/v2\/pages\/19698\/"}],"collection":[{"href":"https:\/\/www.senderosdelapalma.es\/de\/wp-json\/wp\/v2\/pages\/"}],"about":[{"href":"https:\/\/www.senderosdelapalma.es\/de\/wp-json\/wp\/v2\/types\/page\/"}],"author":[{"embeddable":true,"href":"https:\/\/www.senderosdelapalma.es\/de\/wp-json\/wp\/v2\/users\/1\/"}],"replies":[{"embeddable":true,"href":"https:\/\/www.senderosdelapalma.es\/de\/wp-json\/wp\/v2\/comments\/?post=19698"}],"version-history":[{"count":0,"href":"https:\/\/www.senderosdelapalma.es\/de\/wp-json\/wp\/v2\/pages\/19698\/revisions\/"}],"up":[{"embeddable":true,"href":"https:\/\/www.senderosdelapalma.es\/de\/wp-json\/wp\/v2\/pages\/19703\/"}],"wp:attachment":[{"href":"https:\/\/www.senderosdelapalma.es\/de\/wp-json\/wp\/v2\/media\/?parent=19698"}],"curies":[{"name":"wp","href":"https:\/\/api.w.org\/{rel}","templated":true}]}}