{"id":19064,"date":"2015-04-10T09:14:33","date_gmt":"2015-04-10T09:14:33","guid":{"rendered":"http:\/\/www.senderosdelapalma.es\/?page_id=19064"},"modified":"2025-04-16T12:06:46","modified_gmt":"2025-04-16T12:06:46","slug":"pr-lp-08-pico-de-la-cruz-barlovento","status":"publish","type":"page","link":"https:\/\/www.senderosdelapalma.es\/de\/wanderwege-der-la-palma\/kleine-routen\/pr-lp-08-pico-de-la-cruz-barlovento\/","title":{"rendered":"PR LP 08. Pico de La Cruz &#8211; Barlovento"},"content":{"rendered":"<section class=\"wpb-content-wrapper\"><p>[vc_row row_type=&#8220;row&#8220; type=&#8220;grid&#8220; text_align=&#8220;center&#8220; background_image_as_pattern=&#8220;without_pattern&#8220; padding_top=&#8220;48&#8243; padding_bottom=&#8220;48&#8243;][vc_column width=&#8220;1\/1&#8243;][vc_column_text]<\/p>\n<h3 style=\"text-align: center;\">PR LP 08. PICO DE LA CRUZ &#8211; BARLOVENTO<\/h3>\n<p>[\/vc_column_text][\/vc_column][\/vc_row][vc_row type=&#8220;grid&#8220;][vc_column width=&#8220;1\/2&#8243;][vc_separator type=&#8220;transparent&#8220; up=&#8220;10&#8243; down=&#8220;10&#8243;][vc_single_image image=&#8220;342&#8243; img_size=&#8220;full&#8220; alignment=&#8220;center&#8220; img_link_large=&#8220;yes&#8220;][vc_separator type=&#8220;transparent&#8220; up=&#8220;10&#8243; down=&#8220;20&#8243;][vc_column_text]<iframe loading=\"lazy\" src=\"https:\/\/www.google.com\/maps\/d\/embed?mid=1P_8VXHEolCsJ1361HaOFrUZQgkD9FZ8&amp;hl=es&amp;ehbc=2E312F\" width=\"100%\" height=\"361\"><\/iframe>[\/vc_column_text]<a href=\"http:\/\/www.senderosdelapalma.es\/wp-content\/uploads\/gpx\/PRLP0800.zip\" target=\"_blank\" data-hover-background-color=#4aa946 data-hover-border-color=#4aa946 data-hover-color=#ffffff class=\"qbutton  small center\" style=\"color: #ffffff; border-color: #000000; font-style: normal; font-weight: 500; margin: 3px 5px 3px 5px; background-color: #000000;\">Entladung<i class=\"fa fa-download\" style=\"color: #ffffff;\"><\/i><\/a><a href=\"https:\/\/www.senderosdelapalma.es\/mapa-visor-senderos\/\" target=\"_blank\" data-hover-background-color=#4aa946 data-hover-border-color=#4aa946 data-hover-color=#ffffff class=\"qbutton  small center\" style=\"color: #ffffff; border-color: #000000; font-style: normal; font-weight: 500; margin: 3px 5px 3px 5px; background-color: #000000;\">Karte der Wanderwege<i class=\"fa fa-download\" style=\"color: #ffffff;\"><\/i><\/a><a href=\"https:\/\/www.google.com\/maps\/d\/edit?mid=1P_8VXHEolCsJ1361HaOFrUZQgkD9FZ8&amp;usp=sharing\" target=\"_blank\" data-hover-background-color=#4aa946 data-hover-border-color=#4aa946 data-hover-color=#ffffff class=\"qbutton  small center\" style=\"color: #ffffff; border-color: #000000; font-style: normal; font-weight: 500; margin: 3px 5px 3px 5px; background-color: #000000;\">Google map<i class=\"fa fa-download\" style=\"color: #ffffff;\"><\/i><\/a>[vc_separator type=&#8220;transparent&#8220; up=&#8220;10&#8243; down=&#8220;20&#8243;][\/vc_column][vc_column width=&#8220;1\/2&#8243;][vc_separator type=&#8220;transparent&#8220; up=&#8220;10&#8243; down=&#8220;10&#8243;][vc_column_text]<\/p>\n<ul>\n<li style=\"text-align: justify;\"><strong>Beginn:<\/strong> Pico de La Cruz<\/li>\n<li style=\"text-align: justify;\"><strong>Ende:<\/strong> Barlovento<\/li>\n<li style=\"text-align: justify;\"><strong>Schwierigkeitsgrad:<\/strong> Mittel.\u00a0Der Weg \u00fcberwindet einen gro\u00dfen H\u00f6henunterschied, ist lang und steil und damit auch k\u00f6rperlich anstrengend.<\/li>\n<li style=\"text-align: justify;\"><strong>L\u00e4nge:<\/strong>\u00a017.3 km<\/li>\n<li style=\"text-align: justify;\"><strong>Aufstieg insgesamt:<\/strong>\u00a00 m<\/li>\n<li style=\"text-align: justify;\"><strong>Abstieg insgesamt:<\/strong>\u00a01810 m<\/li>\n<li style=\"text-align: justify;\"><strong>Ungef\u00e4hre Gehzeit (Hinweg):<\/strong> 04:45Uhr<\/li>\n<li style=\"text-align: justify;\"><strong>Ungef\u00e4hre Gehzeit (R\u00fcckweg):<\/strong>\u00a006:00 Uhr<\/li>\n<li style=\"text-align: justify;\"><strong>Naturschutzgebiete:<\/strong>\u00a0Naturpark Las Nieves.<\/li>\n<li style=\"text-align: justify;\"><strong>Geeignete jahreszeit:<\/strong>\u00a0Das ganze Jahr durch. Vorsicht im Winter und Fr\u00fchling, wenn im Hochgebirge \u00fcber 2\u2019000 m \u00fc. M. Schnee liegt. In diesem Fall ist der Weg nicht begehbar und sehr gef\u00e4hrlich.<\/li>\n<li style=\"text-align: justify;\"><strong><strong><strong>Anfahrt:\u00a0<\/strong><\/strong><\/strong>Auf der Stra\u00dfe, mit einem Mietauto oder Taxi.<\/li>\n<li style=\"text-align: justify;\"><strong>Sicherheitstipps:<\/strong>\u00a0Auf die Gefahr hin, Sie zu langweilen, f\u00fchren wir die allgemeinen Sicherheitsvorkehrungen an, die immer und \u00fcberall und nicht nur auf La Palma gelten:\n<ul>\n<li style=\"text-align: justify;\">Studieren Sie, bevor Sie losgehen, den Wetterbericht.<\/li>\n<li style=\"text-align: justify;\">Wandern Sie immer in Begleitung, nie alleine.<\/li>\n<li style=\"text-align: justify;\">Informieren Sie jemanden \u00fcber die gew\u00e4hlte Route und den vorgesehenen Zeitpunkt Ihrer R\u00fcckkehr.<\/li>\n<li style=\"text-align: justify;\">Nehmen Sie einen Rucksack mit Kleidung, Regenschutz, Nahrungsmitteln und gen\u00fcgend Wasser mit.<\/li>\n<li style=\"text-align: justify;\">Vergessen Sie so einfache Dinge wie M\u00fctze, Sonnencreme und Sonnenbrille nicht.<\/li>\n<li style=\"text-align: justify;\">Nehmen Sie ein aufgeladenes Handy, eine Karte und wenn m\u00f6glich auch einen Kompass mit. Mit gr\u00f6\u00dfter Sicherheit werden Sie diese Dinge nicht brauchen, wenn sie jedoch n\u00f6tig sind, sollten sie da sein.<\/li>\n<li style=\"text-align: justify;\">Tragen Sie geeignete Kleidung und vor allem Schuhwerk: Wanderschuhe oder \u2013stiefel sind ein Muss, Turnschuhe ein Leichtsinn.<\/li>\n<\/ul>\n<\/li>\n<li style=\"text-align: justify;\"><strong>Hinweise:<\/strong>\u00a0Die meisten Wanderer beginnen diese Tour im Gebirge, Sie k\u00f6nnen sie aber auch in Gegenrichtung machen. Unterwegs gibt es nirgends Wasser. Im Gebirge selber Verlauf wie der PR LP 7.<\/li>\n<\/ul>\n<p>[\/vc_column_text][\/vc_column][\/vc_row][vc_row][vc_column width=&#8220;1\/1&#8243;][vc_separator type=&#8220;transparent&#8220; position=&#8220;center&#8220; up=&#8220;20&#8243; down=&#8220;20&#8243;]<a href=\"http:\/\/www.senderosdelapalma.es\/de\/wanderwege-der-la-palma\/kleine-routen\" target=\"_self\"  class=\"qbutton \" style=\"\"><i class=\"fa fa-arrow-left\" style=\"\"><\/i><\/a>[vc_separator type=&#8220;transparent&#8220; position=&#8220;center&#8220; up=&#8220;20&#8243; down=&#8220;20&#8243;][\/vc_column][\/vc_row]<\/p>\n<\/section>","protected":false},"excerpt":{"rendered":"<p>[vc_row row_type=&#8220;row&#8220; type=&#8220;grid&#8220; text_align=&#8220;center&#8220; background_image_as_pattern=&#8220;without_pattern&#8220; padding_top=&#8220;48&#8243; padding_bottom=&#8220;48&#8243;][vc_column width=&#8220;1\/1&#8243;][vc_column_text] PR LP 08. PICO DE LA CRUZ &#8211; BARLOVENTO [\/vc_column_text][\/vc_column][\/vc_row][vc_row type=&#8220;grid&#8220;][vc_column width=&#8220;1\/2&#8243;][vc_separator type=&#8220;transparent&#8220; up=&#8220;10&#8243; down=&#8220;10&#8243;][vc_single_image image=&#8220;342&#8243; img_size=&#8220;full&#8220; alignment=&#8220;center&#8220; img_link_large=&#8220;yes&#8220;][vc_separator type=&#8220;transparent&#8220; up=&#8220;10&#8243; down=&#8220;20&#8243;][vc_column_text][\/vc_column_text][vc_separator type=&#8220;transparent&#8220; up=&#8220;10&#8243; down=&#8220;20&#8243;][\/vc_column][vc_column width=&#8220;1\/2&#8243;][vc_separator type=&#8220;transparent&#8220; up=&#8220;10&#8243; down=&#8220;10&#8243;][vc_column_text] Beginn: Pico de La Cruz Ende: Barlovento Schwierigkeitsgrad:&#8230;<\/p>\n","protected":false},"author":1,"featured_media":0,"parent":18039,"menu_order":0,"comment_status":"open","ping_status":"open","template":"","meta":[],"yoast_head":"<!-- This site is optimized with the Yoast SEO plugin v21.0 - https:\/\/yoast.com\/wordpress\/plugins\/seo\/ -->\n<title>PR LP 08. Pico de La Cruz - Barlovento - Red de Senderos de La Palma<\/title>\n<meta name=\"robots\" content=\"index, follow, max-snippet:-1, max-image-preview:large, max-video-preview:-1\" \/>\n<link rel=\"canonical\" href=\"https:\/\/www.senderosdelapalma.es\/de\/wanderwege-der-la-palma\/kleine-routen\/pr-lp-08-pico-de-la-cruz-barlovento\/\" \/>\n<meta property=\"og:locale\" content=\"de_DE\" \/>\n<meta property=\"og:type\" content=\"article\" \/>\n<meta property=\"og:title\" content=\"PR LP 08. Pico de La Cruz - Barlovento - Red de Senderos de La Palma\" \/>\n<meta property=\"og:description\" content=\"[vc_row row_type=&#8220;row&#8220; type=&#8220;grid&#8220; text_align=&#8220;center&#8220; background_image_as_pattern=&#8220;without_pattern&#8220; padding_top=&#8220;48&#8243; padding_bottom=&#8220;48&#8243;][vc_column width=&#8220;1\/1&#8243;][vc_column_text] PR LP 08. PICO DE LA CRUZ &#8211; BARLOVENTO [\/vc_column_text][\/vc_column][\/vc_row][vc_row type=&#8220;grid&#8220;][vc_column width=&#8220;1\/2&#8243;][vc_separator type=&#8220;transparent&#8220; up=&#8220;10&#8243; down=&#8220;10&#8243;][vc_single_image image=&#8220;342&#8243; img_size=&#8220;full&#8220; alignment=&#8220;center&#8220; img_link_large=&#8220;yes&#8220;][vc_separator type=&#8220;transparent&#8220; up=&#8220;10&#8243; down=&#8220;20&#8243;][vc_column_text][\/vc_column_text][vc_separator type=&#8220;transparent&#8220; up=&#8220;10&#8243; down=&#8220;20&#8243;][\/vc_column][vc_column width=&#8220;1\/2&#8243;][vc_separator type=&#8220;transparent&#8220; up=&#8220;10&#8243; down=&#8220;10&#8243;][vc_column_text] Beginn: Pico de La Cruz Ende: Barlovento Schwierigkeitsgrad:...\" \/>\n<meta property=\"og:url\" content=\"https:\/\/www.senderosdelapalma.es\/de\/wanderwege-der-la-palma\/kleine-routen\/pr-lp-08-pico-de-la-cruz-barlovento\/\" \/>\n<meta property=\"og:site_name\" content=\"Red de Senderos de La Palma\" \/>\n<meta property=\"article:publisher\" content=\"https:\/\/www.facebook.com\/senderoslapalma\" \/>\n<meta property=\"article:modified_time\" content=\"2025-04-16T12:06:46+00:00\" \/>\n<meta property=\"og:image\" content=\"https:\/\/www.senderosdelapalma.es\/wp-content\/uploads\/2014\/12\/redsenderosdelapalma_01.jpg\" \/>\n\t<meta property=\"og:image:width\" content=\"1920\" \/>\n\t<meta property=\"og:image:height\" content=\"1084\" \/>\n\t<meta property=\"og:image:type\" content=\"image\/jpeg\" \/>\n<meta name=\"twitter:card\" content=\"summary_large_image\" \/>\n<meta name=\"twitter:site\" content=\"@SenderosdeLaPal\" \/>\n<meta name=\"twitter:label1\" content=\"Gesch\u00e4tzte Lesezeit\" \/>\n\t<meta name=\"twitter:data1\" content=\"2\u00a0Minuten\" \/>\n<script type=\"application\/ld+json\" class=\"yoast-schema-graph\">{\"@context\":\"https:\/\/schema.org\",\"@graph\":[{\"@type\":\"WebPage\",\"@id\":\"https:\/\/www.senderosdelapalma.es\/de\/wanderwege-der-la-palma\/kleine-routen\/pr-lp-08-pico-de-la-cruz-barlovento\/\",\"url\":\"https:\/\/www.senderosdelapalma.es\/de\/wanderwege-der-la-palma\/kleine-routen\/pr-lp-08-pico-de-la-cruz-barlovento\/\",\"name\":\"PR LP 08. Pico de La Cruz - Barlovento - Red de Senderos de La Palma\",\"isPartOf\":{\"@id\":\"https:\/\/www.senderosdelapalma.es\/#website\"},\"datePublished\":\"2015-04-10T09:14:33+00:00\",\"dateModified\":\"2025-04-16T12:06:46+00:00\",\"breadcrumb\":{\"@id\":\"https:\/\/www.senderosdelapalma.es\/de\/wanderwege-der-la-palma\/kleine-routen\/pr-lp-08-pico-de-la-cruz-barlovento\/#breadcrumb\"},\"inLanguage\":\"de\",\"potentialAction\":[{\"@type\":\"ReadAction\",\"target\":[\"https:\/\/www.senderosdelapalma.es\/de\/wanderwege-der-la-palma\/kleine-routen\/pr-lp-08-pico-de-la-cruz-barlovento\/\"]}]},{\"@type\":\"BreadcrumbList\",\"@id\":\"https:\/\/www.senderosdelapalma.es\/de\/wanderwege-der-la-palma\/kleine-routen\/pr-lp-08-pico-de-la-cruz-barlovento\/#breadcrumb\",\"itemListElement\":[{\"@type\":\"ListItem\",\"position\":1,\"name\":\"Portada\",\"item\":\"https:\/\/www.senderosdelapalma.es\/de\/\"},{\"@type\":\"ListItem\",\"position\":2,\"name\":\"Wanderwege der La Palma\",\"item\":\"https:\/\/www.senderosdelapalma.es\/de\/wanderwege-der-la-palma\/\"},{\"@type\":\"ListItem\",\"position\":3,\"name\":\"Kleine Routen\",\"item\":\"https:\/\/www.senderosdelapalma.es\/de\/wanderwege-der-la-palma\/kleine-routen\/\"},{\"@type\":\"ListItem\",\"position\":4,\"name\":\"PR LP 08. Pico de La Cruz &#8211; Barlovento\"}]},{\"@type\":\"WebSite\",\"@id\":\"https:\/\/www.senderosdelapalma.es\/#website\",\"url\":\"https:\/\/www.senderosdelapalma.es\/\",\"name\":\"Red de Senderos de La Palma\",\"description\":\"La Palma, la isla de los senderistas. Una enorme variedad de climas, relieves y paisajes te est\u00e1n esperando.  \",\"publisher\":{\"@id\":\"https:\/\/www.senderosdelapalma.es\/#organization\"},\"potentialAction\":[{\"@type\":\"SearchAction\",\"target\":{\"@type\":\"EntryPoint\",\"urlTemplate\":\"https:\/\/www.senderosdelapalma.es\/?s={search_term_string}\"},\"query-input\":\"required name=search_term_string\"}],\"inLanguage\":\"de\"},{\"@type\":\"Organization\",\"@id\":\"https:\/\/www.senderosdelapalma.es\/#organization\",\"name\":\"Red de Senderos de La Palma\",\"url\":\"https:\/\/www.senderosdelapalma.es\/\",\"logo\":{\"@type\":\"ImageObject\",\"inLanguage\":\"de\",\"@id\":\"https:\/\/www.senderosdelapalma.es\/#\/schema\/logo\/image\/\",\"url\":\"https:\/\/www.senderosdelapalma.es\/wp-content\/uploads\/2015\/06\/cabildo_la_palma-01.png\",\"contentUrl\":\"https:\/\/www.senderosdelapalma.es\/wp-content\/uploads\/2015\/06\/cabildo_la_palma-01.png\",\"width\":3508,\"height\":2479,\"caption\":\"Red de Senderos de La Palma\"},\"image\":{\"@id\":\"https:\/\/www.senderosdelapalma.es\/#\/schema\/logo\/image\/\"},\"sameAs\":[\"https:\/\/www.facebook.com\/senderoslapalma\",\"https:\/\/twitter.com\/SenderosdeLaPal\",\"https:\/\/www.instagram.com\/senderosdelapalma\/\",\"https:\/\/www.pinterest.es\/senderoslp\/\"]}]}<\/script>\n<!-- \/ Yoast SEO plugin. -->","yoast_head_json":{"title":"PR LP 08. Pico de La Cruz - Barlovento - Red de Senderos de La Palma","robots":{"index":"index","follow":"follow","max-snippet":"max-snippet:-1","max-image-preview":"max-image-preview:large","max-video-preview":"max-video-preview:-1"},"canonical":"https:\/\/www.senderosdelapalma.es\/de\/wanderwege-der-la-palma\/kleine-routen\/pr-lp-08-pico-de-la-cruz-barlovento\/","og_locale":"de_DE","og_type":"article","og_title":"PR LP 08. Pico de La Cruz - Barlovento - Red de Senderos de La Palma","og_description":"[vc_row row_type=&#8220;row&#8220; type=&#8220;grid&#8220; text_align=&#8220;center&#8220; background_image_as_pattern=&#8220;without_pattern&#8220; padding_top=&#8220;48&#8243; padding_bottom=&#8220;48&#8243;][vc_column width=&#8220;1\/1&#8243;][vc_column_text] PR LP 08. PICO DE LA CRUZ &#8211; BARLOVENTO [\/vc_column_text][\/vc_column][\/vc_row][vc_row type=&#8220;grid&#8220;][vc_column width=&#8220;1\/2&#8243;][vc_separator type=&#8220;transparent&#8220; up=&#8220;10&#8243; down=&#8220;10&#8243;][vc_single_image image=&#8220;342&#8243; img_size=&#8220;full&#8220; alignment=&#8220;center&#8220; img_link_large=&#8220;yes&#8220;][vc_separator type=&#8220;transparent&#8220; up=&#8220;10&#8243; down=&#8220;20&#8243;][vc_column_text][\/vc_column_text][vc_separator type=&#8220;transparent&#8220; up=&#8220;10&#8243; down=&#8220;20&#8243;][\/vc_column][vc_column width=&#8220;1\/2&#8243;][vc_separator type=&#8220;transparent&#8220; up=&#8220;10&#8243; down=&#8220;10&#8243;][vc_column_text] Beginn: Pico de La Cruz Ende: Barlovento Schwierigkeitsgrad:...","og_url":"https:\/\/www.senderosdelapalma.es\/de\/wanderwege-der-la-palma\/kleine-routen\/pr-lp-08-pico-de-la-cruz-barlovento\/","og_site_name":"Red de Senderos de La Palma","article_publisher":"https:\/\/www.facebook.com\/senderoslapalma","article_modified_time":"2025-04-16T12:06:46+00:00","og_image":[{"width":1920,"height":1084,"url":"https:\/\/www.senderosdelapalma.es\/wp-content\/uploads\/2014\/12\/redsenderosdelapalma_01.jpg","type":"image\/jpeg"}],"twitter_card":"summary_large_image","twitter_site":"@SenderosdeLaPal","twitter_misc":{"Gesch\u00e4tzte Lesezeit":"2\u00a0Minuten"},"schema":{"@context":"https:\/\/schema.org","@graph":[{"@type":"WebPage","@id":"https:\/\/www.senderosdelapalma.es\/de\/wanderwege-der-la-palma\/kleine-routen\/pr-lp-08-pico-de-la-cruz-barlovento\/","url":"https:\/\/www.senderosdelapalma.es\/de\/wanderwege-der-la-palma\/kleine-routen\/pr-lp-08-pico-de-la-cruz-barlovento\/","name":"PR LP 08. Pico de La Cruz - Barlovento - Red de Senderos de La Palma","isPartOf":{"@id":"https:\/\/www.senderosdelapalma.es\/#website"},"datePublished":"2015-04-10T09:14:33+00:00","dateModified":"2025-04-16T12:06:46+00:00","breadcrumb":{"@id":"https:\/\/www.senderosdelapalma.es\/de\/wanderwege-der-la-palma\/kleine-routen\/pr-lp-08-pico-de-la-cruz-barlovento\/#breadcrumb"},"inLanguage":"de","potentialAction":[{"@type":"ReadAction","target":["https:\/\/www.senderosdelapalma.es\/de\/wanderwege-der-la-palma\/kleine-routen\/pr-lp-08-pico-de-la-cruz-barlovento\/"]}]},{"@type":"BreadcrumbList","@id":"https:\/\/www.senderosdelapalma.es\/de\/wanderwege-der-la-palma\/kleine-routen\/pr-lp-08-pico-de-la-cruz-barlovento\/#breadcrumb","itemListElement":[{"@type":"ListItem","position":1,"name":"Portada","item":"https:\/\/www.senderosdelapalma.es\/de\/"},{"@type":"ListItem","position":2,"name":"Wanderwege der La Palma","item":"https:\/\/www.senderosdelapalma.es\/de\/wanderwege-der-la-palma\/"},{"@type":"ListItem","position":3,"name":"Kleine Routen","item":"https:\/\/www.senderosdelapalma.es\/de\/wanderwege-der-la-palma\/kleine-routen\/"},{"@type":"ListItem","position":4,"name":"PR LP 08. Pico de La Cruz &#8211; Barlovento"}]},{"@type":"WebSite","@id":"https:\/\/www.senderosdelapalma.es\/#website","url":"https:\/\/www.senderosdelapalma.es\/","name":"Red de Senderos de La Palma","description":"La Palma, la isla de los senderistas. Una enorme variedad de climas, relieves y paisajes te est\u00e1n esperando.  ","publisher":{"@id":"https:\/\/www.senderosdelapalma.es\/#organization"},"potentialAction":[{"@type":"SearchAction","target":{"@type":"EntryPoint","urlTemplate":"https:\/\/www.senderosdelapalma.es\/?s={search_term_string}"},"query-input":"required name=search_term_string"}],"inLanguage":"de"},{"@type":"Organization","@id":"https:\/\/www.senderosdelapalma.es\/#organization","name":"Red de Senderos de La Palma","url":"https:\/\/www.senderosdelapalma.es\/","logo":{"@type":"ImageObject","inLanguage":"de","@id":"https:\/\/www.senderosdelapalma.es\/#\/schema\/logo\/image\/","url":"https:\/\/www.senderosdelapalma.es\/wp-content\/uploads\/2015\/06\/cabildo_la_palma-01.png","contentUrl":"https:\/\/www.senderosdelapalma.es\/wp-content\/uploads\/2015\/06\/cabildo_la_palma-01.png","width":3508,"height":2479,"caption":"Red de Senderos de La Palma"},"image":{"@id":"https:\/\/www.senderosdelapalma.es\/#\/schema\/logo\/image\/"},"sameAs":["https:\/\/www.facebook.com\/senderoslapalma","https:\/\/twitter.com\/SenderosdeLaPal","https:\/\/www.instagram.com\/senderosdelapalma\/","https:\/\/www.pinterest.es\/senderoslp\/"]}]}},"_links":{"self":[{"href":"https:\/\/www.senderosdelapalma.es\/de\/wp-json\/wp\/v2\/pages\/19064\/"}],"collection":[{"href":"https:\/\/www.senderosdelapalma.es\/de\/wp-json\/wp\/v2\/pages\/"}],"about":[{"href":"https:\/\/www.senderosdelapalma.es\/de\/wp-json\/wp\/v2\/types\/page\/"}],"author":[{"embeddable":true,"href":"https:\/\/www.senderosdelapalma.es\/de\/wp-json\/wp\/v2\/users\/1\/"}],"replies":[{"embeddable":true,"href":"https:\/\/www.senderosdelapalma.es\/de\/wp-json\/wp\/v2\/comments\/?post=19064"}],"version-history":[{"count":1,"href":"https:\/\/www.senderosdelapalma.es\/de\/wp-json\/wp\/v2\/pages\/19064\/revisions\/"}],"predecessor-version":[{"id":26972,"href":"https:\/\/www.senderosdelapalma.es\/de\/wp-json\/wp\/v2\/pages\/19064\/revisions\/26972\/"}],"up":[{"embeddable":true,"href":"https:\/\/www.senderosdelapalma.es\/de\/wp-json\/wp\/v2\/pages\/18039\/"}],"wp:attachment":[{"href":"https:\/\/www.senderosdelapalma.es\/de\/wp-json\/wp\/v2\/media\/?parent=19064"}],"curies":[{"name":"wp","href":"https:\/\/api.w.org\/{rel}","templated":true}]}}