{"id":18045,"date":"2015-04-01T10:26:24","date_gmt":"2015-04-01T10:26:24","guid":{"rendered":"http:\/\/www.senderosdelapalma.es\/?page_id=18045"},"modified":"2016-11-23T09:46:17","modified_gmt":"2016-11-23T09:46:17","slug":"lokale-wege","status":"publish","type":"page","link":"https:\/\/www.senderosdelapalma.es\/de\/wanderwege-der-la-palma\/lokale-wege\/","title":{"rendered":"Lokale Wege"},"content":{"rendered":"<section class=\"wpb-content-wrapper\"><p>[vc_row row_type=&#8220;row&#8220; type=&#8220;grid&#8220; text_align=&#8220;left&#8220; padding_top=&#8220;40px&#8220; padding_bottom=&#8220;0&#8243; anchor=&#8220;portfolio&#8220; content_menu_title=&#8220;Portfolio List&#8220; content_menu_icon=&#8220;fa-list&#8220; background_image_as_pattern=&#8220;without_pattern&#8220; background_color=&#8220;#ffffff&#8220;][vc_column width=&#8220;1\/2&#8243; css=&#8220;.vc_custom_1410808067424{background-color: #f1f1f1 !important;}&#8220;][vc_separator type=&#8220;transparent&#8220; position=&#8220;center&#8220; up=&#8220;20&#8243; down=&#8220;16&#8243;][vc_column_text]<\/p>\n<h4 style=\"text-align: left;\">SL BB 131. Camino de La Ratona &#8211; Camino de La Faya<\/h4>\n<p>[\/vc_column_text][vc_separator type=&#8220;transparent&#8220; position=&#8220;center&#8220; up=&#8220;10&#8243; down=&#8220;5&#8243;][vc_separator type=&#8220;transparent&#8220; position=&#8220;center&#8220; up=&#8220;10&#8243; down=&#8220;18&#8243;][vc_row_inner][vc_column_inner width=&#8220;2\/3&#8243;][vc_column_text]<\/p>\n<ul>\n<li><strong>L\u00e4nge:\u00a0<\/strong>3 kms<\/li>\n<li><strong>Schwierigkeitsgrad:<\/strong> Mittel<\/li>\n<\/ul>\n<p>[\/vc_column_text][\/vc_column_inner][vc_column_inner width=&#8220;1\/3&#8243;]<a href=\"sl-bb-131-camino-de-la-ratona-camino-de-la-faya\" target=\"_self\" data-hover-background-color=#4aa946 data-hover-border-color=#4aa946 data-hover-color=#ffffff class=\"qbutton  small right\" style=\"color: #ffffff; border-color: #000000; background-color: #000000;\">Info<i class=\"fa fa-plus\" style=\"color: #ffffff;\"><\/i><\/a>[\/vc_column_inner][\/vc_row_inner][vc_separator type=&#8220;transparent&#8220; position=&#8220;center&#8220; up=&#8220;60&#8243; down=&#8220;0&#8243;][\/vc_column][vc_column width=&#8220;1\/2&#8243; css=&#8220;.vc_custom_1410808055201{background-color: #f8f8f8 !important;}&#8220;][vc_separator type=&#8220;transparent&#8220; position=&#8220;center&#8220; down=&#8220;16&#8243; up=&#8220;20&#8243;][vc_column_text]<\/p>\n<h4 style=\"text-align: left;\">SL BB 132. Area Recreativa de la Pared Vieja &#8211; Camino de La Faya<\/h4>\n<p>[\/vc_column_text][vc_separator type=&#8220;transparent&#8220; position=&#8220;center&#8220; up=&#8220;10&#8243; down=&#8220;5&#8243;][vc_row_inner][vc_column_inner width=&#8220;2\/3&#8243;][vc_column_text]<\/p>\n<ul>\n<li><strong>L\u00e4nge:\u00a0<\/strong>2\u00a0kms<\/li>\n<li><strong>Schwierigkeitsgrad:<\/strong> Mittel<\/li>\n<\/ul>\n<p>[\/vc_column_text][\/vc_column_inner][vc_column_inner width=&#8220;1\/3&#8243;]<a href=\"sl-bb-132-area-recreativa-de-la-pared-vieja-camino-de-la-faya\" target=\"_self\" data-hover-background-color=#4aa946 data-hover-border-color=#4aa946 data-hover-color=#ffffff class=\"qbutton  small right\" style=\"color: #ffffff; border-color: #000000; background-color: #000000;\">Info<i class=\"fa fa-plus\" style=\"color: #ffffff;\"><\/i><\/a>[\/vc_column_inner][\/vc_row_inner][vc_separator type=&#8220;transparent&#8220; position=&#8220;center&#8220; up=&#8220;60&#8243; down=&#8220;0&#8243;][\/vc_column][\/vc_row][vc_row row_type=&#8220;row&#8220; type=&#8220;grid&#8220; text_align=&#8220;left&#8220; padding_top=&#8220;0&#8243; padding_bottom=&#8220;0&#8243; anchor=&#8220;portfolio&#8220; content_menu_title=&#8220;Portfolio List&#8220; content_menu_icon=&#8220;fa-list&#8220; background_image_as_pattern=&#8220;without_pattern&#8220; background_color=&#8220;#ffffff&#8220;][vc_column width=&#8220;1\/2&#8243; css=&#8220;.vc_custom_1410808055201{background-color: #f8f8f8 !important;}&#8220;][vc_separator type=&#8220;transparent&#8220; position=&#8220;center&#8220; down=&#8220;16&#8243; up=&#8220;20&#8243;][vc_column_text]<\/p>\n<h4 style=\"text-align: left;\">SL BL 40 Barlovento<\/h4>\n<p>[\/vc_column_text][vc_separator type=&#8220;transparent&#8220; position=&#8220;center&#8220; up=&#8220;10&#8243; down=&#8220;5&#8243;][vc_row_inner][vc_column_inner width=&#8220;2\/3&#8243;][vc_column_text]<\/p>\n<ul>\n<li><strong>L\u00e4nge:<\/strong>\u00a07,5\u00a0kms<\/li>\n<li><strong>Schwierigkeitsgrad:<\/strong>\u00a0Mittel<\/li>\n<\/ul>\n<p>[\/vc_column_text][\/vc_column_inner][vc_column_inner width=&#8220;1\/3&#8243;]<a href=\"sl-bl-40-barlovento\" target=\"_self\" data-hover-background-color=#4aa946 data-hover-border-color=#4aa946 data-hover-color=#ffffff class=\"qbutton  small right\" style=\"color: #ffffff; border-color: #000000; background-color: #000000;\">Info<i class=\"fa fa-plus\" style=\"color: #ffffff;\"><\/i><\/a>[\/vc_column_inner][\/vc_row_inner][vc_separator type=&#8220;transparent&#8220; position=&#8220;center&#8220; up=&#8220;60&#8243; down=&#8220;0&#8243;][\/vc_column][vc_column width=&#8220;1\/2&#8243; css=&#8220;.vc_custom_1410808067424{background-color: #f1f1f1 !important;}&#8220;][vc_separator type=&#8220;transparent&#8220; position=&#8220;center&#8220; up=&#8220;20&#8243; down=&#8220;16&#8243;][vc_column_text]<\/p>\n<h4 style=\"text-align: left;\">SL BL 41. Barlovento &#8211; Piscina de La Fajana<\/h4>\n<p>[\/vc_column_text][vc_separator type=&#8220;transparent&#8220; position=&#8220;center&#8220; up=&#8220;10&#8243; down=&#8220;5&#8243;][vc_row_inner][vc_column_inner width=&#8220;2\/3&#8243;][vc_column_text]<\/p>\n<ul>\n<li><strong>L\u00e4nge:\u00a0<\/strong>4,5\u00a0kms<\/li>\n<li><strong>Schwierigkeitsgrad:<\/strong> Mittel<\/li>\n<\/ul>\n<p>[\/vc_column_text][\/vc_column_inner][vc_column_inner width=&#8220;1\/3&#8243;]<a href=\"sl-bl-41-barlovento-piscina-de-la-fajana\" target=\"_self\" data-hover-background-color=#4aa946 data-hover-border-color=#4aa946 data-hover-color=#ffffff class=\"qbutton  small right\" style=\"color: #ffffff; border-color: #000000; background-color: #000000;\">Info<i class=\"fa fa-plus\" style=\"color: #ffffff;\"><\/i><\/a>[\/vc_column_inner][\/vc_row_inner][vc_separator type=&#8220;transparent&#8220; position=&#8220;center&#8220; up=&#8220;60&#8243; down=&#8220;0&#8243;][\/vc_column][\/vc_row][vc_row row_type=&#8220;row&#8220; type=&#8220;grid&#8220; text_align=&#8220;left&#8220; padding_top=&#8220;0&#8243; padding_bottom=&#8220;0&#8243; anchor=&#8220;portfolio&#8220; content_menu_title=&#8220;Portfolio List&#8220; content_menu_icon=&#8220;fa-list&#8220; background_image_as_pattern=&#8220;without_pattern&#8220; background_color=&#8220;#ffffff&#8220;][vc_column width=&#8220;1\/2&#8243; css=&#8220;.vc_custom_1410808067424{background-color: #f1f1f1 !important;}&#8220;][vc_separator type=&#8220;transparent&#8220; position=&#8220;center&#8220; up=&#8220;20&#8243; down=&#8220;16&#8243;][vc_column_text]<\/p>\n<h4 style=\"text-align: left;\">SL EP 100. Tacande &#8211; Pista de Piedras Blancas<\/h4>\n<p>[\/vc_column_text][vc_separator type=&#8220;transparent&#8220; position=&#8220;center&#8220; up=&#8220;10&#8243; down=&#8220;5&#8243;][vc_row_inner][vc_column_inner width=&#8220;2\/3&#8243;][vc_column_text]<\/p>\n<ul>\n<li><strong>L\u00e4nge:<\/strong>\u00a03,5\u00a0kms<\/li>\n<li><strong>Schwierigkeitsgrad:<\/strong>\u00a0Mittel<\/li>\n<\/ul>\n<p>[\/vc_column_text][\/vc_column_inner][vc_column_inner width=&#8220;1\/3&#8243;]<a href=\"sl-ep-100-tacande-pista-de-piedras-blancas\" target=\"_self\" data-hover-background-color=#4aa946 data-hover-border-color=#4aa946 data-hover-color=#ffffff class=\"qbutton  small right\" style=\"color: #ffffff; border-color: #000000; background-color: #000000;\">Info<i class=\"fa fa-plus\" style=\"color: #ffffff;\"><\/i><\/a>[\/vc_column_inner][\/vc_row_inner][vc_separator type=&#8220;transparent&#8220; position=&#8220;center&#8220; up=&#8220;60&#8243; down=&#8220;0&#8243;][\/vc_column][vc_column width=&#8220;1\/2&#8243; css=&#8220;.vc_custom_1410808055201{background-color: #f8f8f8 !important;}&#8220;][vc_separator type=&#8220;transparent&#8220; position=&#8220;center&#8220; down=&#8220;16&#8243; up=&#8220;20&#8243;][vc_column_text]<\/p>\n<h4 style=\"text-align: left;\">SL EP 101. Tacande &#8211; Llanos del Jable<\/h4>\n<p>[\/vc_column_text][vc_separator type=&#8220;transparent&#8220; position=&#8220;center&#8220; up=&#8220;10&#8243; down=&#8220;5&#8243;][vc_row_inner][vc_column_inner width=&#8220;2\/3&#8243;][vc_column_text]<\/p>\n<ul>\n<li><strong>L\u00e4nge:<\/strong>\u00a04,5 kms<\/li>\n<li><strong>Schwierigkeitsgrad:<\/strong>\u00a0Mittel<\/li>\n<\/ul>\n<p>[\/vc_column_text][\/vc_column_inner][vc_column_inner width=&#8220;1\/3&#8243;]<a href=\"sl-ep-101-tacande-llanos-del-jable-canarias-la-palma\" target=\"_self\" data-hover-background-color=#4aa946 data-hover-border-color=#4aa946 data-hover-color=#ffffff class=\"qbutton  small right\" style=\"color: #ffffff; border-color: #000000; background-color: #000000;\">Info<i class=\"fa fa-plus\" style=\"color: #ffffff;\"><\/i><\/a>[\/vc_column_inner][\/vc_row_inner][vc_separator type=&#8220;transparent&#8220; position=&#8220;center&#8220; up=&#8220;60&#8243; down=&#8220;0&#8243;][\/vc_column][\/vc_row][vc_row row_type=&#8220;row&#8220; type=&#8220;grid&#8220; text_align=&#8220;left&#8220; padding_top=&#8220;0&#8243; padding_bottom=&#8220;0&#8243; anchor=&#8220;portfolio&#8220; content_menu_title=&#8220;Portfolio List&#8220; content_menu_icon=&#8220;fa-list&#8220; background_image_as_pattern=&#8220;without_pattern&#8220; background_color=&#8220;#ffffff&#8220;][vc_column width=&#8220;1\/2&#8243; css=&#8220;.vc_custom_1410808055201{background-color: #f8f8f8 !important;}&#8220;][vc_separator type=&#8220;transparent&#8220; position=&#8220;center&#8220; down=&#8220;16&#8243; up=&#8220;20&#8243;][vc_column_text]<\/p>\n<h4 style=\"text-align: left;\">SL EP 103. Llanos del Jable &#8211; Lavas de San Juan<\/h4>\n<p>[\/vc_column_text][vc_separator type=&#8220;transparent&#8220; position=&#8220;center&#8220; up=&#8220;10&#8243; down=&#8220;5&#8243;][vc_separator type=&#8220;transparent&#8220; position=&#8220;center&#8220; up=&#8220;10&#8243; down=&#8220;18&#8243;][vc_row_inner][vc_column_inner width=&#8220;2\/3&#8243;][vc_column_text]<\/p>\n<ul>\n<li><strong>L\u00e4nge:<\/strong>\u00a04 kms<\/li>\n<li><strong>Schwierigkeitsgrad:<\/strong>\u00a0Mittel<\/li>\n<\/ul>\n<p>[\/vc_column_text][\/vc_column_inner][vc_column_inner width=&#8220;1\/3&#8243;]<a href=\"sl-ep-103-llanos-del-jable-lavas-de-san-juan\" target=\"_self\" data-hover-background-color=#4aa946 data-hover-border-color=#4aa946 data-hover-color=#ffffff class=\"qbutton  small right\" style=\"color: #ffffff; border-color: #000000; background-color: #000000;\">Info<i class=\"fa fa-plus\" style=\"color: #ffffff;\"><\/i><\/a>[\/vc_column_inner][\/vc_row_inner][vc_separator type=&#8220;transparent&#8220; position=&#8220;center&#8220; up=&#8220;60&#8243; down=&#8220;0&#8243;][\/vc_column][vc_column width=&#8220;1\/2&#8243; css=&#8220;.vc_custom_1410808067424{background-color: #f1f1f1 !important;}&#8220;][vc_separator type=&#8220;transparent&#8220; position=&#8220;center&#8220; up=&#8220;20&#8243; down=&#8220;16&#8243;][vc_column_text]<\/p>\n<h4 style=\"text-align: left;\">SL EP 104. Mirador de Los Llanos del Jable &#8211; Pista de la Barquita<\/h4>\n<p>[\/vc_column_text][vc_separator type=&#8220;transparent&#8220; position=&#8220;center&#8220; up=&#8220;10&#8243; down=&#8220;5&#8243;][vc_row_inner][vc_column_inner width=&#8220;2\/3&#8243;][vc_column_text]<\/p>\n<ul>\n<li><strong>L\u00e4nge:<\/strong>\u00a03,5 Kms<\/li>\n<li><strong>Schwierigkeitsgrad:<\/strong>\u00a0Mittel<\/li>\n<\/ul>\n<p>[\/vc_column_text][\/vc_column_inner][vc_column_inner width=&#8220;1\/3&#8243;]<a href=\"sl-ep-104-mirador-de-los-llanos-del-jable-pista-de-la-barquita\" target=\"_self\" data-hover-background-color=#4aa946 data-hover-border-color=#4aa946 data-hover-color=#ffffff class=\"qbutton  small right\" style=\"color: #ffffff; border-color: #000000; background-color: #000000;\">Info<i class=\"fa fa-plus\" style=\"color: #ffffff;\"><\/i><\/a>[\/vc_column_inner][\/vc_row_inner][vc_separator type=&#8220;transparent&#8220; position=&#8220;center&#8220; up=&#8220;60&#8243; down=&#8220;0&#8243;][\/vc_column][\/vc_row][vc_row row_type=&#8220;row&#8220; type=&#8220;grid&#8220; text_align=&#8220;left&#8220; padding_top=&#8220;0&#8243; padding_bottom=&#8220;0&#8243; anchor=&#8220;portfolio&#8220; content_menu_title=&#8220;Portfolio List&#8220; content_menu_icon=&#8220;fa-list&#8220; background_image_as_pattern=&#8220;without_pattern&#8220; background_color=&#8220;#ffffff&#8220;][vc_column width=&#8220;1\/2&#8243; css=&#8220;.vc_custom_1410808067424{background-color: #f1f1f1 !important;}&#8220;][vc_separator type=&#8220;transparent&#8220; position=&#8220;center&#8220; up=&#8220;20&#8243; down=&#8220;16&#8243;][vc_column_text]<\/p>\n<h4 style=\"text-align: left;\">SL EP 105. Lavas de San Juan &#8211; Pista de la Barquita<\/h4>\n<p>[\/vc_column_text][vc_separator type=&#8220;transparent&#8220; position=&#8220;center&#8220; up=&#8220;10&#8243; down=&#8220;5&#8243;][vc_row_inner][vc_column_inner width=&#8220;2\/3&#8243;][vc_column_text]<\/p>\n<ul>\n<li><strong>L\u00e4nge:<\/strong>\u00a03 Kms<\/li>\n<li><strong>Schwierigkeitsgrad:<\/strong>\u00a0Mittel<\/li>\n<\/ul>\n<p>[\/vc_column_text][\/vc_column_inner][vc_column_inner width=&#8220;1\/3&#8243;]<a href=\"sl-ep-105-lavas-de-san-juan-pista-de-la-barquita\" target=\"_self\" data-hover-background-color=#4aa946 data-hover-border-color=#4aa946 data-hover-color=#ffffff class=\"qbutton  small right\" style=\"color: #ffffff; border-color: #000000; background-color: #000000;\">Info<i class=\"fa fa-plus\" style=\"color: #ffffff;\"><\/i><\/a>[\/vc_column_inner][\/vc_row_inner][vc_separator type=&#8220;transparent&#8220; position=&#8220;center&#8220; up=&#8220;60&#8243; down=&#8220;0&#8243;][\/vc_column][vc_column width=&#8220;1\/2&#8243; css=&#8220;.vc_custom_1410808055201{background-color: #f8f8f8 !important;}&#8220;][vc_separator type=&#8220;transparent&#8220; position=&#8220;center&#8220; down=&#8220;16&#8243; up=&#8220;20&#8243;][vc_column_text]<\/p>\n<h4 style=\"text-align: left;\">SL EP 107. San Nicol\u00e1s &#8211; Hoyo de La Sima<\/h4>\n<p>[\/vc_column_text][vc_separator type=&#8220;transparent&#8220; position=&#8220;center&#8220; up=&#8220;10&#8243; down=&#8220;5&#8243;][vc_row_inner][vc_column_inner width=&#8220;2\/3&#8243;][vc_column_text]<\/p>\n<ul>\n<li><strong>L\u00e4nge:<\/strong>\u00a04,5 Kms<\/li>\n<li><strong>Schwierigkeitsgrad:<\/strong>\u00a0Mittel<\/li>\n<\/ul>\n<p>[\/vc_column_text][\/vc_column_inner][vc_column_inner width=&#8220;1\/3&#8243;]<a href=\"sl-ep-107-san-nicolas-hoyo-de-la-sima\" target=\"_self\" data-hover-background-color=#4aa946 data-hover-border-color=#4aa946 data-hover-color=#ffffff class=\"qbutton  small right\" style=\"color: #ffffff; border-color: #000000; background-color: #000000;\">Info<i class=\"fa fa-plus\" style=\"color: #ffffff;\"><\/i><\/a>[\/vc_column_inner][\/vc_row_inner][vc_separator type=&#8220;transparent&#8220; position=&#8220;center&#8220; up=&#8220;60&#8243; down=&#8220;0&#8243;][\/vc_column][\/vc_row][vc_row row_type=&#8220;row&#8220; type=&#8220;grid&#8220; text_align=&#8220;left&#8220; padding_top=&#8220;0&#8243; padding_bottom=&#8220;0&#8243; anchor=&#8220;portfolio&#8220; content_menu_title=&#8220;Portfolio List&#8220; content_menu_icon=&#8220;fa-list&#8220; background_image_as_pattern=&#8220;without_pattern&#8220; background_color=&#8220;#ffffff&#8220;][vc_column width=&#8220;1\/2&#8243; css=&#8220;.vc_custom_1410808055201{background-color: #f8f8f8 !important;}&#8220;][vc_separator type=&#8220;transparent&#8220; position=&#8220;center&#8220; down=&#8220;16&#8243; up=&#8220;20&#8243;][vc_column_text]<\/p>\n<h4 style=\"text-align: left;\">SL FU 110. Monta\u00f1a de Los Faros &#8211; Pista general del Este<\/h4>\n<p>[\/vc_column_text][vc_separator type=&#8220;transparent&#8220; position=&#8220;center&#8220; up=&#8220;10&#8243; down=&#8220;5&#8243;][vc_row_inner][vc_column_inner width=&#8220;2\/3&#8243;][vc_column_text]<\/p>\n<ul>\n<li><strong>L\u00e4nge:<\/strong>\u00a03,5 Kms<\/li>\n<li><strong>Schwierigkeitsgrad:<\/strong>\u00a0Gering<\/li>\n<\/ul>\n<p>[\/vc_column_text][\/vc_column_inner][vc_column_inner width=&#8220;1\/3&#8243;]<a href=\"sl-fu-110-montana-de-los-faros-pista-general-del-este\" target=\"_self\" data-hover-background-color=#4aa946 data-hover-border-color=#4aa946 data-hover-color=#ffffff class=\"qbutton  small right\" style=\"color: #ffffff; border-color: #000000; background-color: #000000;\">Info<i class=\"fa fa-plus\" style=\"color: #ffffff;\"><\/i><\/a>[\/vc_column_inner][\/vc_row_inner][vc_separator type=&#8220;transparent&#8220; position=&#8220;center&#8220; up=&#8220;60&#8243; down=&#8220;0&#8243;][\/vc_column][vc_column width=&#8220;1\/2&#8243; css=&#8220;.vc_custom_1410808067424{background-color: #f1f1f1 !important;}&#8220;][vc_separator type=&#8220;transparent&#8220; position=&#8220;center&#8220; down=&#8220;16&#8243; up=&#8220;20&#8243;][vc_column_text]<\/p>\n<h4 style=\"text-align: left;\">SL FU 111. Pie del Volc\u00e1n Mart\u00edn &#8211; Fuente de El Ti\u00f3n<\/h4>\n<p>[\/vc_column_text][vc_separator type=&#8220;transparent&#8220; position=&#8220;center&#8220; up=&#8220;10&#8243; down=&#8220;5&#8243;][vc_separator type=&#8220;transparent&#8220; position=&#8220;center&#8220; up=&#8220;10&#8243; down=&#8220;18&#8243;][vc_row_inner][vc_column_inner width=&#8220;2\/3&#8243;][vc_column_text]<\/p>\n<ul>\n<li><strong>L\u00e4nge:<\/strong>\u00a01,5 Kms<\/li>\n<li><strong>Schwierigkeitsgrad:<\/strong>\u00a0Mittel<\/li>\n<\/ul>\n<p>[\/vc_column_text][\/vc_column_inner][vc_column_inner width=&#8220;1\/3&#8243;]<a href=\"sl-fu-111-pie-del-volcan-martin-fuente-de-el-tion\" target=\"_self\" data-hover-background-color=#4aa946 data-hover-border-color=#4aa946 data-hover-color=#ffffff class=\"qbutton  small right\" style=\"color: #ffffff; border-color: #000000; background-color: #000000;\">Info<i class=\"fa fa-plus\" style=\"color: #ffffff;\"><\/i><\/a>[\/vc_column_inner][\/vc_row_inner][vc_separator type=&#8220;transparent&#8220; position=&#8220;center&#8220; up=&#8220;60&#8243; down=&#8220;0&#8243;][\/vc_column][\/vc_row][vc_row row_type=&#8220;row&#8220; type=&#8220;grid&#8220; text_align=&#8220;left&#8220; padding_top=&#8220;0&#8243; padding_bottom=&#8220;0&#8243; anchor=&#8220;portfolio&#8220; content_menu_title=&#8220;Portfolio List&#8220; content_menu_icon=&#8220;fa-list&#8220; background_image_as_pattern=&#8220;without_pattern&#8220; background_color=&#8220;#ffffff&#8220;][vc_column width=&#8220;1\/2&#8243; css=&#8220;.vc_custom_1410808067424{background-color: #f1f1f1 !important;}&#8220;][vc_separator type=&#8220;transparent&#8220; position=&#8220;center&#8220; up=&#8220;20&#8243; down=&#8220;16&#8243;][vc_column_text]<\/p>\n<h4 style=\"text-align: left;\">SL FU 112. Los Quemados &#8211; El Puertito<\/h4>\n<p>[\/vc_column_text][vc_separator type=&#8220;transparent&#8220; position=&#8220;center&#8220; up=&#8220;10&#8243; down=&#8220;5&#8243;][vc_row_inner][vc_column_inner width=&#8220;2\/3&#8243;][vc_column_text]<\/p>\n<ul>\n<li><strong>L\u00e4nge:<\/strong>\u00a09 Kms<\/li>\n<li><strong>Schwierigkeitsgrad:<\/strong>\u00a0Mittel<\/li>\n<\/ul>\n<p>[\/vc_column_text][\/vc_column_inner][vc_column_inner width=&#8220;1\/3&#8243;]<a href=\"sl-fu-112-los-quemados-el-puertito\" target=\"_self\" data-hover-background-color=#4aa946 data-hover-border-color=#4aa946 data-hover-color=#ffffff class=\"qbutton  small right\" style=\"color: #ffffff; border-color: #000000; background-color: #000000;\">Info<i class=\"fa fa-plus\" style=\"color: #ffffff;\"><\/i><\/a>[\/vc_column_inner][\/vc_row_inner][vc_separator type=&#8220;transparent&#8220; position=&#8220;center&#8220; up=&#8220;60&#8243; down=&#8220;0&#8243;][\/vc_column][vc_column width=&#8220;1\/2&#8243; css=&#8220;.vc_custom_1410808055201{background-color: #f8f8f8 !important;}&#8220;][vc_separator type=&#8220;transparent&#8220; position=&#8220;center&#8220; down=&#8220;16&#8243; up=&#8220;20&#8243;][vc_column_text]<\/p>\n<h4 style=\"text-align: left;\">SL PL 20. PR LP 3.1 &#8211; PR LP 4<\/h4>\n<p>[\/vc_column_text][vc_separator type=&#8220;transparent&#8220; position=&#8220;center&#8220; up=&#8220;10&#8243; down=&#8220;5&#8243;][vc_row_inner][vc_column_inner width=&#8220;2\/3&#8243;][vc_column_text]<\/p>\n<ul>\n<li><strong>L\u00e4nge:<\/strong>\u00a03,5 Kms<\/li>\n<li><strong>Schwierigkeitsgrad:<\/strong>\u00a0Mittel<\/li>\n<\/ul>\n<p>[\/vc_column_text][\/vc_column_inner][vc_column_inner width=&#8220;1\/3&#8243;]<a href=\"sl-pl-20-pr-lp-3-1-pr-lp-4\" target=\"_self\" data-hover-background-color=#4aa946 data-hover-border-color=#4aa946 data-hover-color=#ffffff class=\"qbutton  small right\" style=\"color: #ffffff; border-color: #000000; background-color: #000000;\">Info<i class=\"fa fa-plus\" style=\"color: #ffffff;\"><\/i><\/a>[\/vc_column_inner][\/vc_row_inner][vc_separator type=&#8220;transparent&#8220; position=&#8220;center&#8220; up=&#8220;60&#8243; down=&#8220;0&#8243;][\/vc_column][\/vc_row][vc_row row_type=&#8220;row&#8220; type=&#8220;grid&#8220; text_align=&#8220;left&#8220; padding_top=&#8220;0&#8243; padding_bottom=&#8220;0&#8243; anchor=&#8220;portfolio&#8220; content_menu_title=&#8220;Portfolio List&#8220; content_menu_icon=&#8220;fa-list&#8220; background_image_as_pattern=&#8220;without_pattern&#8220; background_color=&#8220;#ffffff&#8220;][vc_column width=&#8220;1\/2&#8243; css=&#8220;.vc_custom_1410808055201{background-color: #f8f8f8 !important;}&#8220;][vc_separator type=&#8220;transparent&#8220; position=&#8220;center&#8220; down=&#8220;16&#8243; up=&#8220;20&#8243;][vc_column_text]<\/p>\n<h4 style=\"text-align: left;\">SL SC 14. Llano de Las Vacas &#8211; PR LP 4<\/h4>\n<p>[\/vc_column_text][vc_separator type=&#8220;transparent&#8220; position=&#8220;center&#8220; up=&#8220;10&#8243; down=&#8220;5&#8243;][vc_row_inner][vc_column_inner width=&#8220;2\/3&#8243;][vc_column_text]<\/p>\n<ul>\n<li><strong>L\u00e4nge:<\/strong>\u00a02 Kms<\/li>\n<li><strong>Schwierigkeitsgrad:<\/strong>\u00a0Mittel<\/li>\n<\/ul>\n<p>[\/vc_column_text][\/vc_column_inner][vc_column_inner width=&#8220;1\/3&#8243;]<a href=\"sl-sc-14-llano-de-las-vacas-pr-lp-4\" target=\"_self\" data-hover-background-color=#4aa946 data-hover-border-color=#4aa946 data-hover-color=#ffffff class=\"qbutton  small right\" style=\"color: #ffffff; border-color: #000000; background-color: #000000;\">Info<i class=\"fa fa-plus\" style=\"color: #ffffff;\"><\/i><\/a>[\/vc_column_inner][\/vc_row_inner][vc_separator type=&#8220;transparent&#8220; position=&#8220;center&#8220; up=&#8220;60&#8243; down=&#8220;0&#8243;][\/vc_column][vc_column width=&#8220;1\/2&#8243; css=&#8220;.vc_custom_1410808067424{background-color: #f1f1f1 !important;}&#8220;][vc_separator type=&#8220;transparent&#8220; position=&#8220;center&#8220; down=&#8220;16&#8243; up=&#8220;20&#8243;][vc_column_text]<\/p>\n<h4 style=\"text-align: left;\">SL TJ 70. Monta\u00f1a Bermeja &#8211; PR LP 10<\/h4>\n<p>[\/vc_column_text][vc_separator type=&#8220;transparent&#8220; position=&#8220;center&#8220; up=&#8220;10&#8243; down=&#8220;5&#8243;][vc_row_inner][vc_column_inner width=&#8220;2\/3&#8243;][vc_column_text]<\/p>\n<ul>\n<li><strong>L\u00e4nge:<\/strong>\u00a02 Kms<\/li>\n<li><strong>Schwierigkeitsgrad:<\/strong>\u00a0Mittel<\/li>\n<\/ul>\n<p>[\/vc_column_text][\/vc_column_inner][vc_column_inner width=&#8220;1\/3&#8243;]<a href=\"sl-tj-70-montana-bermeja-pr-lp-10\" target=\"_self\" data-hover-background-color=#4aa946 data-hover-border-color=#4aa946 data-hover-color=#ffffff class=\"qbutton  small right\" style=\"color: #ffffff; border-color: #000000; background-color: #000000;\">Info<i class=\"fa fa-plus\" style=\"color: #ffffff;\"><\/i><\/a>[\/vc_column_inner][\/vc_row_inner][vc_separator type=&#8220;transparent&#8220; position=&#8220;center&#8220; up=&#8220;60&#8243; down=&#8220;0&#8243;][\/vc_column][\/vc_row][vc_row row_type=&#8220;row&#8220; type=&#8220;grid&#8220; text_align=&#8220;left&#8220; padding_top=&#8220;0&#8243; padding_bottom=&#8220;0&#8243; anchor=&#8220;portfolio&#8220; content_menu_title=&#8220;Portfolio List&#8220; content_menu_icon=&#8220;fa-list&#8220; background_image_as_pattern=&#8220;without_pattern&#8220; background_color=&#8220;#ffffff&#8220;][vc_column width=&#8220;1\/2&#8243; css=&#8220;.vc_custom_1410808067424{background-color: #f1f1f1 !important;}&#8220;][vc_separator type=&#8220;transparent&#8220; position=&#8220;center&#8220; up=&#8220;20&#8243; down=&#8220;16&#8243;][vc_column_text]<\/p>\n<h4 style=\"text-align: left;\">SL TJ 71. El Jes\u00fas &#8211; Risco de las Pareditas<\/h4>\n<p>[\/vc_column_text][vc_separator type=&#8220;transparent&#8220; position=&#8220;center&#8220; up=&#8220;10&#8243; down=&#8220;5&#8243;][vc_row_inner][vc_column_inner width=&#8220;2\/3&#8243;][vc_column_text]<\/p>\n<ul>\n<li><strong>L\u00e4nge:<\/strong>\u00a05,5 Kms<\/li>\n<li><strong>Schwierigkeitsgrad:<\/strong>\u00a0Mittel<\/li>\n<\/ul>\n<p>[\/vc_column_text][\/vc_column_inner][vc_column_inner width=&#8220;1\/3&#8243;]<a href=\"sl-tj-71-el-jesus-risco-de-las-pareditas\" target=\"_self\" data-hover-background-color=#4aa946 data-hover-border-color=#4aa946 data-hover-color=#ffffff class=\"qbutton  small right\" style=\"color: #ffffff; border-color: #000000; background-color: #000000;\">Info<i class=\"fa fa-plus\" style=\"color: #ffffff;\"><\/i><\/a>[\/vc_column_inner][\/vc_row_inner][vc_separator type=&#8220;transparent&#8220; position=&#8220;center&#8220; up=&#8220;60&#8243; down=&#8220;0&#8243;][\/vc_column][vc_column width=&#8220;1\/2&#8243; css=&#8220;.vc_custom_1410808055201{background-color: #f8f8f8 !important;}&#8220;][vc_separator type=&#8220;transparent&#8220; position=&#8220;center&#8220; down=&#8220;16&#8243; up=&#8220;20&#8243;][vc_column_text]<\/p>\n<h4 style=\"text-align: left;\">SL VG 51. El Bailadero &#8211; Santo Domingo<\/h4>\n<p>[\/vc_column_text][vc_separator type=&#8220;transparent&#8220; position=&#8220;center&#8220; up=&#8220;10&#8243; down=&#8220;5&#8243;][vc_row_inner][vc_column_inner width=&#8220;2\/3&#8243;][vc_column_text]<\/p>\n<ul>\n<li><strong>L\u00e4nge:<\/strong>\u00a07 Kms<\/li>\n<li><strong>Schwierigkeitsgrad:<\/strong>\u00a0Mittel<\/li>\n<\/ul>\n<p>[\/vc_column_text][\/vc_column_inner][vc_column_inner width=&#8220;1\/3&#8243;]<a href=\"sl-vg-51-el-bailadero-santo-domingo\" target=\"_self\" data-hover-background-color=#4aa946 data-hover-border-color=#4aa946 data-hover-color=#ffffff class=\"qbutton  small right\" style=\"color: #ffffff; border-color: #000000; background-color: #000000;\">Info<i class=\"fa fa-plus\" style=\"color: #ffffff;\"><\/i><\/a>[\/vc_column_inner][\/vc_row_inner][vc_separator type=&#8220;transparent&#8220; position=&#8220;center&#8220; up=&#8220;60&#8243; down=&#8220;0&#8243;][\/vc_column][\/vc_row][vc_row row_type=&#8220;row&#8220; type=&#8220;grid&#8220; text_align=&#8220;left&#8220; padding_top=&#8220;0&#8243; padding_bottom=&#8220;0&#8243; anchor=&#8220;portfolio&#8220; content_menu_title=&#8220;Portfolio List&#8220; content_menu_icon=&#8220;fa-list&#8220; background_image_as_pattern=&#8220;without_pattern&#8220; background_color=&#8220;#ffffff&#8220;][vc_column width=&#8220;1\/2&#8243; css=&#8220;.vc_custom_1410808055201{background-color: #f8f8f8 !important;}&#8220;][vc_separator type=&#8220;transparent&#8220; position=&#8220;center&#8220; down=&#8220;16&#8243; up=&#8220;20&#8243;][vc_column_text]<\/p>\n<h4 style=\"text-align: left;\">SL VG 55. Las Tricias &#8211; La Traviesa<\/h4>\n<p>[\/vc_column_text][vc_separator type=&#8220;transparent&#8220; position=&#8220;center&#8220; up=&#8220;10&#8243; down=&#8220;5&#8243;][vc_row_inner][vc_column_inner width=&#8220;2\/3&#8243;][vc_column_text]<\/p>\n<ul>\n<li><strong>L\u00e4nge:<\/strong>\u00a05 Kms<\/li>\n<li><strong>Schwierigkeitsgrad:<\/strong>\u00a0Mittel<\/li>\n<\/ul>\n<p>[\/vc_column_text][\/vc_column_inner][vc_column_inner width=&#8220;1\/3&#8243;]<a href=\"sl-vg-55-las-tricias-la-traviesa\" target=\"_self\" data-hover-background-color=#4aa946 data-hover-border-color=#4aa946 data-hover-color=#ffffff class=\"qbutton  small right\" style=\"color: #ffffff; border-color: #000000; background-color: #000000;\">Info<i class=\"fa fa-plus\" style=\"color: #ffffff;\"><\/i><\/a>[\/vc_column_inner][\/vc_row_inner][vc_separator type=&#8220;transparent&#8220; position=&#8220;center&#8220; up=&#8220;60&#8243; down=&#8220;0&#8243;][\/vc_column][vc_column width=&#8220;1\/2&#8243; css=&#8220;.vc_custom_1410808067424{background-color: #f1f1f1 !important;}&#8220;][vc_separator type=&#8220;transparent&#8220; position=&#8220;center&#8220; down=&#8220;16&#8243; up=&#8220;20&#8243;][vc_column_text]<\/p>\n<h4 style=\"text-align: left;\">SL VM 122. Camino de La Ratona &#8211; Camino de La Faya<\/h4>\n<p>[\/vc_column_text][vc_separator type=&#8220;transparent&#8220; position=&#8220;center&#8220; up=&#8220;10&#8243; down=&#8220;5&#8243;][vc_row_inner][vc_column_inner width=&#8220;2\/3&#8243;][vc_column_text]<\/p>\n<ul>\n<li><strong>L\u00e4nge:<\/strong>\u00a02 Kms<\/li>\n<li><strong>Schwierigkeitsgrad:<\/strong>\u00a0Mittel<\/li>\n<\/ul>\n<p>[\/vc_column_text][\/vc_column_inner][vc_column_inner width=&#8220;1\/3&#8243;]<a href=\"sl-vm-122-camino-de-la-ratona-camino-de-la-faya\" target=\"_self\" data-hover-background-color=#4aa946 data-hover-border-color=#4aa946 data-hover-color=#ffffff class=\"qbutton  small right\" style=\"color: #ffffff; border-color: #000000; background-color: #000000;\">Info<i class=\"fa fa-plus\" style=\"color: #ffffff;\"><\/i><\/a>[\/vc_column_inner][\/vc_row_inner][vc_separator type=&#8220;transparent&#8220; position=&#8220;center&#8220; up=&#8220;60&#8243; down=&#8220;0&#8243;][\/vc_column][\/vc_row][vc_row row_type=&#8220;row&#8220; type=&#8220;grid&#8220; text_align=&#8220;left&#8220; padding_top=&#8220;0&#8243; padding_bottom=&#8220;0&#8243; anchor=&#8220;portfolio&#8220; content_menu_title=&#8220;Portfolio List&#8220; content_menu_icon=&#8220;fa-list&#8220; background_image_as_pattern=&#8220;without_pattern&#8220; background_color=&#8220;#ffffff&#8220;][vc_column width=&#8220;1\/2&#8243; css=&#8220;.vc_custom_1410808067424{background-color: #f1f1f1 !important;}&#8220;][vc_separator type=&#8220;transparent&#8220; position=&#8220;center&#8220; up=&#8220;20&#8243; down=&#8220;16&#8243;][vc_column_text]<\/p>\n<h4 style=\"text-align: left;\">SL VM 123. SL VM 126 &#8211; PR LP 16<\/h4>\n<p>[\/vc_column_text][vc_separator type=&#8220;transparent&#8220; position=&#8220;center&#8220; up=&#8220;10&#8243; down=&#8220;5&#8243;][vc_row_inner][vc_column_inner width=&#8220;2\/3&#8243;][vc_column_text]<\/p>\n<ul>\n<li><strong>L\u00e4nge:<\/strong>\u00a03 Kms<\/li>\n<li><strong>Schwierigkeitsgrad:<\/strong>\u00a0Mittel<\/li>\n<\/ul>\n<p>[\/vc_column_text][\/vc_column_inner][vc_column_inner width=&#8220;1\/3&#8243;]<a href=\"sl-vm-123-sl-vm-126-pr-lp-16\" target=\"_self\" data-hover-background-color=#4aa946 data-hover-border-color=#4aa946 data-hover-color=#ffffff class=\"qbutton  small right\" style=\"color: #ffffff; border-color: #000000; background-color: #000000;\">Info<i class=\"fa fa-plus\" style=\"color: #ffffff;\"><\/i><\/a>[\/vc_column_inner][\/vc_row_inner][vc_separator type=&#8220;transparent&#8220; position=&#8220;center&#8220; up=&#8220;60&#8243; down=&#8220;0&#8243;][\/vc_column][vc_column width=&#8220;1\/2&#8243; css=&#8220;.vc_custom_1410808055201{background-color: #f8f8f8 !important;}&#8220;][vc_separator type=&#8220;transparent&#8220; position=&#8220;center&#8220; down=&#8220;16&#8243; up=&#8220;20&#8243;][vc_column_text]<\/p>\n<h4 style=\"text-align: left;\">SL VM 124. Camino de la Faya &#8211; PR LP 16<\/h4>\n<p>[\/vc_column_text][vc_separator type=&#8220;transparent&#8220; position=&#8220;center&#8220; up=&#8220;10&#8243; down=&#8220;5&#8243;][vc_row_inner][vc_column_inner width=&#8220;2\/3&#8243;][vc_column_text]<\/p>\n<ul>\n<li><strong>L\u00e4nge:<\/strong>\u00a02 Kms<\/li>\n<li><strong>Schwierigkeitsgrad:<\/strong>\u00a0Mittel<\/li>\n<\/ul>\n<p>[\/vc_column_text][\/vc_column_inner][vc_column_inner width=&#8220;1\/3&#8243;]<a href=\"sl-vm-124-camino-de-la-faya-pr-lp-16\" target=\"_self\" data-hover-background-color=#4aa946 data-hover-border-color=#4aa946 data-hover-color=#ffffff class=\"qbutton  small right\" style=\"color: #ffffff; border-color: #000000; background-color: #000000;\">Info<i class=\"fa fa-plus\" style=\"color: #ffffff;\"><\/i><\/a>[\/vc_column_inner][\/vc_row_inner][vc_separator type=&#8220;transparent&#8220; position=&#8220;center&#8220; up=&#8220;60&#8243; down=&#8220;0&#8243;][\/vc_column][\/vc_row][vc_row row_type=&#8220;row&#8220; type=&#8220;grid&#8220; text_align=&#8220;left&#8220; padding_top=&#8220;0&#8243; padding_bottom=&#8220;0&#8243; anchor=&#8220;portfolio&#8220; content_menu_title=&#8220;Portfolio List&#8220; content_menu_icon=&#8220;fa-list&#8220; background_image_as_pattern=&#8220;without_pattern&#8220; background_color=&#8220;#ffffff&#8220;][vc_column width=&#8220;1\/2&#8243; css=&#8220;.vc_custom_1410808055201{background-color: #f8f8f8 !important;}&#8220;][vc_separator type=&#8220;transparent&#8220; position=&#8220;center&#8220; down=&#8220;16&#8243; up=&#8220;20&#8243;][vc_column_text]<\/p>\n<h4 style=\"text-align: left;\">SL VM 125. Llanos de Las Moscas &#8211; Lomo del Volc\u00e1n de Hoyo Negro<\/h4>\n<p>[\/vc_column_text][vc_separator type=&#8220;transparent&#8220; position=&#8220;center&#8220; up=&#8220;10&#8243; down=&#8220;5&#8243;][vc_row_inner][vc_column_inner width=&#8220;2\/3&#8243;][vc_column_text]<\/p>\n<ul>\n<li><strong>L\u00e4nge:<\/strong>\u00a03 Kms<\/li>\n<li><strong>Schwierigkeitsgrad:<\/strong>\u00a0Mittel<\/li>\n<\/ul>\n<p>[\/vc_column_text][\/vc_column_inner][vc_column_inner width=&#8220;1\/3&#8243;]<a href=\"sl-vm-125-llanos-de-las-moscas-lomo-del-volcan-de-hoyo-negro\" target=\"_self\" data-hover-background-color=#4aa946 data-hover-border-color=#4aa946 data-hover-color=#ffffff class=\"qbutton  small right\" style=\"color: #ffffff; border-color: #000000; background-color: #000000;\">Info<i class=\"fa fa-plus\" style=\"color: #ffffff;\"><\/i><\/a>[\/vc_column_inner][\/vc_row_inner][vc_separator type=&#8220;transparent&#8220; position=&#8220;center&#8220; up=&#8220;60&#8243; down=&#8220;0&#8243;][\/vc_column][vc_column width=&#8220;1\/2&#8243; css=&#8220;.vc_custom_1410808067424{background-color: #f1f1f1 !important;}&#8220;][vc_separator type=&#8220;transparent&#8220; position=&#8220;center&#8220; down=&#8220;16&#8243; up=&#8220;20&#8243;][vc_column_text]<\/p>\n<h4 style=\"text-align: left;\">SL VM 126. Cruz del Monte &#8211; Camino de La Faya<\/h4>\n<p>[\/vc_column_text][vc_separator type=&#8220;transparent&#8220; position=&#8220;center&#8220; up=&#8220;10&#8243; down=&#8220;5&#8243;][vc_separator type=&#8220;transparent&#8220; position=&#8220;center&#8220; up=&#8220;10&#8243; down=&#8220;18&#8243;][vc_row_inner][vc_column_inner width=&#8220;2\/3&#8243;][vc_column_text]<\/p>\n<ul>\n<li><strong>L\u00e4nge:<\/strong>\u00a04 Kms<\/li>\n<li><strong>Schwierigkeitsgrad:<\/strong>\u00a0Mittel<\/li>\n<\/ul>\n<p>[\/vc_column_text][\/vc_column_inner][vc_column_inner width=&#8220;1\/3&#8243;]<a href=\"sl-vm-126-cruz-del-monte-camino-de-la-faya\" target=\"_self\" data-hover-background-color=#4aa946 data-hover-border-color=#4aa946 data-hover-color=#ffffff class=\"qbutton  small right\" style=\"color: #ffffff; border-color: #000000; background-color: #000000;\">Info<i class=\"fa fa-plus\" style=\"color: #ffffff;\"><\/i><\/a>[\/vc_column_inner][\/vc_row_inner][vc_separator type=&#8220;transparent&#8220; position=&#8220;center&#8220; up=&#8220;60&#8243; down=&#8220;0&#8243;][\/vc_column][\/vc_row][vc_row row_type=&#8220;row&#8220; type=&#8220;full_width&#8220; text_align=&#8220;left&#8220; background_image_as_pattern=&#8220;without_pattern&#8220; padding_top=&#8220;20&#8243; padding_bottom=&#8220;20&#8243;][vc_column width=&#8220;1\/1&#8243;]<\/p>\n<p>[vc_separator type=&#8220;transparent&#8220; position=&#8220;center&#8220; up=&#8220;20&#8243; down=&#8220;10&#8243;][vc_text_separator title=&#8220;Red de Senderos de Puntagorda&#8220; title_align=&#8220;separator_align_center&#8220; border=&#8220;no&#8220;][vc_separator type=&#8220;transparent&#8220; position=&#8220;center&#8220; up=&#8220;20&#8243; down=&#8220;10&#8243;][\/vc_column][\/vc_row][vc_row][vc_column width=&#8220;1\/2&#8243; css=&#8220;.vc_custom_1452014750471{background-color: #f1f1f1 !important;background-position: center !important;background-repeat: no-repeat !important;background-size: cover !important;}&#8220;][vc_row_inner][vc_column_inner width=&#8220;1\/1&#8243;][vc_separator type=&#8220;transparent&#8220; position=&#8220;center&#8220; up=&#8220;10&#8243; down=&#8220;5&#8243;][vc_column_text]<\/p>\n<h4 style=\"text-align: left;\">SL PG 60: Topo del Drago \u2013 Molino de los Venteros<\/h4>\n<p>[\/vc_column_text][vc_separator type=&#8220;transparent&#8220; position=&#8220;center&#8220; down=&#8220;16&#8243; up=&#8220;20&#8243;][\/vc_column_inner][\/vc_row_inner][vc_row_inner][vc_column_inner width=&#8220;1\/3&#8243;]<a href=\"http:\/\/www.puntagorda.es\/wp-content\/uploads\/2016\/05\/DragoVenteros.pdf\" target=\"_blank\" data-hover-background-color=#4aa946 data-hover-border-color=#4aa946 data-hover-color=#ffffff class=\"qbutton  small right\" style=\"color: #ffffff; border-color: #000000; background-color: #000000;\">Brosch\u00fcre<\/a>[\/vc_column_inner][vc_column_inner width=&#8220;1\/3&#8243;]<a href=\"http:\/\/senderosdelapalma.es\/\/wp-content\/uploads\/gpx\/puntagorda\/SLLP60.zip\" target=\"_blank\" data-hover-background-color=#4aa946 data-hover-border-color=#4aa946 data-hover-color=#ffffff class=\"qbutton  small right\" style=\"color: #ffffff; border-color: #000000; background-color: #000000;\">Fichero GPX<\/a>[\/vc_column_inner][vc_column_inner width=&#8220;1\/3&#8243;]<a href=\"http:\/\/senderosdelapalma.es\/\/wp-content\/uploads\/gpx\/puntagorda\/SLLP60.kmz\" target=\"_blank\" data-hover-background-color=#4aa946 data-hover-border-color=#4aa946 data-hover-color=#ffffff class=\"qbutton  small right\" style=\"color: #ffffff; border-color: #000000; background-color: #000000;\">Google Earth<\/a>[\/vc_column_inner][\/vc_row_inner][vc_separator type=&#8220;transparent&#8220; position=&#8220;center&#8220; down=&#8220;16&#8243; up=&#8220;20&#8243;][vc_separator type=&#8220;transparent&#8220; position=&#8220;center&#8220; down=&#8220;16&#8243; up=&#8220;20&#8243;][\/vc_column][vc_column width=&#8220;1\/2&#8243; css=&#8220;.vc_custom_1452014700580{background-color: #f8f8f8 !important;background-position: center !important;background-repeat: no-repeat !important;background-size: cover !important;}&#8220;][vc_row_inner][vc_column_inner width=&#8220;1\/1&#8243;][vc_separator type=&#8220;transparent&#8220; position=&#8220;center&#8220; up=&#8220;10&#8243; down=&#8220;5&#8243;][vc_column_text]<\/p>\n<h4 style=\"text-align: left;\">SL PG 61: Mercadillo del Agricultor \u2013 Ermita de San Mauro<\/h4>\n<p>[\/vc_column_text][vc_separator type=&#8220;transparent&#8220; position=&#8220;center&#8220; down=&#8220;16&#8243; up=&#8220;20&#8243;][\/vc_column_inner][\/vc_row_inner][vc_row_inner][vc_column_inner width=&#8220;1\/3&#8243;]<a href=\"http:\/\/www.puntagorda.es\/wp-content\/uploads\/2016\/05\/MercaSanMauro2.pdf\" target=\"_blank\" data-hover-background-color=#4aa946 data-hover-border-color=#4aa946 data-hover-color=#ffffff class=\"qbutton  small right\" style=\"color: #ffffff; border-color: #000000; background-color: #000000;\">Brosch\u00fcre<\/a>[\/vc_column_inner][vc_column_inner width=&#8220;1\/3&#8243;]<a href=\"http:\/\/senderosdelapalma.es\/\/wp-content\/uploads\/gpx\/puntagorda\/SLLP61.zip\" target=\"_blank\" data-hover-background-color=#4aa946 data-hover-border-color=#4aa946 data-hover-color=#ffffff class=\"qbutton  small right\" style=\"color: #ffffff; border-color: #000000; background-color: #000000;\">Fichero GPX<\/a>[\/vc_column_inner][vc_column_inner width=&#8220;1\/3&#8243;]<a href=\"http:\/\/senderosdelapalma.es\/\/wp-content\/uploads\/gpx\/puntagorda\/SLLP61.kmz\" target=\"_blank\" data-hover-background-color=#4aa946 data-hover-border-color=#4aa946 data-hover-color=#ffffff class=\"qbutton  small right\" style=\"color: #ffffff; border-color: #000000; background-color: #000000;\">Google Earth<\/a>[\/vc_column_inner][\/vc_row_inner][vc_separator type=&#8220;transparent&#8220; position=&#8220;center&#8220; down=&#8220;16&#8243; up=&#8220;20&#8243;][\/vc_column][\/vc_row][vc_row row_type=&#8220;row&#8220; type=&#8220;full_width&#8220; text_align=&#8220;left&#8220; background_image_as_pattern=&#8220;without_pattern&#8220; padding_top=&#8220;20&#8243; padding_bottom=&#8220;20&#8243;][vc_column width=&#8220;1\/1&#8243;][vc_separator type=&#8220;normal&#8220; position=&#8220;center&#8220; up=&#8220;15&#8243; down=&#8220;15&#8243;][\/vc_column][\/vc_row][vc_row][vc_column width=&#8220;1\/2&#8243; css=&#8220;.vc_custom_1452014712095{background-color: #f8f8f8 !important;background-position: center !important;background-repeat: no-repeat !important;background-size: cover !important;}&#8220;][vc_row_inner][vc_column_inner width=&#8220;1\/1&#8243;][vc_separator type=&#8220;transparent&#8220; position=&#8220;center&#8220; up=&#8220;10&#8243; down=&#8220;5&#8243;][vc_column_text]<\/p>\n<h4 style=\"text-align: left;\">SL PG 62: Camino de Gutierrez<\/h4>\n<p>[\/vc_column_text][vc_separator type=&#8220;transparent&#8220; position=&#8220;center&#8220; down=&#8220;16&#8243; up=&#8220;20&#8243;][\/vc_column_inner][\/vc_row_inner][vc_row_inner][vc_column_inner width=&#8220;1\/3&#8243;]<a href=\"http:\/\/www.puntagorda.es\/wp-content\/uploads\/2016\/05\/Gutierrez.pdf\" target=\"_blank\" data-hover-background-color=#4aa946 data-hover-border-color=#4aa946 data-hover-color=#ffffff class=\"qbutton  small right\" style=\"color: #ffffff; border-color: #000000; background-color: #000000;\">Brosch\u00fcre<\/a>[\/vc_column_inner][vc_column_inner width=&#8220;1\/3&#8243;]<a href=\"http:\/\/senderosdelapalma.es\/\/wp-content\/uploads\/gpx\/puntagorda\/SLLP62.zip\" target=\"_blank\" data-hover-background-color=#4aa946 data-hover-border-color=#4aa946 data-hover-color=#ffffff class=\"qbutton  small right\" style=\"color: #ffffff; border-color: #000000; background-color: #000000;\">Fichero GPX<\/a>[\/vc_column_inner][vc_column_inner width=&#8220;1\/3&#8243;]<a href=\"http:\/\/senderosdelapalma.es\/\/wp-content\/uploads\/gpx\/puntagorda\/SLLP62.kmz\" target=\"_blank\" data-hover-background-color=#4aa946 data-hover-border-color=#4aa946 data-hover-color=#ffffff class=\"qbutton  small right\" style=\"color: #ffffff; border-color: #000000; background-color: #000000;\">Google Earth<\/a>[\/vc_column_inner][\/vc_row_inner][vc_separator type=&#8220;transparent&#8220; position=&#8220;center&#8220; down=&#8220;16&#8243; up=&#8220;20&#8243;][\/vc_column][vc_column width=&#8220;1\/2&#8243; css=&#8220;.vc_custom_1452014763234{background-color: #f1f1f1 !important;background-position: center !important;background-repeat: no-repeat !important;background-size: cover !important;}&#8220;][vc_row_inner][vc_column_inner width=&#8220;1\/1&#8243;][vc_separator type=&#8220;transparent&#8220; position=&#8220;center&#8220; up=&#8220;10&#8243; down=&#8220;5&#8243;][vc_column_text]<\/p>\n<h4 style=\"text-align: left;\">SL PG 63: Camino de El Palito<\/h4>\n<p>[\/vc_column_text][vc_separator type=&#8220;transparent&#8220; position=&#8220;center&#8220; down=&#8220;16&#8243; up=&#8220;20&#8243;][\/vc_column_inner][\/vc_row_inner][vc_row_inner][vc_column_inner width=&#8220;1\/3&#8243;]<a href=\"http:\/\/senderosdelapalma.es\/\/wp-content\/uploads\/gpx\/puntagorda\/SLLP63.zip\" target=\"_blank\" data-hover-background-color=#4aa946 data-hover-border-color=#4aa946 data-hover-color=#ffffff class=\"qbutton  small right\" style=\"color: #ffffff; border-color: #000000; background-color: #000000;\">Fichero GPX<\/a>[\/vc_column_inner][vc_column_inner width=&#8220;1\/3&#8243;]<a href=\"http:\/\/senderosdelapalma.es\/\/wp-content\/uploads\/gpx\/puntagorda\/SLLP63.kmz\" target=\"_blank\" data-hover-background-color=#4aa946 data-hover-border-color=#4aa946 data-hover-color=#ffffff class=\"qbutton  small right\" style=\"color: #ffffff; border-color: #000000; background-color: #000000;\">Google Earth<\/a>[\/vc_column_inner][vc_column_inner width=&#8220;1\/3&#8243;]<br \/>\n[\/vc_column_inner][\/vc_row_inner][vc_separator type=&#8220;transparent&#8220; position=&#8220;center&#8220; down=&#8220;16&#8243; up=&#8220;20&#8243;][\/vc_column][\/vc_row][vc_row row_type=&#8220;row&#8220; type=&#8220;full_width&#8220; text_align=&#8220;left&#8220; background_image_as_pattern=&#8220;without_pattern&#8220; padding_top=&#8220;20&#8243; padding_bottom=&#8220;20&#8243;][vc_column width=&#8220;1\/1&#8243;][vc_separator type=&#8220;normal&#8220; position=&#8220;center&#8220; up=&#8220;15&#8243; down=&#8220;15&#8243;][\/vc_column][\/vc_row][vc_row][vc_column width=&#8220;1\/2&#8243; css=&#8220;.vc_custom_1452014775542{background-color: #f1f1f1 !important;background-position: center !important;background-repeat: no-repeat !important;background-size: cover !important;}&#8220;][vc_row_inner][vc_column_inner width=&#8220;1\/1&#8243;][vc_separator type=&#8220;transparent&#8220; position=&#8220;center&#8220; up=&#8220;10&#8243; down=&#8220;5&#8243;][vc_column_text]<\/p>\n<h4 style=\"text-align: left;\">SL PG 64: Camino de las Fuentes<\/h4>\n<p>[\/vc_column_text][vc_separator type=&#8220;transparent&#8220; position=&#8220;center&#8220; down=&#8220;16&#8243; up=&#8220;20&#8243;][\/vc_column_inner][\/vc_row_inner][vc_row_inner][vc_column_inner width=&#8220;1\/3&#8243;]<a href=\"http:\/\/www.puntagorda.es\/wp-content\/uploads\/2016\/05\/fuentes2.pdf\" target=\"_blank\" data-hover-background-color=#4aa946 data-hover-border-color=#4aa946 data-hover-color=#ffffff class=\"qbutton  small right\" style=\"color: #ffffff; border-color: #000000; background-color: #000000;\">Brosch\u00fcre<\/a>[\/vc_column_inner][vc_column_inner width=&#8220;1\/3&#8243;]<a href=\"http:\/\/senderosdelapalma.es\/\/wp-content\/uploads\/gpx\/puntagorda\/SLLP64.zip\" target=\"_blank\" data-hover-background-color=#4aa946 data-hover-border-color=#4aa946 data-hover-color=#ffffff class=\"qbutton  small right\" style=\"color: #ffffff; border-color: #000000; background-color: #000000;\">Fichero GPX<\/a>[\/vc_column_inner][vc_column_inner width=&#8220;1\/3&#8243;]<a href=\"http:\/\/senderosdelapalma.es\/\/wp-content\/uploads\/gpx\/puntagorda\/SLLP64.kmz\" target=\"_blank\" data-hover-background-color=#4aa946 data-hover-border-color=#4aa946 data-hover-color=#ffffff class=\"qbutton  small right\" style=\"color: #ffffff; border-color: #000000; background-color: #000000;\">Google Earth<\/a>[\/vc_column_inner][\/vc_row_inner][vc_separator type=&#8220;transparent&#8220; position=&#8220;center&#8220; down=&#8220;16&#8243; up=&#8220;20&#8243;][\/vc_column][vc_column width=&#8220;1\/2&#8243;][vc_column_text]<br \/>\n[\/vc_column_text][\/vc_column][\/vc_row][vc_row row_type=&#8220;row&#8220; type=&#8220;full_width&#8220; text_align=&#8220;left&#8220; background_image_as_pattern=&#8220;without_pattern&#8220; padding_top=&#8220;20&#8243; padding_bottom=&#8220;20&#8243;][vc_column width=&#8220;1\/1&#8243;][vc_separator type=&#8220;transparent&#8220; position=&#8220;center&#8220; up=&#8220;30&#8243; down=&#8220;20&#8243;][\/vc_column][\/vc_row]<\/p>\n<\/section>","protected":false},"excerpt":{"rendered":"<p>[vc_row row_type=&#8220;row&#8220; type=&#8220;grid&#8220; text_align=&#8220;left&#8220; padding_top=&#8220;40px&#8220; padding_bottom=&#8220;0&#8243; anchor=&#8220;portfolio&#8220; content_menu_title=&#8220;Portfolio List&#8220; content_menu_icon=&#8220;fa-list&#8220; background_image_as_pattern=&#8220;without_pattern&#8220; background_color=&#8220;#ffffff&#8220;][vc_column width=&#8220;1\/2&#8243; css=&#8220;.vc_custom_1410808067424{background-color: #f1f1f1 !important;}&#8220;][vc_separator type=&#8220;transparent&#8220; position=&#8220;center&#8220; up=&#8220;20&#8243; down=&#8220;16&#8243;][vc_column_text] SL BB 131. Camino de La Ratona &#8211; Camino de La Faya [\/vc_column_text][vc_separator type=&#8220;transparent&#8220; position=&#8220;center&#8220; up=&#8220;10&#8243; down=&#8220;5&#8243;][vc_separator type=&#8220;transparent&#8220; position=&#8220;center&#8220; up=&#8220;10&#8243; down=&#8220;18&#8243;][vc_row_inner][vc_column_inner width=&#8220;2\/3&#8243;][vc_column_text] L\u00e4nge:\u00a03 kms Schwierigkeitsgrad:&#8230;<\/p>\n","protected":false},"author":1,"featured_media":0,"parent":18026,"menu_order":0,"comment_status":"closed","ping_status":"closed","template":"","meta":[],"yoast_head":"<!-- This site is optimized with the Yoast SEO plugin v21.0 - https:\/\/yoast.com\/wordpress\/plugins\/seo\/ -->\n<title>Lokale Wege - Red de Senderos de La Palma<\/title>\n<meta name=\"robots\" content=\"index, follow, max-snippet:-1, max-image-preview:large, max-video-preview:-1\" \/>\n<link rel=\"canonical\" href=\"https:\/\/www.senderosdelapalma.es\/de\/wanderwege-der-la-palma\/lokale-wege\/\" \/>\n<meta property=\"og:locale\" content=\"de_DE\" \/>\n<meta property=\"og:type\" content=\"article\" \/>\n<meta property=\"og:title\" content=\"Lokale Wege - Red de Senderos de La Palma\" \/>\n<meta property=\"og:description\" content=\"[vc_row row_type=&#8220;row&#8220; type=&#8220;grid&#8220; text_align=&#8220;left&#8220; padding_top=&#8220;40px&#8220; padding_bottom=&#8220;0&#8243; anchor=&#8220;portfolio&#8220; content_menu_title=&#8220;Portfolio List&#8220; content_menu_icon=&#8220;fa-list&#8220; background_image_as_pattern=&#8220;without_pattern&#8220; background_color=&#8220;#ffffff&#8220;][vc_column width=&#8220;1\/2&#8243; css=&#8220;.vc_custom_1410808067424{background-color: #f1f1f1 !important;}&#8220;][vc_separator type=&#8220;transparent&#8220; position=&#8220;center&#8220; up=&#8220;20&#8243; down=&#8220;16&#8243;][vc_column_text] SL BB 131. Camino de La Ratona &#8211; Camino de La Faya [\/vc_column_text][vc_separator type=&#8220;transparent&#8220; position=&#8220;center&#8220; up=&#8220;10&#8243; down=&#8220;5&#8243;][vc_separator type=&#8220;transparent&#8220; position=&#8220;center&#8220; up=&#8220;10&#8243; down=&#8220;18&#8243;][vc_row_inner][vc_column_inner width=&#8220;2\/3&#8243;][vc_column_text] L\u00e4nge:\u00a03 kms Schwierigkeitsgrad:...\" \/>\n<meta property=\"og:url\" content=\"https:\/\/www.senderosdelapalma.es\/de\/wanderwege-der-la-palma\/lokale-wege\/\" \/>\n<meta property=\"og:site_name\" content=\"Red de Senderos de La Palma\" \/>\n<meta property=\"article:publisher\" content=\"https:\/\/www.facebook.com\/senderoslapalma\" \/>\n<meta property=\"article:modified_time\" content=\"2016-11-23T09:46:17+00:00\" \/>\n<meta property=\"og:image\" content=\"https:\/\/www.senderosdelapalma.es\/wp-content\/uploads\/2014\/12\/redsenderosdelapalma_01.jpg\" \/>\n\t<meta property=\"og:image:width\" content=\"1920\" \/>\n\t<meta property=\"og:image:height\" content=\"1084\" \/>\n\t<meta property=\"og:image:type\" content=\"image\/jpeg\" \/>\n<meta name=\"twitter:card\" content=\"summary_large_image\" \/>\n<meta name=\"twitter:site\" content=\"@SenderosdeLaPal\" \/>\n<meta name=\"twitter:label1\" content=\"Gesch\u00e4tzte Lesezeit\" \/>\n\t<meta name=\"twitter:data1\" content=\"23\u00a0Minuten\" \/>\n<script type=\"application\/ld+json\" class=\"yoast-schema-graph\">{\"@context\":\"https:\/\/schema.org\",\"@graph\":[{\"@type\":\"WebPage\",\"@id\":\"https:\/\/www.senderosdelapalma.es\/de\/wanderwege-der-la-palma\/lokale-wege\/\",\"url\":\"https:\/\/www.senderosdelapalma.es\/de\/wanderwege-der-la-palma\/lokale-wege\/\",\"name\":\"Lokale Wege - Red de Senderos de La Palma\",\"isPartOf\":{\"@id\":\"https:\/\/www.senderosdelapalma.es\/#website\"},\"datePublished\":\"2015-04-01T10:26:24+00:00\",\"dateModified\":\"2016-11-23T09:46:17+00:00\",\"breadcrumb\":{\"@id\":\"https:\/\/www.senderosdelapalma.es\/de\/wanderwege-der-la-palma\/lokale-wege\/#breadcrumb\"},\"inLanguage\":\"de\",\"potentialAction\":[{\"@type\":\"ReadAction\",\"target\":[\"https:\/\/www.senderosdelapalma.es\/de\/wanderwege-der-la-palma\/lokale-wege\/\"]}]},{\"@type\":\"BreadcrumbList\",\"@id\":\"https:\/\/www.senderosdelapalma.es\/de\/wanderwege-der-la-palma\/lokale-wege\/#breadcrumb\",\"itemListElement\":[{\"@type\":\"ListItem\",\"position\":1,\"name\":\"Portada\",\"item\":\"https:\/\/www.senderosdelapalma.es\/de\/\"},{\"@type\":\"ListItem\",\"position\":2,\"name\":\"Wanderwege der La Palma\",\"item\":\"https:\/\/www.senderosdelapalma.es\/de\/wanderwege-der-la-palma\/\"},{\"@type\":\"ListItem\",\"position\":3,\"name\":\"Lokale Wege\"}]},{\"@type\":\"WebSite\",\"@id\":\"https:\/\/www.senderosdelapalma.es\/#website\",\"url\":\"https:\/\/www.senderosdelapalma.es\/\",\"name\":\"Red de Senderos de La Palma\",\"description\":\"La Palma, la isla de los senderistas. Una enorme variedad de climas, relieves y paisajes te est\u00e1n esperando.  \",\"publisher\":{\"@id\":\"https:\/\/www.senderosdelapalma.es\/#organization\"},\"potentialAction\":[{\"@type\":\"SearchAction\",\"target\":{\"@type\":\"EntryPoint\",\"urlTemplate\":\"https:\/\/www.senderosdelapalma.es\/?s={search_term_string}\"},\"query-input\":\"required name=search_term_string\"}],\"inLanguage\":\"de\"},{\"@type\":\"Organization\",\"@id\":\"https:\/\/www.senderosdelapalma.es\/#organization\",\"name\":\"Red de Senderos de La Palma\",\"url\":\"https:\/\/www.senderosdelapalma.es\/\",\"logo\":{\"@type\":\"ImageObject\",\"inLanguage\":\"de\",\"@id\":\"https:\/\/www.senderosdelapalma.es\/#\/schema\/logo\/image\/\",\"url\":\"https:\/\/www.senderosdelapalma.es\/wp-content\/uploads\/2015\/06\/cabildo_la_palma-01.png\",\"contentUrl\":\"https:\/\/www.senderosdelapalma.es\/wp-content\/uploads\/2015\/06\/cabildo_la_palma-01.png\",\"width\":3508,\"height\":2479,\"caption\":\"Red de Senderos de La Palma\"},\"image\":{\"@id\":\"https:\/\/www.senderosdelapalma.es\/#\/schema\/logo\/image\/\"},\"sameAs\":[\"https:\/\/www.facebook.com\/senderoslapalma\",\"https:\/\/twitter.com\/SenderosdeLaPal\",\"https:\/\/www.instagram.com\/senderosdelapalma\/\",\"https:\/\/www.pinterest.es\/senderoslp\/\"]}]}<\/script>\n<!-- \/ Yoast SEO plugin. -->","yoast_head_json":{"title":"Lokale Wege - Red de Senderos de La Palma","robots":{"index":"index","follow":"follow","max-snippet":"max-snippet:-1","max-image-preview":"max-image-preview:large","max-video-preview":"max-video-preview:-1"},"canonical":"https:\/\/www.senderosdelapalma.es\/de\/wanderwege-der-la-palma\/lokale-wege\/","og_locale":"de_DE","og_type":"article","og_title":"Lokale Wege - Red de Senderos de La Palma","og_description":"[vc_row row_type=&#8220;row&#8220; type=&#8220;grid&#8220; text_align=&#8220;left&#8220; padding_top=&#8220;40px&#8220; padding_bottom=&#8220;0&#8243; anchor=&#8220;portfolio&#8220; content_menu_title=&#8220;Portfolio List&#8220; content_menu_icon=&#8220;fa-list&#8220; background_image_as_pattern=&#8220;without_pattern&#8220; background_color=&#8220;#ffffff&#8220;][vc_column width=&#8220;1\/2&#8243; css=&#8220;.vc_custom_1410808067424{background-color: #f1f1f1 !important;}&#8220;][vc_separator type=&#8220;transparent&#8220; position=&#8220;center&#8220; up=&#8220;20&#8243; down=&#8220;16&#8243;][vc_column_text] SL BB 131. Camino de La Ratona &#8211; Camino de La Faya [\/vc_column_text][vc_separator type=&#8220;transparent&#8220; position=&#8220;center&#8220; up=&#8220;10&#8243; down=&#8220;5&#8243;][vc_separator type=&#8220;transparent&#8220; position=&#8220;center&#8220; up=&#8220;10&#8243; down=&#8220;18&#8243;][vc_row_inner][vc_column_inner width=&#8220;2\/3&#8243;][vc_column_text] L\u00e4nge:\u00a03 kms Schwierigkeitsgrad:...","og_url":"https:\/\/www.senderosdelapalma.es\/de\/wanderwege-der-la-palma\/lokale-wege\/","og_site_name":"Red de Senderos de La Palma","article_publisher":"https:\/\/www.facebook.com\/senderoslapalma","article_modified_time":"2016-11-23T09:46:17+00:00","og_image":[{"width":1920,"height":1084,"url":"https:\/\/www.senderosdelapalma.es\/wp-content\/uploads\/2014\/12\/redsenderosdelapalma_01.jpg","type":"image\/jpeg"}],"twitter_card":"summary_large_image","twitter_site":"@SenderosdeLaPal","twitter_misc":{"Gesch\u00e4tzte Lesezeit":"23\u00a0Minuten"},"schema":{"@context":"https:\/\/schema.org","@graph":[{"@type":"WebPage","@id":"https:\/\/www.senderosdelapalma.es\/de\/wanderwege-der-la-palma\/lokale-wege\/","url":"https:\/\/www.senderosdelapalma.es\/de\/wanderwege-der-la-palma\/lokale-wege\/","name":"Lokale Wege - Red de Senderos de La Palma","isPartOf":{"@id":"https:\/\/www.senderosdelapalma.es\/#website"},"datePublished":"2015-04-01T10:26:24+00:00","dateModified":"2016-11-23T09:46:17+00:00","breadcrumb":{"@id":"https:\/\/www.senderosdelapalma.es\/de\/wanderwege-der-la-palma\/lokale-wege\/#breadcrumb"},"inLanguage":"de","potentialAction":[{"@type":"ReadAction","target":["https:\/\/www.senderosdelapalma.es\/de\/wanderwege-der-la-palma\/lokale-wege\/"]}]},{"@type":"BreadcrumbList","@id":"https:\/\/www.senderosdelapalma.es\/de\/wanderwege-der-la-palma\/lokale-wege\/#breadcrumb","itemListElement":[{"@type":"ListItem","position":1,"name":"Portada","item":"https:\/\/www.senderosdelapalma.es\/de\/"},{"@type":"ListItem","position":2,"name":"Wanderwege der La Palma","item":"https:\/\/www.senderosdelapalma.es\/de\/wanderwege-der-la-palma\/"},{"@type":"ListItem","position":3,"name":"Lokale Wege"}]},{"@type":"WebSite","@id":"https:\/\/www.senderosdelapalma.es\/#website","url":"https:\/\/www.senderosdelapalma.es\/","name":"Red de Senderos de La Palma","description":"La Palma, la isla de los senderistas. Una enorme variedad de climas, relieves y paisajes te est\u00e1n esperando.  ","publisher":{"@id":"https:\/\/www.senderosdelapalma.es\/#organization"},"potentialAction":[{"@type":"SearchAction","target":{"@type":"EntryPoint","urlTemplate":"https:\/\/www.senderosdelapalma.es\/?s={search_term_string}"},"query-input":"required name=search_term_string"}],"inLanguage":"de"},{"@type":"Organization","@id":"https:\/\/www.senderosdelapalma.es\/#organization","name":"Red de Senderos de La Palma","url":"https:\/\/www.senderosdelapalma.es\/","logo":{"@type":"ImageObject","inLanguage":"de","@id":"https:\/\/www.senderosdelapalma.es\/#\/schema\/logo\/image\/","url":"https:\/\/www.senderosdelapalma.es\/wp-content\/uploads\/2015\/06\/cabildo_la_palma-01.png","contentUrl":"https:\/\/www.senderosdelapalma.es\/wp-content\/uploads\/2015\/06\/cabildo_la_palma-01.png","width":3508,"height":2479,"caption":"Red de Senderos de La Palma"},"image":{"@id":"https:\/\/www.senderosdelapalma.es\/#\/schema\/logo\/image\/"},"sameAs":["https:\/\/www.facebook.com\/senderoslapalma","https:\/\/twitter.com\/SenderosdeLaPal","https:\/\/www.instagram.com\/senderosdelapalma\/","https:\/\/www.pinterest.es\/senderoslp\/"]}]}},"_links":{"self":[{"href":"https:\/\/www.senderosdelapalma.es\/de\/wp-json\/wp\/v2\/pages\/18045\/"}],"collection":[{"href":"https:\/\/www.senderosdelapalma.es\/de\/wp-json\/wp\/v2\/pages\/"}],"about":[{"href":"https:\/\/www.senderosdelapalma.es\/de\/wp-json\/wp\/v2\/types\/page\/"}],"author":[{"embeddable":true,"href":"https:\/\/www.senderosdelapalma.es\/de\/wp-json\/wp\/v2\/users\/1\/"}],"replies":[{"embeddable":true,"href":"https:\/\/www.senderosdelapalma.es\/de\/wp-json\/wp\/v2\/comments\/?post=18045"}],"version-history":[{"count":0,"href":"https:\/\/www.senderosdelapalma.es\/de\/wp-json\/wp\/v2\/pages\/18045\/revisions\/"}],"up":[{"embeddable":true,"href":"https:\/\/www.senderosdelapalma.es\/de\/wp-json\/wp\/v2\/pages\/18026\/"}],"wp:attachment":[{"href":"https:\/\/www.senderosdelapalma.es\/de\/wp-json\/wp\/v2\/media\/?parent=18045"}],"curies":[{"name":"wp","href":"https:\/\/api.w.org\/{rel}","templated":true}]}}